{"id":423,"date":"2014-12-17T15:54:36","date_gmt":"2014-12-17T15:54:36","guid":{"rendered":"http:\/\/magdaumer.pl\/home\/?page_id=423"},"modified":"2019-03-19T21:13:33","modified_gmt":"2019-03-19T21:13:33","slug":"plyty-solowe","status":"publish","type":"page","link":"https:\/\/magdaumer.pl\/home\/plyty-ksiazki\/plyty-solowe\/","title":{"rendered":"P\u0142yty solowe"},"content":{"rendered":"<div class='content-column one_half'><p><img loading=\"lazy\" decoding=\"async\" class=\" wp-image-2627 alignnone\" src=\"http:\/\/magdaumer.pl\/home\/wp-content\/uploads\/2017\/12\/Zrzut-ekranu-2017-12-01-o-23.59.15-300x272.png\" alt=\"\" width=\"300\" height=\"272\" srcset=\"https:\/\/magdaumer.pl\/home\/wp-content\/uploads\/2017\/12\/Zrzut-ekranu-2017-12-01-o-23.59.15-300x272.png 300w, https:\/\/magdaumer.pl\/home\/wp-content\/uploads\/2017\/12\/Zrzut-ekranu-2017-12-01-o-23.59.15-768x697.png 768w, https:\/\/magdaumer.pl\/home\/wp-content\/uploads\/2017\/12\/Zrzut-ekranu-2017-12-01-o-23.59.15.png 978w\" sizes=\"auto, (max-width: 300px) 100vw, 300px\" \/><\/p>\n<p align=\"left\">22 grudnia 2016 roku, w Narodowym Forum Muzyki<br \/>\nimienia Witolda Lutos\u0142awskiego, we Wroc\u0142awiu,<br \/>\nodby\u0142 si\u0119 \u015awi\u0105teczny Koncert Bo\u017conarodzeniowy,<br \/>\nw wykonaniu Magdy Umer, Akademii Orkiestrowej<br \/>\ni ch\u00f3ru ch\u0142opi\u0119cego, pod dyrekcj\u0105 Andrzeja Kosendiaka.<br \/>\nWszystkie kol\u0119dy zaaran\u017cowa\u0142 i zagra\u0142<br \/>\nna fortepianie Wojciech Borkowski.<\/p><\/div>\n<div class='content-column one_half last_column'><p><a name=\"wciazsienacosczeka\"><\/a><span style=\"color: #008000;\"><b>KOL\u0118DY<\/b><\/span><br \/>\n<span style=\"color: #000000;\"><i>Mystic Production, 2017 (CD)\u00a0<\/i><\/span><\/p>\n<p><strong>1. Zapowied\u017a<br \/>\n2. Na Go\u015bci\u0144cu Egiptowym<br \/>\n3. Zapowied\u017a<br \/>\n<\/strong><strong>4. Kol\u0119da Dla Nieobecnych<br \/>\n5. Zapowied\u017a<\/strong><br \/>\n<strong>6. Bardzo Smutna Kol\u0119da<br \/>\n7. Zapowied\u017a<\/strong><br \/>\n<strong>8. Oj Malu\u015bki, Malu\u015bki<br \/>\n9. Zapowied\u017a<\/strong><br \/>\n<strong>10. My Te\u017c Pastuszkowie<br \/>\n11. Zapowied\u017a<\/strong><br \/>\n<strong>12. Kol\u0119da Dla T\u0119czowego Boga<br \/>\n13. Zapowied\u017a<\/strong><br \/>\n<strong>14. Szara Kol\u0119da<br \/>\n15. Zapowied\u017a<\/strong><br \/>\n<strong>16. Na Ca\u0142ej Po\u0142aci \u015anieg<br \/>\n17. Zapowied\u017a<\/strong><br \/>\n<strong>18. Zimy \u017bal<\/strong><\/p><\/div><div class='clear_column'><\/div>\n<div class='content-column one_half'><p><img loading=\"lazy\" decoding=\"async\" class=\"\" src=\"http:\/\/magdaumer.pl\/home\/wp-content\/uploads\/2019\/03\/bursztynowa-kolekcja-empik-the-very-best-of-magda-umer-w-iext51870384.jpg\" alt=\"Obrazek posiada pusty atrybut alt; plik o nazwie bursztynowa-kolekcja-empik-the-very-best-of-magda-umer-w-iext51870384.jpg\" width=\"300\" height=\"256\" \/><\/p><\/div>\n<div class='content-column one_half last_column'><p><a name=\"wciazsienacosczeka\"><\/a><span style=\"color: #008000;\"><b>Bursztynowa kolekcja empik:<br \/>\nTHE VERY BEST OF MAGDA UMER<\/b><\/span><\/p>\n<p><em>MTJ<\/em><i style=\"color: #000000;\"> , 2017 (CD)\u00a0<\/i><\/p>\n<ol>\n<li><strong>Czas rozpali\u0107 piec<\/strong><br \/>\ns\u0142owa Jan wo\u0142ek<br \/>\nmuzyka W\u0142odzimierz Nahorny<\/li>\n<li><strong>Czas na ob\u0142oki i las<\/strong><br \/>\ns\u0142owa Magda Czapi\u0144ska<br \/>\nmuzyka Witold Cis\u0142o<\/li>\n<li><strong>Luna srebrnooka<\/strong><br \/>\ns\u0142owa Agnieszka Osiecka<br \/>\nmuzyka Seweryn Krajewski<\/li>\n<li><strong>Mi\u0142o\u015b\u0107 w Portofino<\/strong><br \/>\ns\u0142owa Agnieszka Osiecka<br \/>\nmuzyka Matteo Chiosso<\/li>\n<li><strong>Oczy tej ma\u0142ej<\/strong><br \/>\ns\u0142owa Agnieszka Osiecka<br \/>\nmuzyka Zygmunt Konieczny<\/li>\n<li><strong>Ptaki smutku<\/strong><br \/>\ns\u0142owa Magda Czapi\u0144ska<br \/>\nmuzyka Janusz Strobel<\/li>\n<li><strong>Pa! \u2013 role<\/strong><br \/>\ns\u0142owa Andrzej Poniedzielski<br \/>\nmuzyka Giovanni Ferrio<\/li>\n<li><strong>Osobno<\/strong><br \/>\ns\u0142owa Magda Umer<br \/>\nmuzyka Seweryn Krajewski<\/li>\n<li><strong>Szkoda r\u00f3\u017c<\/strong><br \/>\ns\u0142owa Jonasz Kofta<br \/>\nmuzyka Micha\u0142 Lorenc<\/li>\n<li><strong>O niebieskim pachn\u0105cym groszku<\/strong><br \/>\ns\u0142owa Andrzej Trzebi\u0144ski<br \/>\nmuzyka Wojciech Trzci\u0144ski<\/li>\n<li><strong>S\u0142ynny niebieski prochowiec<\/strong><br \/>\ns\u0142owa i muzyka Leonard Cohen<br \/>\nt\u0142umaczenie Maciej Zembaty<\/li>\n<li><strong>I wci\u0105\u017c si\u0119 na co\u015b czeka<\/strong><br \/>\ns\u0142owa Jerzy Jurandot<br \/>\nmuzyka Franciszka Leszczy\u0144ska<\/li>\n<li><strong>Atramentowa rumba<\/strong><br \/>\ns\u0142owa Marcin Sosnowski<br \/>\nmuzyka Maciej Muraszko<\/li>\n<li><strong>Jak zatrzyma\u0107 chwil\u0119 t\u0119<\/strong><br \/>\ns\u0142owa Jeremi Przybora<br \/>\nmuzyka Jerzy Wasowski<\/li>\n<li><strong>P\u0142achta nieba<\/strong><br \/>\ns\u0142owa i muzyka Anna Patynek, Jacek Osior, Jerzy S\u0142omi\u0144ski, Olga Stopi\u0144ska<br \/>\nmuzyka Grzegorz J\u0119drzejowski<\/li>\n<li><strong>Jeszcze w zielone gramy<\/strong><br \/>\ns\u0142owa Wojciech M\u0142ynarski<br \/>\nmuzyka Jerzy Matuszkiewicz<\/li>\n<li><strong>Ocali\u0107 od zapomnienia<\/strong><br \/>\ns\u0142owa Konstanty Ildefons Ga\u0142czy\u0144ski<br \/>\nmuzyka Marek Grechuta<\/li>\n<li><strong>Pora by si\u0119 rozsta\u0107<\/strong><br \/>\ns\u0142owa i muzyka Wojciech Waglewski<\/li>\n<\/ol><\/div><div class='clear_column'><\/div>\n<div class='content-column one_half'><p><img loading=\"lazy\" decoding=\"async\" class=\"\" src=\"http:\/\/magdaumer.pl\/home\/wp-content\/uploads\/2019\/03\/853197cadb7f0bf1a498fa7fcc83ce07_XL.jpg\" alt=\"Obrazek posiada pusty atrybut alt; plik o nazwie 853197cadb7f0bf1a498fa7fcc83ce07_XL.jpg\" width=\"300\" height=\"265\" \/><\/p>\n<p align=\"left\"><\/div>\n<div class='content-column one_half last_column'><p><a name=\"wciazsienacosczeka\"><\/a><span style=\"color: #008000;\"><b>BEZSENNA NOC<\/b><\/span><br \/>\n<span style=\"color: #000000;\"><i>Agora , 2016 (CD)\u00a0<\/i><\/span><\/p>\n<ol>\n<li><b>Ju\u017c nie zapomnisz mnie<br \/>\n<\/b>s\u0142owa Ludwik Starski<br \/>\nmuzyka Henryk Wars<\/li>\n<li><b>Bezsenna noc<br \/>\n<\/b>s\u0142owa Marian Hemar<br \/>\nmuzyka G. Cioffi<\/li>\n<li><b>Jak to dziewczyna<br \/>\n<\/b>s\u0142owa Andrzej Bianusz<br \/>\nmuzyka Stefan Rembowski<\/li>\n<li><b>Jaki \u015bmieszny jeste\u015b pod oknem<br \/>\n<\/b>s\u0142owa Wincenty Faber<br \/>\nmuzyka Zygmunt Konieczny<\/li>\n<li><b>Szeptem<br \/>\n<\/b>s\u0142owa Jacek Korczakowski<br \/>\nmuzyka Jerzy Abratowski<\/li>\n<li><b>La valse du mal<br \/>\n<\/b>s\u0142owa Wojciech M\u0142ynarski<br \/>\nmuzyka Jerzy Dudu\u015b Matuszkiewicz<\/li>\n<li><b>Uciekaj, moje serce<br \/>\n<\/b>s\u0142owa Agnieszka Osiecka<br \/>\nmuzyka Seweryn Krajewski<\/li>\n<li><b>Nikt, tylko ty<br \/>\n<\/b>s\u0142owa Marian Hemar<br \/>\nmuzyka Pat Johnson, Sam Coslov<\/li>\n<li><b>Pejza\u017c bez ciebie<br \/>\n<\/b>s\u0142owa Jeremi Przybora<br \/>\nmuzyka Jerzy Wasowski<\/li>\n<li><b>Co si\u0119 z tym sta\u0142o<br \/>\n<\/b>s\u0142owa i muzyka Marian Hemar<\/li>\n<li><b>Pokoik na Ho\u017cej<br \/>\n<\/b>s\u0142owa Julian Tuwim<br \/>\nmuzyka W\u0142adys\u0142aw Dan Dani\u0142owski<\/li>\n<li><b>Martwe li\u015bcie<br \/>\n<\/b>s\u0142owa polskie Jeremi Przybora (Jacques Prevert)<br \/>\nmuzyka Joseph Kosma<\/li>\n<li><b>Cz\u0142owiek, kt\u00f3rego kocham<br \/>\n<\/b>s\u0142owa Marian Hemar<br \/>\nmuzyka George Gershwin<\/li>\n<li><b>Odmienia wszystko czas<br \/>\n<\/b>s\u0142owa polskie Wojciech M\u0142ynarski (Herman Hupfeld)<br \/>\nmuzyka Max Steiner<\/li>\n<li><b>O, \u015bnie<br \/>\n<\/b>s\u0142owa Jeremi Przybora<br \/>\nmuzyka Jerzy Wasowski<\/li>\n<\/ol><\/div><div class='clear_column'><\/div>\n<div class='content-column one_half'><p><img loading=\"lazy\" decoding=\"async\" class=\"alignleft size-medium wp-image-1445\" src=\"http:\/\/magdaumer.pl\/home\/wp-content\/uploads\/2014\/12\/duety-tak-mlodo-jak-teraz-b-iext30445311-2-300x268.jpg\" alt=\"\" width=\"300\" height=\"268\" srcset=\"https:\/\/magdaumer.pl\/home\/wp-content\/uploads\/2014\/12\/duety-tak-mlodo-jak-teraz-b-iext30445311-2-300x268.jpg 300w, https:\/\/magdaumer.pl\/home\/wp-content\/uploads\/2014\/12\/duety-tak-mlodo-jak-teraz-b-iext30445311-2-1024x916.jpg 1024w, https:\/\/magdaumer.pl\/home\/wp-content\/uploads\/2014\/12\/duety-tak-mlodo-jak-teraz-b-iext30445311-2.jpg 1150w\" sizes=\"auto, (max-width: 300px) 100vw, 300px\" \/><\/p>\n<p align=\"left\">\n<p align=\"left\">\n<p align=\"left\">\n<p align=\"left\">\n<p align=\"left\">\n<p align=\"left\">\n<p align=\"left\">\n<p align=\"left\">\n<p align=\"left\">\n<p align=\"left\">\n<p align=\"left\">\n<p align=\"left\"><\/div>\n<div class='content-column one_half last_column'><p><a name=\"wciazsienacosczeka\"><\/a><span style=\"color: #008000;\"><b>DUETY. TAK M\u0141ODO JAK TERAZ<\/b><\/span><br \/>\n<span style=\"color: #000000;\"><i>MTJ , 2015 (CD)\u00a0<\/i><\/span><\/p>\n<p><b>1. To ostatnia niedziela\u00a0<\/b>z Piotrem Fronczewskim<br \/>\n<b>2.\u00a0Sama chcia\u0142a\u00a0<\/b>z Krystyn\u0105 Jand\u0105<br \/>\n<b>3.\u00a0W \u017c\u00f3\u0142tych p\u0142omieniach li\u015bci\u00a0<\/b>ze Stanis\u0142awem Soyk\u0105<br \/>\n<b>4.\u00a0Co za tym pag\u00f3rkiem <\/b>z\u00a0Grzegorzem Turnauem<br \/>\n<b>5.\u00a0Dwa serduszka, cztery oczy <\/b>z Ann\u0105 Mari\u0105 Jopek<br \/>\n<b>6.\u00a0Tak m\u0142odo jak teraz <\/b>z Piotrem Machalic\u0105<br \/>\n<b>7.\u00a0Czas rozpali\u0107 piec <\/b>z Januszem Stroblem<br \/>\n<b>8.\u00a0Pora by si\u0119 rozsta\u0107 <\/b>z Wojciechem Waglewskim<br \/>\n<b>9.\u00a0Pa! &#8211; role <\/b>z Januszem Gajosem<br \/>\n<b>10.\u00a0Rzu\u0107 chu\u0107 <\/b>z Maciejem Stuhrem<br \/>\n<b>11.\u00a0Samoko\u0142ysanka B\u0105cza<\/b> z Arturem Andrusem<br \/>\n<b>12.\u00a0Czas na ob\u0142oki i las<\/b> z CZASEM<br \/>\n<b>13.\u00a0List nieortograficzny <\/b>z Jeremim Przybor\u0105<br \/>\n<b>14. Na ca\u0142ej po\u0142aci \u015bnieg <\/b>z Wojciechem Mannem<br \/>\n<b>15. P\u0142achta nieba <\/b>z\u00a0Jackiem Kleyffem<\/p><\/div><div class='clear_column'><\/div>\n<div class='content-column one_half'><p align=\"left\"><img loading=\"lazy\" decoding=\"async\" class=\"alignleft size-medium wp-image-2537\" src=\"http:\/\/magdaumer.pl\/home\/wp-content\/uploads\/2014\/12\/Zrzut-ekranu-2016-04-08-o-00.52.31-300x300.png\" alt=\"\" width=\"300\" height=\"300\" srcset=\"https:\/\/magdaumer.pl\/home\/wp-content\/uploads\/2014\/12\/Zrzut-ekranu-2016-04-08-o-00.52.31-300x300.png 300w, https:\/\/magdaumer.pl\/home\/wp-content\/uploads\/2014\/12\/Zrzut-ekranu-2016-04-08-o-00.52.31-150x150.png 150w, https:\/\/magdaumer.pl\/home\/wp-content\/uploads\/2014\/12\/Zrzut-ekranu-2016-04-08-o-00.52.31.png 984w\" sizes=\"auto, (max-width: 300px) 100vw, 300px\" \/><\/p>\n<p align=\"left\">\n<p align=\"left\">\n<p align=\"left\">\n<p align=\"left\">\n<p align=\"left\">\n<p align=\"left\">\n<p align=\"left\">\n<p align=\"left\">\n<p align=\"left\">\n<p align=\"left\">\n<p align=\"left\"><\/div>\n<div class='content-column one_half last_column'><p><a name=\"wciazsienacosczeka\"><\/a><span style=\"color: #008000;\"><b>WCI\u0104\u017b SI\u0118 NA CO\u015a CZEKA.<br \/>\nKONCERT W TEATRZE POLONIA.<\/b><\/span><br \/>\n<span style=\"color: #000000;\"><i>MTJ , 2013 (CD)\u00a0<\/i><\/span><\/p>\n<div><strong>1. I wci\u0105\u017c si\u0119 na co\u015b czeka<\/strong><\/div>\n<div><strong>2. Szkoda r\u00f3\u017c<\/strong><\/div>\n<div><strong>3. Luna srebrnooka<\/strong><\/div>\n<div><strong>4. Noce i dnie<\/strong><\/div>\n<div><strong>5. Portofino<\/strong><\/div>\n<div><strong>6. Ach Panie, Panowie<\/strong><\/div>\n<div><strong>7. Deszcz<\/strong><\/div>\n<div><strong>8. Pogoda na szcz\u0119\u015bcie<\/strong><\/div>\n<div><strong>9. Zmierzch<\/strong><\/div>\n<div><strong>10. Nie oczekuj\u0119 dzi\u015b nikogo<\/strong><\/div>\n<div><strong>11. Jasniej<\/strong><\/div>\n<div><strong>12. I ci\u0105gle dal<\/strong><\/div>\n<div><strong>13. Atramentowa rumba<\/strong><\/div>\n<div><strong>14. Czasami tak si\u0119 zdarza<\/strong><\/div>\n<div><strong>15. Osobno<\/strong><\/div>\n<div><strong>16. Tylko mi\u0142o\u015b\u0107<\/strong><\/div>\n<div><strong>17. S\u0142ynny niebieski prochowiec<\/strong><\/div>\n<div><strong>18. Ptaki smutku<\/strong><\/div>\n<div><strong>19. O niebieskim pachn\u0105cym groszku<\/strong><\/div>\n<div><strong>20. Oczy tej ma\u0142ej<\/strong><\/div>\n<div><strong>21. Ju\u017c szumi\u0105 kasztany<\/strong><\/div>\n<div><strong>22. Zimny \u017cal<\/strong><\/div>\n<div><strong>23. Na ca\u0142ej po\u0142aci \u015bnieg<\/strong><\/div>\n<div><strong>24. P\u0142achta nieba<\/strong><\/div>\n<div><strong>25. Jeszcze w zielone gramy<\/strong><\/div>\n<div><\/div>\n<div><\/div><\/div><div class='clear_column'><\/div>\n<div class='content-column one_half'><p><a href=\"http:\/\/magdaumer.pl\/home\/wp-content\/uploads\/2014\/12\/wciazsienacosczeka.jpg\" data-rel=\"lightbox-image-0\" data-rl_title=\"\" data-rl_caption=\"\" title=\"\"><img loading=\"lazy\" decoding=\"async\" class=\"alignleft wp-image-491 size-medium\" src=\"http:\/\/magdaumer.pl\/home\/wp-content\/uploads\/2014\/12\/wciazsienacosczeka-300x300.jpg\" alt=\"wciazsienacosczeka\" width=\"300\" height=\"300\" srcset=\"https:\/\/magdaumer.pl\/home\/wp-content\/uploads\/2014\/12\/wciazsienacosczeka-300x300.jpg 300w, https:\/\/magdaumer.pl\/home\/wp-content\/uploads\/2014\/12\/wciazsienacosczeka-150x150.jpg 150w, https:\/\/magdaumer.pl\/home\/wp-content\/uploads\/2014\/12\/wciazsienacosczeka.jpg 500w\" sizes=\"auto, (max-width: 300px) 100vw, 300px\" \/><\/a><\/p>\n<p align=\"left\"><\/div>\n<div class='content-column one_half last_column'><p><a name=\"wciazsienacosczeka\"><\/a><span style=\"color: #008000;\"><b>WCI\u0104\u017b SI\u0118 NA CO\u015a CZEKA <\/b> <\/span><br \/>\n<span style=\"color: #000000;\"><i> MTJ , 2012 (CD) <\/i><\/span><\/p>\n<p><b>1. I wci\u0105\u017c si\u0119 na co\u015b czeka <\/b><br \/>\ns\u0142owa Jerzy Jurandot,<br \/>\nmuzyka Franciszka Leszczy\u0144ska<br \/>\n<b>2. Pogoda na szcz\u0119\u015bcie<\/b><br \/>\ns\u0142owa Agnieszka Osiecka,<br \/>\nmuzyka Seweryn Krajewski<br \/>\n<b>3. Deszcz (I tak si\u0119 trudno rozsta\u0107)<\/b><br \/>\ns\u0142owa Konstanty Ildefons Ga\u0142czy\u0144ski,<br \/>\nmuzyka W\u0142adys\u0142aw Szpilman<br \/>\n<b>4. Zmierzch <\/b><br \/>\ns\u0142owa Jeremi Przybora,<br \/>\nmuzyka Jerzy Wasowski<br \/>\n<b>5. Ja\u015bniej<\/b><br \/>\ns\u0142owa Magda Umer,<br \/>\nmuzyka Pawe\u0142 Stankiewicz<br \/>\n<b>6. Nie oczekuje dzi\u015b nikogo<\/b><br \/>\ns\u0142owa Zbigniew Zapert i Zbigniew Kaszkur,<br \/>\nmuzyka Witold Lutos\u0142awski<br \/>\n<b>7. I ci\u0105gle dal<\/b><br \/>\ns\u0142owa Edward Stachura,<br \/>\nmuzyka Jerzy Satanowski<br \/>\n<b>8. Atramentowa rumba<\/b><br \/>\ns\u0142owa Marcin Sosnowski,<br \/>\nmuzyka Maciej Muraszko<br \/>\n<b>9. Czasem tak si\u0119 zdarza<\/b><br \/>\ns\u0142owa Andrzej Poniedzielski,<br \/>\nmuzyka Wojciech Borkowski<br \/>\n<b>10. Osobno<\/b><br \/>\ns\u0142owa Magda Umer,<br \/>\nmuzyka Seweryn Krajewski<br \/>\n<b>11. Tylko mi\u0142o\u015b\u0107<\/b><br \/>\ns\u0142owa Magda Czapi\u0144ska,<br \/>\nmuzyka Witek Cis\u0142o<br \/>\n<b>12. S\u0142ynny niebieski prochowiec<\/b><br \/>\ns\u0142owa i muzyka Leonard Cohen,<br \/>\ns\u0142owa polskie Maciej Zembaty<br \/>\n<b>13. Ptaki smutku <\/b><br \/>\ns\u0142owa Magda Czapi\u0144ska,<br \/>\nmuzyka Janusz Strobel<br \/>\n<b>14. Na ca\u0142ej po\u0142aci \u015bnieg<\/b><br \/>\ns\u0142owa Jeremi Przybora,<br \/>\nmuzyka Jerzy Wasowski<br \/>\n<b>15. P\u0142achta nieba<\/b><br \/>\ns\u0142owa i muzyka Jacek Kleyff<\/p><\/div><div class='clear_column'><\/div>\n<div class='content-column one_half'><p><a href=\"http:\/\/magdaumer.pl\/home\/wp-content\/uploads\/2014\/12\/noceisny.jpg\" data-rel=\"lightbox-image-1\" data-rl_title=\"\" data-rl_caption=\"\" title=\"\"><img loading=\"lazy\" decoding=\"async\" class=\"alignleft size-medium wp-image-518\" src=\"http:\/\/magdaumer.pl\/home\/wp-content\/uploads\/2014\/12\/noceisny-300x270.jpg\" alt=\"noceisny\" width=\"300\" height=\"270\" srcset=\"https:\/\/magdaumer.pl\/home\/wp-content\/uploads\/2014\/12\/noceisny-300x270.jpg 300w, https:\/\/magdaumer.pl\/home\/wp-content\/uploads\/2014\/12\/noceisny.jpg 455w\" sizes=\"auto, (max-width: 300px) 100vw, 300px\" \/><\/a><\/p><\/div>\n<div class='content-column one_half last_column'><p><a name=\"noceisny\"><\/a><span style=\"color: #008000;\"><b>NOCE I SNY <\/b> <\/span><br \/>\n<span style=\"color: #000000;\"><i> MTJ , 2010 (CD) <\/i><\/span><\/p>\n<p><b>1. Walc Barbary z filmu \u201eNoce i Dnie\u201d <\/b><br \/>\ns\u0142owa Agnieszka Osiecka,<br \/>\nmuzyka Waldemar Kazanecki<br \/>\n<b>2. Mi\u0142o\u015b\u0107 do panny przedwojennej<\/b><br \/>\ns\u0142owa Jeremi Przybora,<br \/>\nmuzyka Adam S\u0142awi\u0144ski<br \/>\n<b>3. Luna srebrnooka<\/b><br \/>\ns\u0142owa Agnieszka Osiecka,<br \/>\nmuzyka Seweryn Krajewski<br \/>\n<b>4. Ach Panie, Panowie <\/b><br \/>\ns\u0142owa Agnieszka Osiecka,<br \/>\nmuzyka Bu\u0142at Okud\u017cawa<br \/>\n<b>5. O mi\u0142o\u015b\u0107<\/b><br \/>\ns\u0142owa Andrzej Poniedzielski,<br \/>\nmuzyka Jerzy Satanowski<br \/>\n<b>6. Szkoda r\u00f3\u017c<\/b><br \/>\ns\u0142owa Jonasz Kofta,<br \/>\nmuzyka Juliusz Loranc<br \/>\n<b>7. \u017bycie nie stawia pyta\u0144 (Po tamtej stronie lady)<\/b><br \/>\ns\u0142owa Agnieszka Osiecka,<br \/>\nmuzyka Seweryn Krajewski<br \/>\n<b>8. Jak zatrzyma\u0107 t\u0119 chwil\u0119<\/b><br \/>\ns\u0142owa Jeremi Przybora,<br \/>\nmuzyka Jerzy Wasowski<br \/>\n<b>9. Artysty smutny walc<\/b><br \/>\ns\u0142owa Wojciech M\u0142ynarski,<br \/>\nmuzyka Wojciech Borkowski<br \/>\n<b>10. Ko\u0142ysanka dla babci<\/b><br \/>\ns\u0142owa Agnieszka Osiecka,<br \/>\nmuzyka Ewa Kornecka<br \/>\n<b>11. Ju\u017c nigdy<\/b><br \/>\ns\u0142owa Andrzej W\u0142ast,<br \/>\nmuzyka Jerzy Petersburski<br \/>\n<b>12. \u015anie, kt\u00f3ry uczysz umiera\u0107 cz\u0142owieka <\/b><br \/>\ns\u0142owa Jan Kochanowski,<br \/>\nmuzyka Marek Grechuta<br \/>\n<b>13. Ocali\u0107 od zapomnienia <\/b><br \/>\ns\u0142owa Konstanty Ildefons Ga\u0142czy\u0144ski,<br \/>\nmuzyka Marek Grechuta<br \/>\n<b>14. Wszystko dla twej mi\u0142o\u015bci<\/b><br \/>\ns\u0142owa Marek Grechuta,<br \/>\nmuzyka Marek Grechuta<br \/>\n<b>15. Mi\u0142o\u015b\u0107 w Portofino<\/b><br \/>\ns\u0142owa Agnieszka Osiecka,<br \/>\nmuzyka Fred Buscaglione<br \/>\n<b>16. Najcichszy tekst<\/b><br \/>\ns\u0142owa Jeremi Przybora,<br \/>\nmuzyka Michel Legrand<br \/>\n<b>17. Ko\u0142ysanka z filmu &#8222;Rosemary&#8217;s baby&#8221;<\/b><br \/>\nmuzyka Krzysztof Komeda Trzci\u0144ski<\/p><\/div><div class='clear_column'><\/div>\n<div class='content-column one_half'><p><a href=\"http:\/\/magdaumer.pl\/home\/wp-content\/uploads\/2014\/12\/wydawnictwo.jpg\" data-rel=\"lightbox-image-2\" data-rl_title=\"\" data-rl_caption=\"\" title=\"\"><img loading=\"lazy\" decoding=\"async\" class=\"alignleft size-medium wp-image-493\" src=\"http:\/\/magdaumer.pl\/home\/wp-content\/uploads\/2014\/12\/wydawnictwo-173x300.jpg\" alt=\"wydawnictwo\" width=\"173\" height=\"300\" srcset=\"https:\/\/magdaumer.pl\/home\/wp-content\/uploads\/2014\/12\/wydawnictwo-173x300.jpg 173w, https:\/\/magdaumer.pl\/home\/wp-content\/uploads\/2014\/12\/wydawnictwo.jpg 404w\" sizes=\"auto, (max-width: 173px) 100vw, 173px\" \/><\/a><\/p><\/div>\n<div class='content-column one_half last_column'><p><a name=\"wwarszawskiejpolonii\"><\/a><\/p>\n<p align=\"left\"><span style=\"color: #008000;\"><b> MAGDA UMER W WARSZAWSKIEJ POLONII <\/b> <\/span><br \/>\n<span style=\"color: #000000;\"><i> AGORA SA , 2009 (CD) <\/i><\/span><\/p>\n<p><a name=\"wwarszawskiejpolonii\"><\/a><\/p>\n<p align=\"left\"><span style=\"color: #000000;\"> <b>1. Przywitanie<br \/>\n2. Je\u015bli my\u015blisz<\/b><br \/>\ns\u0142owa Andrzej Woyciechowski,<br \/>\nmuzyka Krzysztof Knittel<br \/>\n<b>3. Ju\u017c szumi\u0105 kasztany <\/b><br \/>\ns\u0142owa Andrzej Woyciechowski,<br \/>\nmuzyka Krzysztof Knittel<br \/>\n<b>4. Twoje w\u0142osy<\/b><br \/>\ns\u0142owa Andrzej Woyciechowski,<br \/>\nmuzyka Krzysztof Knittel<br \/>\n<b>5. O niebieskim, pachn\u0105cym groszku<\/b><br \/>\ns\u0142owa Andrzej Trzebi\u0144ski,<br \/>\nmuzyka Wojciech Trzci\u0144ski<br \/>\n<b>6. Okularnicy<\/b><br \/>\ns\u0142owa Agnieszka Osiecka,<br \/>\nmuzyka Jaros\u0142aw Abramow<br \/>\n<b>7. Widzisz ma\u0142a<\/b><br \/>\ns\u0142owa Agnieszka Osiecka,<br \/>\nmuzyka Jaros\u0142aw Abramow<br \/>\n<b>8. Miasteczko Be\u0142z &#8211; po wojnie<\/b><br \/>\ns\u0142owa Agnieszka Osiecka,<br \/>\nmuzyka tradycyjna<br \/>\n<b>9. Tak jak malowa\u0142 Pan Chagall<\/b><br \/>\ns\u0142owa Wojciech M\u0142ynarski,<br \/>\nmuzyka Leopold Koz\u0142owski<br \/>\n<b>10. Szpetni czterdziestoletni<\/b><br \/>\ns\u0142owa Agnieszka Osiecka,<br \/>\nmuzyka Seweryn Krajewski<br \/>\n<b>11. Oczy tej ma\u0142ej<\/b><br \/>\ns\u0142owa Agnieszka Osiecka,<br \/>\nmuzyka Zygmunt Konieczny<br \/>\n<b>12. Je\u017celi mi\u0142o\u015b\u0107 jest<\/b><br \/>\ns\u0142owa Agnieszka Osiecka,<br \/>\nmuzyka Janusz Bogacki<br \/>\n<b>13. O, Romeo<\/b><br \/>\ns\u0142owa Jeremi Przybora,<br \/>\nmuzyka Jerzy Wasowski<br \/>\n<b>14. Stacyjka Zdr\u00f3j<\/b><br \/>\ns\u0142owa Jeremi Przybora,<br \/>\nmuzyka Jerzy Wasowski<br \/>\n<b>15. Mi\u0142o\u015b\u0107 do panny przedwojennej<\/b><br \/>\ns\u0142owa Jeremi Przybora,<br \/>\nmuzyka Adam S\u0142awi\u0144ski<br \/>\n<b>16. Jeszcze poczekajmy<\/b><br \/>\ns\u0142owa Bronis\u0142aw Mrok,<br \/>\nmuzyka Jerzy Wasowski<br \/>\n<b>17. Zimny \u017cal<\/b><br \/>\ns\u0142owa Jeremi Przybora,<br \/>\nmuzyka Jerzy Wasowski<br \/>\n<b>18. Koniugacja<\/b><br \/>\ns\u0142owa Halina Po\u015bwiatowska,<br \/>\nmuzyka Andrzej Kurylewicz<br \/>\n<b>19. Ju\u017c czas na sen<\/b><br \/>\ns\u0142owa Jeremi Przybora,<br \/>\nmuzyka Jerzy Wasowski<br \/>\n<b>20. Jeszcze w zielone gramy<\/b><br \/>\ns\u0142owa Wojciech M\u0142ynarski,<br \/>\nmuzyka Jerzy Matuszkiewicz<br \/>\n<b>21. Martwe li\u015bcie <\/b><br \/>\ns\u0142owa Jeremi Przybora,<br \/>\nmuzyka Joseph Kosma<br \/>\n<b>22. \u017bycie to nie teatr (fragment a capella)<\/b><br \/>\ns\u0142owa Edward Stachura,<br \/>\nmuzyka Jerzy Satanowski<br \/>\n<b>23. La valse du mal<\/b><br \/>\ns\u0142owa Wojciech M\u0142ynarski,<br \/>\nmuzyka Jerzy Matuszkiewicz<\/span><\/p>\n<p><a name=\"wwarszawskiejpolonii\"><\/a><\/p><\/div><div class='clear_column'><\/div>\n<div class='content-column one_half'><p><a href=\"http:\/\/magdaumer.pl\/home\/wp-content\/uploads\/2014\/12\/koncertsprzedlat.jpg\" data-rel=\"lightbox-image-3\" data-rl_title=\"\" data-rl_caption=\"\" title=\"\"><img loading=\"lazy\" decoding=\"async\" class=\"alignleft size-medium wp-image-513\" src=\"http:\/\/magdaumer.pl\/home\/wp-content\/uploads\/2014\/12\/koncertsprzedlat-300x267.jpg\" alt=\"koncertsprzedlat\" width=\"300\" height=\"267\" srcset=\"https:\/\/magdaumer.pl\/home\/wp-content\/uploads\/2014\/12\/koncertsprzedlat-300x267.jpg 300w, https:\/\/magdaumer.pl\/home\/wp-content\/uploads\/2014\/12\/koncertsprzedlat.jpg 460w\" sizes=\"auto, (max-width: 300px) 100vw, 300px\" \/><\/a> <a href=\"http:\/\/magdaumer.pl\/home\/wp-content\/uploads\/2014\/12\/koncert.jpg\" data-rel=\"lightbox-image-4\" data-rl_title=\"\" data-rl_caption=\"\" title=\"\"><img loading=\"lazy\" decoding=\"async\" class=\"alignleft size-medium wp-image-511\" src=\"http:\/\/magdaumer.pl\/home\/wp-content\/uploads\/2014\/12\/koncert-189x300.jpg\" alt=\"koncert\" width=\"189\" height=\"300\" srcset=\"https:\/\/magdaumer.pl\/home\/wp-content\/uploads\/2014\/12\/koncert-189x300.jpg 189w, https:\/\/magdaumer.pl\/home\/wp-content\/uploads\/2014\/12\/koncert.jpg 378w\" sizes=\"auto, (max-width: 189px) 100vw, 189px\" \/><\/a><\/p><\/div>\n<div class='content-column one_half last_column'><p><a name=\"sprzedlat\"><\/a><\/p>\n<p align=\"left\"><span style=\"color: #008000;\"><b> KONCERT SPRZED LAT <\/b> <\/span><br \/>\n<span style=\"color: #000000;\"><i> Pomaton, 1991 (MC)<br \/>\nEMI Music Poland, 2009 (CD) <\/i><\/span><\/p>\n<p><a name=\"sprzedlat\"><\/a><\/p>\n<p align=\"left\"><span style=\"color: #000000;\"> <b>1. Koncert jesienny na dwa \u015bwierszcze i wiatr w kominie <\/b><br \/>\ns\u0142owa Wojciech Ni\u017cy\u0144ski, muzyka Krzysztof Knittel<br \/>\n<b>2. Zapowied\u017a<\/b><br \/>\n<b>3. Je\u015bli my\u015blisz <\/b><br \/>\ns\u0142owa Andrzej Woyciechowski,<br \/>\nmuzyka Krzysztof Knittel<br \/>\n<b>4. Zapowied\u017a<\/b><br \/>\n<b>5. Ju\u017c szumi\u0105 kasztany <\/b><br \/>\ns\u0142owa Andrzej Woyciechowski,<br \/>\nmuzyka Krzysztof Knittel<br \/>\n<b>6. Zapowied\u017a<\/b><br \/>\n<b>7. Twoje w\u0142osy <\/b><br \/>\ns\u0142owa Andrzej Woyciechowski,<br \/>\nmuzyka Krzysztof Knittel<br \/>\n<b>8. Zapowied\u017a<\/b><br \/>\n<b>9. Na weso\u0142o <\/b><br \/>\ns\u0142owa Agnieszka Osiecka,<br \/>\nmuzyka Seweryn Krajewski<br \/>\n<b>10. Zapowied\u017a<\/b><br \/>\n<b>11. Dawne zabawne <\/b><br \/>\ns\u0142owa Agnieszka Osiecka,<br \/>\nmuzyka W\u0142odzimierz Nahorny<br \/>\n<b>12. Zapowied\u017a<\/b><br \/>\n<b>13. Kiedy mnie ju\u017c nie b\u0119dzie <\/b><br \/>\ns\u0142owa Agnieszka Osiecka,<br \/>\nmuzyka Seweryn Krajewski<br \/>\n<b>14. Zapowied\u017a<\/b><br \/>\n<b>15. Szpetni czterdziestoletni <\/b><br \/>\ns\u0142owa Agnieszka Osiecka,<br \/>\nmuzyka Seweryn Krajewski<br \/>\n<b>16. Zapowied\u017a<\/b><br \/>\n<b>17. Oczy tej ma\u0142ej <\/b><br \/>\ns\u0142owa Agnieszka Osiecka,<br \/>\nmuzyka Zygmnt Konieczny<br \/>\n<b>18. Zapowied\u017a<\/b><br \/>\n<b>19. Jeszcze w zielone gramy <\/b><br \/>\ns\u0142owa Wojciech M\u0142ynarski,<br \/>\nmuzyka Jerzy Matuszkiewicz<br \/>\n<b>20. Zapowied\u017a<\/b><br \/>\n<b>21. Ju\u017c czas na sen <\/b><br \/>\ns\u0142owa Jeremi Przybora,<br \/>\nmuzyka Jerzy Wasowski<br \/>\n<b>22. Zapowied\u017a<\/b><br \/>\n<b>23. Miasteczko Be\u0142z &#8211; dwadzie\u015bcia lat po wojnie <\/b><br \/>\ns\u0142owa Agnieszka Osiecka,<br \/>\nludowa melodia \u017cydowska<br \/>\n<b>24. Zapowied\u017a<\/b><br \/>\n<b>25. O niebieskim, pachn\u0105cym groszku <\/b><br \/>\ns\u0142owa Andrzej Trzebi\u0144ski,<br \/>\nmuzyka Wojciech Trzci\u0144ski<br \/>\n<b>26. Zapowied\u017a<\/b><br \/>\n<b>27. Koniugacja <\/b><br \/>\ns\u0142owa Halina Po\u015bwiatowska,<br \/>\nmuzyka Andrzej Kurylewicz <\/span><\/p>\n<p><a name=\"sprzedlat\"><\/a><\/p><\/div><div class='clear_column'><\/div>\n<div class='content-column one_half'><p><a href=\"http:\/\/magdaumer.pl\/home\/wp-content\/uploads\/2014\/12\/oniebieskim.jpg\" data-rel=\"lightbox-image-5\" data-rl_title=\"\" data-rl_caption=\"\" title=\"\"><img loading=\"lazy\" decoding=\"async\" class=\"alignleft size-medium wp-image-488\" src=\"http:\/\/magdaumer.pl\/home\/wp-content\/uploads\/2014\/12\/oniebieskim-300x293.jpg\" alt=\"oniebieskim\" width=\"300\" height=\"293\" srcset=\"https:\/\/magdaumer.pl\/home\/wp-content\/uploads\/2014\/12\/oniebieskim-300x293.jpg 300w, https:\/\/magdaumer.pl\/home\/wp-content\/uploads\/2014\/12\/oniebieskim.jpg 320w\" sizes=\"auto, (max-width: 300px) 100vw, 300px\" \/><\/a><\/p><\/div>\n<div class='content-column one_half last_column'><p><a name=\"oniebieskim\"><\/a><\/p>\n<p align=\"left\"><span style=\"color: #008000;\"> Z\u0142ota kolekcja<br \/>\n<b>O NIEBIESKIM, PACHN\u0104CYM GROSZKU<\/b> <\/span><br \/>\n<span style=\"color: #000000;\"><i> Pomaton EMI, 1999 (CD)<br \/>\n<\/i><\/span><\/p>\n<p><a name=\"oniebieskim\"><\/a><\/p>\n<p align=\"left\"><span style=\"color: #000000;\"> <b>1. Ja pana z sob\u0105 zabior\u0119 <\/b><br \/>\ns\u0142owa Jeremi Przybora,<br \/>\nmuzyka Jerzy Wasowski<br \/>\n<b>2. Koncert jesienny na dwa \u015bwierszcze i wiatr w kominie <\/b><br \/>\ns\u0142owa Wojciech Ni\u017cy\u0144ski,<br \/>\nmuzyka Krzysztof Knittel<br \/>\n<b>3. Ju\u017c szumi\u0105 kasztany <\/b><br \/>\ns\u0142owa Andrzej Woyciechowski,<br \/>\nmuzyka Krzysztof Knittel<br \/>\n<b>4. Je\u015bli my\u015blisz <\/b><br \/>\nS\u0142owa Andrzej Woyciechowski,<br \/>\nmuzyka Krzysztof Knittel<br \/>\n<b>5. O niebieskim pachn\u0105cym groszku <\/b><br \/>\ns\u0142owa Andrzej Trzebi\u0144ski,<br \/>\nmuzyka Wojciech Trzci\u0144ski<br \/>\n<b>6. Psalm o wodach czystych <\/b><br \/>\ns\u0142owa Tadeusz Nowak,<br \/>\nmuzyka Marek Grechuta<br \/>\n<b>7. Sam na sam <\/b><br \/>\ns\u0142owa Jonasz Kofta,<br \/>\nmuzyka W\u0142odzimierz Nahorny<br \/>\n<b>8. Senne zio\u0142a <\/b><br \/>\ns\u0142owa Magda Czapi\u0144ska,<br \/>\nmuzyka Ryszard Sygitowicz<br \/>\n<b>9. Panienka z temperamentem <\/b><br \/>\ns\u0142owa Jeremi Przybora,<br \/>\nmuzyka Jerzy Wasowski<br \/>\n<b>10. Oczy przezroczyste <\/b><br \/>\ns\u0142owa Jeremi Przybora,<br \/>\nmuzyka Jerzy Wasowski<br \/>\n<b>11. Jeszcze w zielone gramy <\/b><br \/>\ns\u0142owa Wojciech M\u0142ynarski,<br \/>\nmuzyka Jerzy Matuszkiewicz<br \/>\n<b>12. Jeszcze poczekajmy <\/b><br \/>\ns\u0142owa Bronis\u0142aw Mrok,<br \/>\nmuzyka Jerzy Wasowski<br \/>\n<b>13. Wszystko sko\u0144czone <\/b><br \/>\ns\u0142owa Krystyna Woli\u0144ska,<br \/>\nmuzyka B. Scott<br \/>\n<b>14. Na weso\u0142o <\/b><br \/>\ns\u0142owa Agnieszka Osiecka,<br \/>\nmuzyka Seweryn Krajewski<br \/>\n<b>15. Dawne, zabawne <\/b><br \/>\ns\u0142owa Agnieszka Osiecka,<br \/>\nmuzyka W\u0142odzimierz Nahorny<br \/>\n<b>16. Kiedy mnie ju\u017c nie b\u0119dzie <\/b><br \/>\ns\u0142owa Agnieszka Osiecka,<br \/>\nmuzyka Seweryn Krajewski<br \/>\n<b>17. Szpetni czterdziestoletni <\/b><br \/>\ns\u0142owa Agnieszka Osiecka,<br \/>\nmuzyka Seweryn Krajewski<br \/>\n<b>18. Na strychu w \u0141omiankach <\/b><br \/>\ns\u0142owa Agnieszka Osiecka,<br \/>\nmuzyka W\u0142odzimierz Nahorny<br \/>\n<b>19. Oczy tej ma\u0142ej <\/b><br \/>\ns\u0142owa Agnieszka Osiecka,<br \/>\nmuzyka Zygmunt Konieczny<br \/>\n<b>20. Miasteczko Be\u0142z po wojnie <\/b><br \/>\ns\u0142owa Agnieszka Osiecka,<br \/>\nludowa melodia \u017cydowska<br \/>\n<b>21. Ucisz serca <\/b><br \/>\ns\u0142owa Agnieszka Osiecka,<br \/>\nmuzyka Zygmunt Konieczny<br \/>\n<b>22. Za kluczem czapli <\/b><br \/>\ns\u0142owa Agnieszka Osiecka,<br \/>\nmuzyka Seweryn Krajewski<br \/>\n<b>23. Koniugacja <\/b><br \/>\ns\u0142owa Halina Po\u015bwiatowska,<br \/>\nmuzyka Andrzej Kurylewicz<br \/>\n<b>24. Naprawd\u0119 nie dzieje si\u0119 nic<\/b><br \/>\ns\u0142owa Micha\u0142 Zab\u0142ocki,<br \/>\nmuzyka Grzegorz Turnau <\/span><\/p>\n<p><a name=\"oniebieskim\"><\/a><\/p><\/div><div class='clear_column'><\/div>\n<div class='content-column one_half'><p><a href=\"http:\/\/magdaumer.pl\/home\/wp-content\/uploads\/2014\/12\/wszystkoskonczone.jpg\" data-rel=\"lightbox-image-6\" data-rl_title=\"\" data-rl_caption=\"\" title=\"\"><img loading=\"lazy\" decoding=\"async\" class=\"alignleft size-medium wp-image-492\" src=\"http:\/\/magdaumer.pl\/home\/wp-content\/uploads\/2014\/12\/wszystkoskonczone-300x300.jpg\" alt=\"wszystkoskonczone\" width=\"300\" height=\"300\" srcset=\"https:\/\/magdaumer.pl\/home\/wp-content\/uploads\/2014\/12\/wszystkoskonczone-300x300.jpg 300w, https:\/\/magdaumer.pl\/home\/wp-content\/uploads\/2014\/12\/wszystkoskonczone-150x150.jpg 150w, https:\/\/magdaumer.pl\/home\/wp-content\/uploads\/2014\/12\/wszystkoskonczone.jpg 452w\" sizes=\"auto, (max-width: 300px) 100vw, 300px\" \/><\/a><\/p><\/div>\n<div class='content-column one_half last_column'><p><a name=\"wszystkoskonczone\"><\/a><\/p>\n<p align=\"left\"><span style=\"color: #008000;\"><b>WSZYSTKO SKO\u0143CZONE<\/b> <\/span><br \/>\n<span style=\"color: #000000;\"><i> Pomaton, 1995 (CD)<br \/>\n<\/i><\/span><\/p>\n<p><a name=\"wszystkoskonczone\"><\/a><\/p>\n<p align=\"left\"><span style=\"color: #000000;\"> <b>1. Jeszcze w zielone gramy <\/b><br \/>\nS\u0142owa Wojciech M\u0142ynarski,<br \/>\nmuzyka Jerzy Matuszkiewicz<br \/>\n<b>2. Jeszcze poczekajmy<\/b><br \/>\ns\u0142owa Bronis\u0142aw Mrok,<br \/>\nmuzyka Jerzy Wasowski<br \/>\n<b>3. Po\u017cegnania <\/b><br \/>\ns\u0142owa Andrzej Czekalski, Ryszard Pluci\u0144ski,<br \/>\nmuzyka Lucjan Kaszycki<br \/>\n<b>4. Wszystko sko\u0144czone<\/b><br \/>\ns\u0142owa Krystyna Woli\u0144ska,<br \/>\nmuzyka B. Scott<br \/>\n<b>5. O, Romeo <\/b><br \/>\ns\u0142owa Jeremi Przybora,<br \/>\nmuzyka Jerzy Wasowski<br \/>\n<b>6. M\u0119\u017cczyzna jesienny <\/b><br \/>\ns\u0142owa Jeremi Przybora,<br \/>\nmuzyka Jerzy Wasowski<br \/>\n<b>7. Ja pana z sob\u0105 zabior\u0119 <\/b><br \/>\ns\u0142owa Jeremi Przybora,<br \/>\nmuzyka Jerzy Wasowski<br \/>\n<b>8. Zimy \u017cal <\/b><br \/>\ns\u0142owa Jeremi Przybora,<br \/>\nmuzyka Jerzy Wasowski<br \/>\n<b>9. Dobranoc <\/b><br \/>\ns\u0142owa Jeremi Przybora,<br \/>\nmuzyka Jerzy Wasowski<br \/>\n<b>10. Oczy tej ma\u0142ej <\/b><br \/>\ns\u0142owa Agnieszka Osiecka,<br \/>\nmuzyka Zygmunt Konieczny<br \/>\n<b>11. Miasteczko Be\u0142z po wojnie <\/b><br \/>\ns\u0142owa Agnieszka Osiecka,<br \/>\nludowa melodia \u017cydowska<br \/>\n<b>12. Ucisz serca <\/b><br \/>\ns\u0142owa Agnieszka Osiecka,<br \/>\nmuzyka Zygmunt Konieczny<br \/>\n<b>13. Koniugacja <\/b><br \/>\ns\u0142owa Halina Po\u015bwiatowska,<br \/>\nmuzyka Andrzej Kurylewicz<br \/>\n<b>14. Naprawd\u0119 nie dzieje si\u0119 nic <\/b><br \/>\ns\u0142owa Micha\u0142 Zab\u0142ocki,<br \/>\nmuzyka Grzegorz Turnau<br \/>\n<b>15. Senne zio\u0142a <\/b><br \/>\ns\u0142owa Magda Czapi\u0144ska,<br \/>\nmuzyka Ryszard Sygitowicz<br \/>\n<b>16. Bardzo smutna kol\u0119da <\/b><br \/>\ns\u0142owa Magda Czapi\u0144ska,<br \/>\nmuzyka Jerzy Derfel<br \/>\n<b>17. We dwoje <\/b><br \/>\ns\u0142owa Agnieszka Osiecka,<br \/>\nmuzyka Seweryn Krajewski<br \/>\n<b>18. Za kluczem czapli<\/b><br \/>\ns\u0142owa Agnieszka Osiecka,<br \/>\nmuzyka Seweryn Krajewski<\/span><\/p>\n<p><a name=\"wszystkoskonczone\"><\/a><\/p><\/div><div class='clear_column'><\/div>\n<div class='content-column one_half'><p><a href=\"http:\/\/magdaumer.pl\/home\/wp-content\/uploads\/2014\/12\/koncertjesienny.jpg\" data-rel=\"lightbox-image-7\" data-rl_title=\"\" data-rl_caption=\"\" title=\"\"><img loading=\"lazy\" decoding=\"async\" class=\"alignleft size-medium wp-image-512\" src=\"http:\/\/magdaumer.pl\/home\/wp-content\/uploads\/2014\/12\/koncertjesienny-300x298.jpg\" alt=\"koncertjesienny\" width=\"300\" height=\"298\" srcset=\"https:\/\/magdaumer.pl\/home\/wp-content\/uploads\/2014\/12\/koncertjesienny-300x298.jpg 300w, https:\/\/magdaumer.pl\/home\/wp-content\/uploads\/2014\/12\/koncertjesienny-150x150.jpg 150w, https:\/\/magdaumer.pl\/home\/wp-content\/uploads\/2014\/12\/koncertjesienny.jpg 320w\" sizes=\"auto, (max-width: 300px) 100vw, 300px\" \/><\/a><\/p>\n<p align=\"left\"><\/div>\n<div class='content-column one_half last_column'><p><a name=\"koncertjesienny\"><\/a><\/p>\n<p align=\"left\"><span style=\"color: #008000;\"><b>KONCERT JESIENNY<\/b> <\/span><br \/>\n<span style=\"color: #000000;\"><i> Pomaton, 1995 (CD)<br \/>\n<\/i><\/span><\/p>\n<p><a name=\"koncertjesienny\"><\/a><\/p>\n<p align=\"left\"><span style=\"color: #000000;\"> <b>1. Koncert jesienny na dwa \u015bwierszcze i wiatr w kominie <\/b><br \/>\ns\u0142owa Wojciech Ni\u017cy\u0144ski,<br \/>\nmuzyka Krzysztof Knittel<br \/>\n<b>2. Znaki <\/b><br \/>\ns\u0142owa Ireneusz Iredy\u0144ski,<br \/>\nmuzyka Janusz Bogacki<br \/>\n<b>3. Ju\u017c szumi\u0105 kasztany <\/b><br \/>\ns\u0142owa Andrzej Woyciechowski,<br \/>\nmuzyka Krzysztof Knittel<br \/>\n<b>4. Jeszcze pi\u0119kniej <\/b><br \/>\ns\u0142owa Andrzej Woyciechowski,<br \/>\nmuzyka Krzysztof Knittel<br \/>\n<b>5. Je\u015bli my\u015blisz <\/b><br \/>\ns\u0142owa Andrzej Woyciechowski,<br \/>\nmuzyka Krzysztof Knittel<br \/>\n<b>6. Popatrz jaki las <\/b><br \/>\ns\u0142owa M. Salicki,<br \/>\nmuzyka Adam S\u0142awi\u0144ski<br \/>\n<b>7. O starych pannach \u0142agodnie <\/b><br \/>\ns\u0142owa Krystyna Zaj\u0105czkowska,<br \/>\nmuzyka Krzysztof Knittel<br \/>\n<b>8. Dawno chyba <\/b><br \/>\ns\u0142owa Maciej Szwed,<br \/>\nmuzyka Krzysztof Knittel<br \/>\n<b>9. Przyszli\u015bmy do siebie z deszczem <\/b><br \/>\ns\u0142owa Wojciech Szperl,<br \/>\nmuzyka W. Ciepli\u0144ski<br \/>\n<b>10. Fazy <\/b><br \/>\ns\u0142owa El\u017cbieta Horbaczewska,<br \/>\nmuzyka Krzysztof Knittel<br \/>\n<b>11. O szewcu zadumanym <\/b><br \/>\ns\u0142owa Tadeusz Gajcy,<br \/>\nmuzyka Wojciech Trzci\u0144ski<br \/>\n<b>12. O niebieskim pachn\u0105cym groszku <\/b><br \/>\ns\u0142owa Andrzej Trzebi\u0144ski,<br \/>\nmuzyka Wojciech Trzci\u0144ski<br \/>\n<b>13. Staw si\u0119 zapl\u0105ta\u0142 <\/b><br \/>\ns\u0142owa Zdzis\u0142aw Stroi\u0144si,<br \/>\nmuzyka Stanis\u0142aw Syrewicz<br \/>\n<b>14. Bessy i jej ko\u0142owrotek <\/b><br \/>\ns\u0142owa Robert Burns,<br \/>\nmuzyka Stanis\u0142aw Syrewicz<br \/>\n<b>15. Str\u00f3j <\/b><br \/>\ns\u0142owa Boles\u0142aw Le\u015bmian,<br \/>\nmuzyka Micha\u0142 Krasicki<br \/>\n<b>16. D\u0105b <\/b><br \/>\ns\u0142owa Boles\u0142aw Le\u015bmian,<br \/>\nmuzyka Wojciech Trzci\u0144ski<br \/>\n<b>17. Ballada bezludna<\/b><br \/>\ns\u0142owa Boles\u0142aw Le\u015bmian,<br \/>\nmuzyka Micha\u0142 Krasicki<\/span><\/p>\n<p><a name=\"koncertjesienny\"><\/a><\/p><\/div><div class='clear_column'><\/div>\n<div class='content-column one_half'><p><a href=\"http:\/\/magdaumer.pl\/home\/wp-content\/uploads\/2014\/12\/gdzietyjestes.jpg\" data-rel=\"lightbox-image-8\" data-rl_title=\"\" data-rl_caption=\"\" title=\"\"><img loading=\"lazy\" decoding=\"async\" class=\"alignleft size-full wp-image-505\" src=\"http:\/\/magdaumer.pl\/home\/wp-content\/uploads\/2014\/12\/gdzietyjestes.jpg\" alt=\"gdzietyjestes\" width=\"300\" height=\"299\" srcset=\"https:\/\/magdaumer.pl\/home\/wp-content\/uploads\/2014\/12\/gdzietyjestes.jpg 300w, https:\/\/magdaumer.pl\/home\/wp-content\/uploads\/2014\/12\/gdzietyjestes-150x150.jpg 150w\" sizes=\"auto, (max-width: 300px) 100vw, 300px\" \/><\/a><\/p><\/div>\n<div class='content-column one_half last_column'><p><a name=\"gdzietyjestes\"><\/a><\/p>\n<p align=\"left\"><span style=\"color: #008000;\"><b>GDZIE TY JESTE\u015a<\/b> <\/span><br \/>\n<span style=\"color: #000000;\"><i> Pomaton, 1995 (CD)<br \/>\n<\/i><\/span><\/p>\n<p><a name=\"gdzietyjestes\"><\/a><\/p>\n<p align=\"left\"><span style=\"color: #000000;\"> <b>1. A jednak wr\u00f3ci\u0142 <\/b><br \/>\ns\u0142owa M. Szary<br \/>\n<b>2. Wiosenne zielenie <\/b><br \/>\ns\u0142owa i muzyka Marek Niedzie\u0142ko<br \/>\n<b>3. Findley <\/b><br \/>\ns\u0142owa Robert Burns,<br \/>\nmuzyka Stanis\u0142aw Syrewicz<br \/>\n<b>4. Py\u0142em ksi\u0119\u017cycowym <\/b><br \/>\ns\u0142owa Konstanty Ildefons Ga\u0142czy\u0144ski,<br \/>\nmuzyka Stanis\u0142aw Syrewicz<br \/>\n<b>5. Mapy s\u0105 nam niepotrzebne <\/b><br \/>\ns\u0142owa Ireneusz Iredy\u0144ski,<br \/>\nmuzyka Jerzy Derfel<br \/>\n<b>6. Spok\u00f3j wieczoru <\/b><br \/>\ns\u0142owa Ireneusz Iredy\u0144ski,<br \/>\nmuzyka Jerzy Derfel<br \/>\n<b>7. Wyczerpa\u0142am zas\u00f3b sn\u00f3w <\/b><br \/>\ns\u0142owa Ireneusz Iredy\u0144ski,<br \/>\nmuzyka Jerzy Derfel<br \/>\n<b>8. Nie wyjedziemy ju\u017c w ogrody <\/b><br \/>\ns\u0142owa Ireneusz Iredy\u0144ski,<br \/>\nmuzyka Alina Piechowska<br \/>\n<b>9. Nie ma nas <\/b><br \/>\ns\u0142owa i muzyka Leszek D\u0142ugosz<br \/>\n<b>10. Sam na sam <\/b><br \/>\ns\u0142owa Jonasz Kofta,<br \/>\nmuzyka W\u0142odzimierz Nahorny<br \/>\n<b>11. C\u00f3\u017c cie\u0144 si\u0119 k\u0142adzie <\/b><br \/>\ns\u0142owa Waldemar Chyli\u0144ski,<br \/>\nmuzyka El\u017cbieta Adamiak<br \/>\n<b>12. Jesienna zaduma <\/b><br \/>\ns\u0142owa Jerzy Harasymowicz,<br \/>\nmuzyka El\u017cbieta Adamiak<br \/>\n<b>13. \u0141\u0105ka <\/b><br \/>\ns\u0142owa Boles\u0142aw Le\u015bmian,<br \/>\nmuzyka Micha\u0142 Krasicki<br \/>\n<b>14. \u015ani si\u0119 li\u015bciom niesko\u0144czono\u015b\u0107 <\/b><br \/>\ns\u0142owa Boles\u0142aw Le\u015bmian,<br \/>\nmuzyka Stanis\u0142aw Syrewicz<br \/>\n<b>15. Szli t\u0119dy ludzie <\/b><br \/>\ns\u0142owa Boles\u0142aw Le\u015bmian,<br \/>\nmuzyka Stanis\u0142aw Syrewicz<br \/>\n<b>16. O niebieskim pachn\u0105cym groszku <\/b><br \/>\ns\u0142owa Andrzej Trzebi\u0144ski,<br \/>\nmuzyka Wojciech Trzci\u0144ski<br \/>\n<b>17. Psalm sielankowy <\/b><br \/>\ns\u0142owa Tadeusz Nowak,<br \/>\nmuzyka Marek Grechuta<br \/>\n<b>18. Psalm o wodach czystych <\/b><br \/>\ns\u0142owa Tadeusz Nowak,<br \/>\nmuzyka Marek Grechuta<br \/>\n<b>19. Pro\u015bba o wyspy szcz\u0119\u015bliwe<\/b><br \/>\ns\u0142owa Konstanty Ildefons Ga\u0142czy\u0144ski,<br \/>\nmuzyka Stanis\u0142aw Syrewicz<\/span><\/p>\n<p><a name=\"gdzietyjestes\"><\/a><\/p><\/div><div class='clear_column'><\/div>\n<div class='content-column one_half'><p><a href=\"http:\/\/magdaumer.pl\/home\/wp-content\/uploads\/2014\/12\/magdaumer.jpg\" data-rel=\"lightbox-image-9\" data-rl_title=\"\" data-rl_caption=\"\" title=\"\"><img loading=\"lazy\" decoding=\"async\" class=\"alignleft size-medium wp-image-515\" src=\"http:\/\/magdaumer.pl\/home\/wp-content\/uploads\/2014\/12\/magdaumer-300x300.jpg\" alt=\"magdaumer\" width=\"300\" height=\"300\" srcset=\"https:\/\/magdaumer.pl\/home\/wp-content\/uploads\/2014\/12\/magdaumer-300x300.jpg 300w, https:\/\/magdaumer.pl\/home\/wp-content\/uploads\/2014\/12\/magdaumer-150x150.jpg 150w, https:\/\/magdaumer.pl\/home\/wp-content\/uploads\/2014\/12\/magdaumer.jpg 320w\" sizes=\"auto, (max-width: 300px) 100vw, 300px\" \/><\/a><\/p><\/div>\n<div class='content-column one_half last_column'><p><a name=\"magdaumercd\"><\/a><\/p>\n<p align=\"left\"><span style=\"color: #008000;\"><b>MAGDA UMER<\/b> <\/span><br \/>\n<span style=\"color: #000000;\"><i> Polton, 1986 (LP)<br \/>\nPolton, 1992 (CD) <\/i><\/span><\/p>\n<p><a name=\"magdaumercd\"><\/a><\/p>\n<p align=\"left\"><span style=\"color: #000000;\"> <b>1. Na strychu w \u0141omiankach <\/b><br \/>\ns\u0142owa Agnieszka Osiecka,<br \/>\nmuzyka Seweryn Krajewski<br \/>\n<b>2. Oczy przezroczyste <\/b><br \/>\ns\u0142owa Jeremi Przybora,<br \/>\nmuzyka Jerzy Wasowski<br \/>\n<b>3. Panienka z temperamentem <\/b><br \/>\ns\u0142owa Jeremi Przybora,<br \/>\nmuzyka W\u0142odzimierz Nahorny<br \/>\n<b>4. Na weso\u0142o <\/b><br \/>\ns\u0142owa Agnieszka Osiecka,<br \/>\nmuzyka Seweryn Krajewski<br \/>\n<b>5. Dawne, zabawne <\/b><br \/>\ns\u0142owa Agnieszka Osiecka,<br \/>\nmuzyka W\u0142odzimierz Nahorny<br \/>\n<b>6. Szpetni czterdziestoletni <\/b><br \/>\ns\u0142owa Agnieszka Osiecka,<br \/>\nmuzyka Seweryn Krajewski<br \/>\n<b>7. Mrok na schodach <\/b><br \/>\ns\u0142owa Boles\u0142aw Le\u015bmian,<br \/>\nmuzyka Zygmunt Konieczny<br \/>\n<b>8. Palenie w piecu <\/b><br \/>\ns\u0142owa Tadeusz Kubiak,<br \/>\nmuzyka Stanis\u0142aw Syrewicz<br \/>\n<b>9. Kiedy mnie ju\u017c nie b\u0119dzie <\/b><br \/>\ns\u0142owa Agnieszka Osiecka,<br \/>\nmuzyka Seweryn Krajewski<br \/>\n<b>10. Ju\u017c za daleko <\/b><br \/>\ns\u0142owa Jerzy Wilner,<br \/>\nmuzyka Jerzy Satanowski<br \/>\n<b>11. P\u0142ynie czas i zabija rany<\/b><br \/>\ns\u0142owa Edward Stachura,<br \/>\nmuzyka Jerzy Satanowski<br \/>\n<b>12. Inne <\/b><br \/>\ns\u0142owa Julian Tuwim,<br \/>\nmuzyka I. Kowalski<br \/>\n<b>13. Faux pas<\/b><br \/>\nS\u0142owa Tadeusz Karpowicz,<br \/>\nmuzyka Jerzy Satanowski <\/span><\/p>\n<p><a name=\"magdaumercd\"><\/a><\/p><\/div><div class='clear_column'><\/div>\n<div class='content-column one_half'><p><a href=\"http:\/\/magdaumer.pl\/home\/wp-content\/uploads\/2014\/12\/magdaumerwinyl.jpg\" data-rel=\"lightbox-image-10\" data-rl_title=\"\" data-rl_caption=\"\" title=\"\"><img loading=\"lazy\" decoding=\"async\" class=\"alignleft size-full wp-image-516\" src=\"http:\/\/magdaumer.pl\/home\/wp-content\/uploads\/2014\/12\/magdaumerwinyl.jpg\" alt=\"magdaumerwinyl\" width=\"250\" height=\"250\" srcset=\"https:\/\/magdaumer.pl\/home\/wp-content\/uploads\/2014\/12\/magdaumerwinyl.jpg 250w, https:\/\/magdaumer.pl\/home\/wp-content\/uploads\/2014\/12\/magdaumerwinyl-150x150.jpg 150w\" sizes=\"auto, (max-width: 250px) 100vw, 250px\" \/><\/a><\/p><\/div>\n<div class='content-column one_half last_column'><p><a name=\"magdaumnerwinyl\"><\/a><\/p>\n<p align=\"left\"><span style=\"color: #008000;\"><b>MAGDA UMER<\/b> <\/span><br \/>\n<span style=\"color: #000000;\"><i> Pronit, 1973 (LP) <\/i><\/span><\/p>\n<p><a name=\"magdaumnerwinyl\"><\/a><\/p>\n<p align=\"left\"><span style=\"color: #000000;\"><br \/>\n<b>STRONA A<\/b><br \/>\n<b>1. Koncert jesienny na dwa \u015bwierszcze i wiatr w kominie <\/b><br \/>\ns\u0142owa Wojciech Ni\u017cy\u0144ski,<br \/>\nmuzyka Krzysztof Knittel<br \/>\n<b>2. Znaki <\/b><br \/>\ns\u0142owa Ireneusz Iredy\u0144ski,<br \/>\nmuzyka Janusz Bogacki<br \/>\n<b>3. Ju\u017c szumi\u0105 kasztany <\/b><br \/>\ns\u0142owa Andrzej Woyciechowski,<br \/>\nmuzyka Krzysztof Knittel<br \/>\n<b>4. Jeszcze pi\u0119kniej <\/b><br \/>\ns\u0142owa Andrzej Woyciechowski,<br \/>\nmuzyka Krzysztof Knittel<br \/>\n<b>5. Je\u015bli my\u015blisz <\/b><br \/>\ns\u0142owa Andrzej Woyciechowski,<br \/>\nmuzyka Krzysztof Knittel<br \/>\n<b>6. Popatrz jaki las <\/b><br \/>\ns\u0142owa M. Salicki,<br \/>\nmuzyka Adam S\u0142awi\u0144ski<\/span><\/p>\n<p><b>STRONA B<\/b><br \/>\n<b>7. O niebieskim pachn\u0105cym groszku <\/b><br \/>\ns\u0142owa Andrzej Trzebi\u0144ski,<br \/>\nmuzyka Wojciech Trzci\u0144ski<br \/>\n<b>8. O starych pannach \u0142agodnie <\/b><br \/>\ns\u0142owa Krystyna Zaj\u0105czkowska,<br \/>\nmuzyka Krzysztof Knittel<br \/>\n<b>9. Str\u00f3j <\/b><br \/>\ns\u0142owa Boles\u0142aw Le\u015bmian,<br \/>\nmuzyka Micha\u0142 Krasicki<br \/>\n<b>10. Dawno chyba <\/b><br \/>\ns\u0142owa Maciej Szwed,<br \/>\nmuzyka Krzysztof Knittel<br \/>\n<b>11. Fazy<\/b><br \/>\ns\u0142owa El\u017cbieta Horbaczewska,<br \/>\nmuzyka Krzysztof Knittel<\/p>\n<p><a name=\"magdaumnerwinyl\"><\/a><\/p><\/div><div class='clear_column'><\/div>\n","protected":false},"excerpt":{"rendered":"","protected":false},"author":1,"featured_media":0,"parent":25,"menu_order":0,"comment_status":"closed","ping_status":"closed","template":"","meta":{"footnotes":""},"class_list":["post-423","page","type-page","status-publish","hentry"],"_links":{"self":[{"href":"https:\/\/magdaumer.pl\/home\/wp-json\/wp\/v2\/pages\/423","targetHints":{"allow":["GET"]}}],"collection":[{"href":"https:\/\/magdaumer.pl\/home\/wp-json\/wp\/v2\/pages"}],"about":[{"href":"https:\/\/magdaumer.pl\/home\/wp-json\/wp\/v2\/types\/page"}],"author":[{"embeddable":true,"href":"https:\/\/magdaumer.pl\/home\/wp-json\/wp\/v2\/users\/1"}],"replies":[{"embeddable":true,"href":"https:\/\/magdaumer.pl\/home\/wp-json\/wp\/v2\/comments?post=423"}],"version-history":[{"count":49,"href":"https:\/\/magdaumer.pl\/home\/wp-json\/wp\/v2\/pages\/423\/revisions"}],"predecessor-version":[{"id":2814,"href":"https:\/\/magdaumer.pl\/home\/wp-json\/wp\/v2\/pages\/423\/revisions\/2814"}],"up":[{"embeddable":true,"href":"https:\/\/magdaumer.pl\/home\/wp-json\/wp\/v2\/pages\/25"}],"wp:attachment":[{"href":"https:\/\/magdaumer.pl\/home\/wp-json\/wp\/v2\/media?parent=423"}],"curies":[{"name":"wp","href":"https:\/\/api.w.org\/{rel}","templated":true}]}}