{"id":2044,"date":"2016-02-29T00:20:21","date_gmt":"2016-02-29T00:20:21","guid":{"rendered":"http:\/\/magdaumer.pl\/home\/?page_id=2044"},"modified":"2016-02-29T00:20:21","modified_gmt":"2016-02-29T00:20:21","slug":"nadzwyczajna-wartosc-2","status":"publish","type":"page","link":"https:\/\/magdaumer.pl\/home\/prasa\/nadzwyczajna-wartosc-2\/","title":{"rendered":"NADZWYCZAJNA WARTO\u015a\u0106"},"content":{"rendered":"<p style=\"text-align: center;\"><span style=\"color: #008000;\"><strong>NADZWYCZAJNA WARTO\u015a\u0106<\/strong><\/span><br \/><span class=\"Apple-style-span\">Rozmawia\u0142a Joanna Jaworska<br \/><\/span><span class=\"Apple-style-span\"><i>\u0179r\u00f3d\u0142o:\u00a0<\/i><\/span><span class=\"Apple-style-span\">M\u00f3j\u00a0pies nr\u00a011\/2004<\/span><span class=\"Apple-style-span\"><i><br \/><\/i><\/span><\/p>\n<p style=\"text-align: justify;\" align=\"justify\"><b><br \/>Jak to\u00a0si\u0119 sta\u0142o, \u017ce\u00a0nieoczekiwanie pojawi\u0142y si\u0119 w\u00a0Twoim domu cztery \u0142apy?<\/b><br \/>Zawsze marzy\u0142am o\u00a0zwierz\u0119tach, Ale\u00a0nie mog\u0142am ich mie\u0107 z\u00a0powodu alergii. Tote\u017c gdy\u00a0kt\u00f3rego\u015b dnia m\u0105\u017c przyprowadzi\u0142 ma\u0142ego szczeniaka, t\u0142umacz\u0105c, \u017ce\u00a0znalaz\u0142 go pod\u00a0ci\u0119\u017car\u00f3wk\u0105, mia\u0142am mieszane uczucia. Z\u00a0jednej strony nie dawa\u0142y mi spokoju oczy tego psiaka, a\u00a0z\u00a0drugiej \u2013 wiedzia\u0142am, \u017ce\u00a0m\u00f3j m\u0142odszy syn Franek ma ju\u017c pocz\u0105tki astmy i\u00a0lekarz kaza\u0142 nam wybiera\u0107 \u2013 albo kot, albo dziecko\u2026<br \/>Ale\u00a0wtedy mieszkali\u015bmy w\u00a0Warszawie, a\u00a0teraz wyprowadzili\u015bmy si\u0119 w\u0142a\u015bnie do\u00a0du\u017cego domu z\u00a0ogrodem, na\u00a0wsi. Zaryzykowa\u0142am.<br \/>Zacz\u0119li\u015bmy bra\u0107 z\u00a0Frankiem wi\u0119cej pigu\u0142ek na\u00a0alergi\u0119 i\u00a0zabronili\u015bmy wchodzi\u0107 \u0141y\u017cwie \u2013 bo tak nazwa\u0142am to\u00a0czworono\u017cne cudo \u2013 do\u00a0sypialni. Po\u00a0jakim\u015b czasie przyb\u0142\u0105ka\u0142 si\u0119 nast\u0119pny pies \u2013 \u201eprawie wilczur\u201d Bambus. Jak si\u0119 ju\u017c ma psy, to\u00a0potem wobec alternatywy: nie chorowa\u0107 na\u00a0alergi\u0119 albo mie\u0107 psy \u2013 zawsze wybiera si\u0119 psy. Bo \u017cycie z\u00a0psami nabiera zupe\u0142nie innej, nadzwyczajnej warto\u015bci.<br \/><b><br \/>Dlaczego \u0141y\u017cwa zosta\u0142a \u201e\u0141y\u017cw\u0105\u201d, a\u00a0Bambus \u2013 \u201eBambusem\u201d?<\/b><br \/>Imi\u0119 \u0141y\u017cwa wymy\u015bli\u0142am ja \u2013 bo m\u0105\u017c powiedzia\u0142 mi, \u017ce\u00a0znalaz\u0142 pod\u00a0ci\u0119\u017car\u00f3wk\u0105 ma\u0142ego wy\u017c\u0142a, a\u00a0to nie by\u0142 pies, tylko suka i\u00a0nie wy\u017ce\u0142, tylko \u201e\u0142y\u017cew\u201d.<br \/>\u201ePrawie wilczura\u201d Bambusem nazwa\u0142 m\u00f3j\u00a0m\u0105\u017c \u2013 wiem, dlaczego, ale\u00a0nie powiem, bo boj\u0119 si\u0119, \u017ce\u00a0m\u00f3g\u0142by by\u0107 oskar\u017cony o\u00a0rasizm. Bambus by\u0142 cudownym psem, czarnym jak smo\u0142a. Czarn\u0105 mia\u0142 te\u017c w\u00a0oczach rozpacz\u2026 Musia\u0142 prze\u017cy\u0107 co\u015b straszliwego jako szczeniak, bo z\u00a0l\u0119k\u00f3w nie uda\u0142o si\u0119 go wyleczy\u0107 do\u00a0ko\u0144ca \u017cycia.<br \/>Potem pojawi\u0142 si\u0119 w\u00a0domu Markotny. Dosta\u0142am go, a\u00a0w\u0142a\u015bciwie \u201ewylicytowa\u0142am\u201d, na\u00a0aukcji na\u00a0rzecz Markotu, tu\u017c po\u00a0\u015bmierci Marka Kota\u0144skiego. To\u00a0pies z\u00a0jego hodowli.<br \/><b><br \/>Jak przyj\u0119\u0142a go \u0141y\u017cwa?<\/b><br \/>Z\u00a0zazdro\u015bci odchorowa\u0142a t\u0119 nasz\u0105 now\u0105 mi\u0142o\u015b\u0107, ale\u00a0teraz ju\u017c i\u00a0ona nie widzi poza nim \u015bwiata.<\/p>\n<p style=\"text-align: justify;\"><b>Na\u00a0Twojej stronie internetowej s\u0105 zawsze nowe zdj\u0119cia domu i\u00a0ogrodu w\u00a0P\u0119cicach. Cz\u0119sto fotografujesz psy?<\/b><br \/>Przyznaj\u0119, \u017ce\u00a0Markotny jest jednym z\u00a0moich ulubionych modeli. Co tu du\u017co m\u00f3wi\u0107 \u2013 jest pi\u0119kny! I\u00a0zabawny: ostatnio oszala\u0142 z\u00a0mi\u0142o\u015bci do\u00a0sztucznego kaczora, kt\u00f3rego\u00a0m\u0105\u017c kupi\u0142, \u017ceby\u00a0przywabi\u0107 prawdziwe kaczki. Szczeka\u0142 ca\u0142y dzie\u0144, licz\u0105c na\u00a0jak\u0105\u015b odpowied\u017a, ale\u00a0bezskutecznie.<br \/>Po\u00a0przemy\u015bleniu sprawy zawar\u0142 pakt o\u00a0nieagresji z\u00a0wszystkimi mieszka\u0144cami oczka wodnego. Nie rusza \u017cab, nie zjada karasi. Uwielbia je za\u00a0to obserwowa\u0107. Widocznie uzna\u0142, \u017ce\u00a0nale\u017c\u0105 do\u00a0jednej wielkiej p\u0119cickiej rodziny. Mamy jeszcze nasze wr\u00f3ble, nasz\u0105 srok\u0119, nasze sikorki i\u00a0nasz\u0105 mysz tarasow\u0105.<br \/><b><br \/>Na\u00a0stronie \u201eMU\u201d dedykujesz wybrane wiersze ludziom, a\u00a0czasami te\u017c psom. Jaki wiersz zadedykowa\u0142aby\u015b Markotnemu i\u00a0\u0141y\u017cwie?<\/b><br \/>Mo\u017ce tym razem co\u015b od\u00a0siebie: \u201eZ \u0141y\u017cw\u0105 i\u00a0Markotnym dom jest mniej samotny!\u201d. Mam nadziej\u0119, \u017ce\u00a0one powiedzia\u0142yby podobnie, gdyby\u00a0umia\u0142y m\u00f3wi\u0107. Bo to\u00a0s\u0105 najbardziej rozpieszczone psy na\u00a0kuli ziemskiej. Nie znaj\u0105 poj\u0119cia agresji i\u00a0ca\u0142e to\u00a0pilnowanie domu to\u00a0jedno wielkie pobo\u017cne \u017cyczenie.<\/p>\n<p align=\"right\"><b><a href=\"http:\/\/magdaumer.pl\/home\/prasa\/#top\">Do\u00a0spisu artyku\u0142\u00f3w<\/a><\/b><\/p>\n","protected":false},"excerpt":{"rendered":"<p>NADZWYCZAJNA WARTO\u015a\u0106Rozmawia\u0142a Joanna Jaworska\u0179r\u00f3d\u0142o:\u00a0M\u00f3j\u00a0pies nr\u00a011\/2004 Jak to\u00a0si\u0119 sta\u0142o, \u017ce\u00a0nieoczekiwanie pojawi\u0142y si\u0119 w\u00a0Twoim domu cztery \u0142apy?Zawsze marzy\u0142am o\u00a0zwierz\u0119tach, Ale\u00a0nie mog\u0142am ich mie\u0107 z\u00a0powodu alergii. Tote\u017c gdy\u00a0kt\u00f3rego\u015b dnia m\u0105\u017c przyprowadzi\u0142 ma\u0142ego szczeniaka, t\u0142umacz\u0105c, \u017ce\u00a0znalaz\u0142 go pod\u00a0ci\u0119\u017car\u00f3wk\u0105, mia\u0142am mieszane uczucia. Z\u00a0jednej strony nie dawa\u0142y mi spokoju oczy tego psiaka, a\u00a0z\u00a0drugiej \u2013 wiedzia\u0142am, \u017ce\u00a0m\u00f3j m\u0142odszy syn Franek ma ju\u017c &hellip; <a href=\"https:\/\/magdaumer.pl\/home\/prasa\/nadzwyczajna-wartosc-2\/\" class=\"more-link\">Czytaj dalej <span class=\"screen-reader-text\">NADZWYCZAJNA WARTO\u015a\u0106<\/span> <span class=\"meta-nav\">&rarr;<\/span><\/a><\/p>\n","protected":false},"author":1,"featured_media":0,"parent":27,"menu_order":0,"comment_status":"closed","ping_status":"closed","template":"","meta":{"footnotes":""},"class_list":["post-2044","page","type-page","status-publish","hentry"],"_links":{"self":[{"href":"https:\/\/magdaumer.pl\/home\/wp-json\/wp\/v2\/pages\/2044","targetHints":{"allow":["GET"]}}],"collection":[{"href":"https:\/\/magdaumer.pl\/home\/wp-json\/wp\/v2\/pages"}],"about":[{"href":"https:\/\/magdaumer.pl\/home\/wp-json\/wp\/v2\/types\/page"}],"author":[{"embeddable":true,"href":"https:\/\/magdaumer.pl\/home\/wp-json\/wp\/v2\/users\/1"}],"replies":[{"embeddable":true,"href":"https:\/\/magdaumer.pl\/home\/wp-json\/wp\/v2\/comments?post=2044"}],"version-history":[{"count":1,"href":"https:\/\/magdaumer.pl\/home\/wp-json\/wp\/v2\/pages\/2044\/revisions"}],"predecessor-version":[{"id":2045,"href":"https:\/\/magdaumer.pl\/home\/wp-json\/wp\/v2\/pages\/2044\/revisions\/2045"}],"up":[{"embeddable":true,"href":"https:\/\/magdaumer.pl\/home\/wp-json\/wp\/v2\/pages\/27"}],"wp:attachment":[{"href":"https:\/\/magdaumer.pl\/home\/wp-json\/wp\/v2\/media?parent=2044"}],"curies":[{"name":"wp","href":"https:\/\/api.w.org\/{rel}","templated":true}]}}