{"id":2024,"date":"2016-02-29T00:11:43","date_gmt":"2016-02-29T00:11:43","guid":{"rendered":"http:\/\/magdaumer.pl\/home\/?page_id=2024"},"modified":"2016-02-29T00:11:43","modified_gmt":"2016-02-29T00:11:43","slug":"alfabet-teatralny-k-jak-kurtyna","status":"publish","type":"page","link":"https:\/\/magdaumer.pl\/home\/prasa\/alfabet-teatralny-k-jak-kurtyna\/","title":{"rendered":"ALFABET TEATRALNY. K JAK KURTYNA."},"content":{"rendered":"<p align=\"center\"><span class=\"Apple-style-span\" style=\"color: #008000;\"><strong>ALFABET TEATRALNY. K JAK KURTYNA.<\/strong><\/span><span class=\"Apple-style-span\"><br \/><\/span><span class=\"Apple-style-span\">Dla Kamili \u0141apickiej i\u00a0pisma PANI<\/span><\/p>\n<p style=\"text-align: justify;\" align=\"justify\"><span class=\"Apple-style-span\"><br \/>Od\u00a0najwcze\u015bniejszego dzieci\u0144stwa magiczny kawa\u0142ek materia\u0142u. No\u2026 \u0142adny mi kawa\u0142ek\u2026 Kilogramy aksamitnego pluszu.<\/span><\/p>\n<p style=\"text-align: justify;\">Chocia\u017c ci\u0119\u017cka, unosi si\u0119 lekko i\u00a0przenosi do\u00a0innego \u015bwiata.<\/p>\n<p style=\"text-align: justify;\">Do\u00a0dzisiaj, jak dziecko, lubi\u0119 zachwyci\u0107 si\u0119 tym wyczarowanym \u015bwiatem.<\/p>\n<p style=\"text-align: justify;\">Ale\u00a0wszystko zale\u017cy od\u00a0czarodziej\u00f3w i\u00a0czarodziejek. Siedzia\u0142am kiedy\u015b w\u00a0Teatrze Polskim, na\u00a0premierze \u201eDam i\u00a0huzar\u00f3w\u201c, ko\u0142o Mai Komorowskiej. Kiedy kurtyna dostojnie unosi\u0142a si\u0119 w\u00a0g\u00f3r\u0119, Maja z\u0142apa\u0142a mnie za\u00a0r\u0119k\u0119 i\u00a0szepn\u0119\u0142a: \u201em\u00f3dlmy si\u0119, \u017ceby\u00a0nam si\u0119 podoba\u0142o!\u201c Od\u00a0tego wieczoru, ilekro\u0107 siedz\u0119 w\u00a0teatrze i\u00a0ga\u015bnie \u015bwiat\u0142o, s\u0142ysz\u0119 to\u00a0Jej \u017carliwe \u017cyczenie. I\u00a0powtarzam je, marz\u0105c aby tak si\u0119 sta\u0142o. Bo je\u015bli tak si\u0119 dzieje, zapominam o\u00a0\u201erealu\u201c, jakby powiedzieli dzi\u015b m\u0142odzi, i\u00a0chc\u0119 w\u00a0tamtym \u015bwiecie zamieszka\u0107, na\u00a0ile si\u0119 da. Zapomnie\u0107 o\u00a0czasie, uwierzy\u0107 w\u00a0ba\u015b\u0144 z\u00a0m\u0105drym mora\u0142em..<\/p>\n<p style=\"text-align: justify;\">Je\u015bli tak si\u0119 nie dzieje \u2013my\u015bl\u0119 tylko o\u00a0kurtynie. \u017beby opad\u0142a i\u00a0wstydu oszcz\u0119dzi\u0142a.<\/p>\n<p style=\"text-align: justify;\">Pewien s\u0142ynny aktor w\u00a0Krakowie przed\u00a0wielu, wielu laty, czuj\u0105c \u017ce\u00a0jednak nie da rady zagra\u0107 powa\u017cnej roli tego wieczoru i\u00a0daremnie pr\u00f3buj\u0105c da\u0107 rad\u0119, spojrza\u0142 przera\u017cony na\u00a0czekaj\u0105c\u0105 i\u00a0ufn\u0105 widowni\u0119, powiedzia\u0142 b\u0142agalnie:<\/p>\n<p style=\"text-align: justify;\">\u201eA jednak poprosz\u0119 o\u00a0kurtyn\u0119\u201c. I\u00a0ta, jako ostatnia deska ratunku, opad\u0142a ze\u00a0wstydem, ratuj\u0105c dobre imi\u0119 teatru.<\/p>\n<p style=\"text-align: justify;\">W\u00a0wielu teatrach dzisiaj nie ma, albo nie u\u017cywa si\u0119 ju\u017c kurtyny. \u017bal.<\/p>\n<p align=\"right\"><span class=\"Apple-style-span\"><br \/>Magda Umer<br \/>P\u0119cice Ma\u0142e, 17 stycznia 2011<br \/><\/span><\/p>\n<p align=\"right\"><b><a href=\"http:\/\/magdaumer.pl\/home\/prasa\/#top\">Do\u00a0spisu artyku\u0142\u00f3w<\/a><\/b><\/p>\n","protected":false},"excerpt":{"rendered":"<p>ALFABET TEATRALNY. K JAK KURTYNA.Dla Kamili \u0141apickiej i\u00a0pisma PANI Od\u00a0najwcze\u015bniejszego dzieci\u0144stwa magiczny kawa\u0142ek materia\u0142u. No\u2026 \u0142adny mi kawa\u0142ek\u2026 Kilogramy aksamitnego pluszu. Chocia\u017c ci\u0119\u017cka, unosi si\u0119 lekko i\u00a0przenosi do\u00a0innego \u015bwiata. Do\u00a0dzisiaj, jak dziecko, lubi\u0119 zachwyci\u0107 si\u0119 tym wyczarowanym \u015bwiatem. Ale\u00a0wszystko zale\u017cy od\u00a0czarodziej\u00f3w i\u00a0czarodziejek. Siedzia\u0142am kiedy\u015b w\u00a0Teatrze Polskim, na\u00a0premierze \u201eDam i\u00a0huzar\u00f3w\u201c, ko\u0142o Mai Komorowskiej. Kiedy kurtyna dostojnie &hellip; <a href=\"https:\/\/magdaumer.pl\/home\/prasa\/alfabet-teatralny-k-jak-kurtyna\/\" class=\"more-link\">Czytaj dalej <span class=\"screen-reader-text\">ALFABET TEATRALNY. K JAK KURTYNA.<\/span> <span class=\"meta-nav\">&rarr;<\/span><\/a><\/p>\n","protected":false},"author":1,"featured_media":0,"parent":27,"menu_order":0,"comment_status":"closed","ping_status":"closed","template":"","meta":{"footnotes":""},"class_list":["post-2024","page","type-page","status-publish","hentry"],"_links":{"self":[{"href":"https:\/\/magdaumer.pl\/home\/wp-json\/wp\/v2\/pages\/2024","targetHints":{"allow":["GET"]}}],"collection":[{"href":"https:\/\/magdaumer.pl\/home\/wp-json\/wp\/v2\/pages"}],"about":[{"href":"https:\/\/magdaumer.pl\/home\/wp-json\/wp\/v2\/types\/page"}],"author":[{"embeddable":true,"href":"https:\/\/magdaumer.pl\/home\/wp-json\/wp\/v2\/users\/1"}],"replies":[{"embeddable":true,"href":"https:\/\/magdaumer.pl\/home\/wp-json\/wp\/v2\/comments?post=2024"}],"version-history":[{"count":1,"href":"https:\/\/magdaumer.pl\/home\/wp-json\/wp\/v2\/pages\/2024\/revisions"}],"predecessor-version":[{"id":2025,"href":"https:\/\/magdaumer.pl\/home\/wp-json\/wp\/v2\/pages\/2024\/revisions\/2025"}],"up":[{"embeddable":true,"href":"https:\/\/magdaumer.pl\/home\/wp-json\/wp\/v2\/pages\/27"}],"wp:attachment":[{"href":"https:\/\/magdaumer.pl\/home\/wp-json\/wp\/v2\/media?parent=2024"}],"curies":[{"name":"wp","href":"https:\/\/api.w.org\/{rel}","templated":true}]}}