{"id":2000,"date":"2016-02-29T00:02:30","date_gmt":"2016-02-29T00:02:30","guid":{"rendered":"http:\/\/magdaumer.pl\/home\/?page_id=2000"},"modified":"2016-02-29T00:02:30","modified_gmt":"2016-02-29T00:02:30","slug":"o-marku-grechucie","status":"publish","type":"page","link":"https:\/\/magdaumer.pl\/home\/prasa\/o-marku-grechucie\/","title":{"rendered":"O MARKU GRECHUCIE"},"content":{"rendered":"<p style=\"text-align: center;\"><span style=\"color: #008000;\"><strong><span class=\"Apple-style-span\">O\u00a0MARKU GRECHUCIE<\/span><\/strong><\/span><span class=\"Apple-style-span\"><br \/><\/span><\/p>\n<p>&nbsp;<\/p>\n<p style=\"text-align: justify;\" align=\"justify\"><i>Wiersz z\u00a0cyklu \u201e\u015apiewaj\u0105ce obrazy\u201d-\u201eAch gdyby\u00a0by\u0142 taki aparat\u201d<br \/>(Portret Czechowskiej \u2013 Modigliani)<\/i><\/p>\n<p style=\"text-align: justify;\">Gasn\u0105 mi powieki i\u00a0szarzej\u0105 r\u0119ce<br \/>D\u0142ugo tego jeszcze? \u201dNie kr\u0119\u0107 si\u0119\u201d- nie kr\u0119c\u0119\u2026<br \/>U\u015bmiech mi ju\u017c wi\u0119dnie, nie b\u0119d\u0119 si\u0119 zmusza\u0107<br \/>Do\u015b\u0107 tego , nie mog\u0119. \u201dNie ruszaj\u201d- nie ruszam\u2026<\/p>\n<p style=\"text-align: justify;\">Ach gdyby\u00a0by\u0142 taki aparat co zrobi w\u00a0mig<br \/>Wspania\u0142y obraz mego cia\u0142a spowitego w\u00a0te marne szaty<br \/>Taki \u201epstryk\u201d, co w\u00a0jednej chwili zrobi z\u00a0tego co\u015b pi\u0119knego\u2026<\/p>\n<p style=\"text-align: justify;\">D\u0142onie mi grabiej\u0105 , zamarz\u0142y mi stopy<br \/>Maluj sobie kwiatki , albo antylopy<br \/>Palce mam jak sople ,a oczy jak szparki\u2026<br \/>S\u0142uchaj, ja naprawd\u0119 wol\u0119 ju\u017c te garnki<\/p>\n<p style=\"text-align: justify;\">Ach gdyby\u00a0by\u0142 taki aparat co \u201epstryk \u201e zrobi<br \/>I\u00a0ju\u017c masz obraz mojej\u00a0twarzy ulubiony<br \/>Kupi\u0142abym, s\u0142uchaj Modi, ale\u00a0to chyba kosztowa\u0142oby miliony\u2026<\/p>\n<p style=\"text-align: justify;\">A\u00a0tak co mi z\u00a0tego , \u017ce\u00a0p\u0142\u00f3tno smarujesz<br \/>Czasami kto\u015b powie ,\u017ce pi\u0119knie malujesz i\u00a0p\u00f3jdzie\u2026<br \/>A\u00a0z\u00a0tob\u0105 ja za\u015b musz\u0119 gni\u0107\u2026<br \/>S\u0142uchaj- dosy\u0107 tego\u2026\u201dno , dosy\u0107 na\u00a0dzi\u015b\u201d.<\/p>\n<p style=\"text-align: justify;\">\u201eAch , gdyby\u00a0by\u0142 taki aparat , co zrobi w\u00a0mig<br \/>Wspania\u0142y obraz twego cia\u0142a spowitego w\u00a0te marne szaty<br \/>Taki \u201epstryk\u201d , co w\u00a0jednej chwili zrobi z\u00a0tego cos pi\u0119knego\u2026\u201d<\/p>\n<p style=\"text-align: justify;\">Poka\u017c\u2026to ja? To\u00a0chyba twoje\u00a0przywidzenie<br \/>\u201eTo powleczony \u015bwiat\u0142em oczu snu aksamit\u201d<br \/>Ty ci\u0105gle \u015bnisz\u2026\u201dTo nie jest \u015bnienie. To\u00a0jeste\u015b ty\u2026Ja si\u0119 nazywam Modigliani\u2026\u201d<\/p>\n<p style=\"text-align: justify;\">(moja ulubiona piosenka Marka)<br \/>Urodzi\u0142 si\u0119 w\u00a0Zamo\u015bciu, kilka miesi\u0119cy po\u00a0zako\u0144czeniu wojny, w\u00a0grudniu 1945 roku. Rodzice nie pisali wierszy i\u00a0nie komponowali muzyki ,ale w\u00a01947 roku co\u015b im kaza\u0142o kupi\u0107 dla syna pianino. Do\u00a0g\u0142owy im pewnie nie przysz\u0142o, \u017ce\u00a0w\u00a0tym momencie zainwestowali spore pieni\u0105dze w\u00a0co\u015b , co stanie si\u0119 prezentem dla nas wszystkich- w\u00a0talent Marka.<br \/>Wychowywa\u0142 si\u0119 w\u00a0rodzinie wielopokoleniowej i\u00a0bardzo ze\u00a0sob\u0105 z\u017cytej. Pi\u0119knie \u015bpiewa\u0142y siostry jego ojca. Zapami\u0119ta\u0142 wigilie i\u00a0wspania\u0142\u0105 , m\u0105dr\u0105 babci\u0119, kt\u00f3ra\u00a0w\u00a0ten dzie\u0144 nie pozwala\u0142a m\u00f3wi\u0107 o\u00a0g\u0142upstwach ,za to\u00a0do woli mo\u017cna by\u0142o \u015bpiewa\u0107 na\u00a0g\u0142osy\u2026<br \/>Najpierw gra\u0142 na\u00a0tym pianinie z\u00a0siostr\u0105 i\u00a0nie by\u0142o to\u00a0nic powa\u017cnego. Potem zacz\u0105\u0142 si\u0119 uczy\u0107 i\u00a0trwa\u0142o to\u00a0osiem lat.<br \/>Gra\u0142 w\u00a0przedstawieniach szkolnych, ta\u0144czy\u0142, recytowa\u0142 d\u0142ugie poematy Kasprowicza, ale\u00a0na pewno nie my\u015bla\u0142 jeszcze powa\u017cnie o\u00a0przysz\u0142o\u015bci artysty.<br \/>Kiedy wydoro\u015bla\u0142 postanowi\u0142 zosta\u0107 architektem i\u00a0wyjecha\u0142 na\u00a0studia do\u00a0wielkiego \u015bwiata- czyli do\u00a0miasta kr\u00f3l\u00f3w polskich ,smoka, Wandy ,hejna\u0142u, \u201ePrzekroju\u201d i\u00a0Piotra Skrzyneckiego\u2026<\/p>\n<p style=\"text-align: justify;\">A\u00a0w\u00a0tym mie\u015bcie m\u00f3g\u0142 obserwowa\u0107 nie tylko pi\u0119kna architektur\u0119.<br \/>M\u00f3g\u0142 tak\u017ce ,spaceruj\u0105c po\u00a0rynku wieczorem, wpa\u015b\u0107 przypadkiem do\u00a0s\u0142ynnego w\u00a0ca\u0142ej Polsce kabaretu \u201dPiwnica pod\u00a0Baranami\u201d\u2026<br \/>M\u00f3g\u0142 zobaczy\u0107 Piotra, Ew\u0119 Demarczyk , Zygmunta Koniecznego, Krzysia Litwina ,Krysi\u0119 Zachwatowicz., Wiesia Dymnego itd.. itp. A\u00a0zobaczywszy ich \u2013 musia\u0142 oszale\u0107 z\u00a0zachwytu, bo byli to\u00a0arty\u015bci nadzwyczajni<br \/>Bo b\u0119d\u0105c tam mia\u0142o si\u0119 wra\u017cenie ,\u017ce si\u0119 jest w\u00a0centrum \u015bwiata, i\u00a0wszystko co dzieje si\u0119 poza nim jest du\u017co mniej ciekawe i\u00a0wa\u017cne. Bywa\u0142 tam coraz cz\u0119\u015bciej i\u00a0powoli zacz\u0119\u0142a bledn\u0105\u0107 jego wymarzona architektura (tym bardziej , \u017ce\u00a0kr\u00f3lowa\u0142 w\u00a0niej beton , jako podstawowy \u015brodek wyrazu\u2026)<\/p>\n<p style=\"text-align: justify;\">Kt\u00f3rego\u015b dnia( chyba na\u00a0trzecim roku) natkn\u0105\u0142 si\u0119 u\u00a0kogo\u015b w\u00a0pokoju akademickim na\u00a0pianino. I\u00a0co\u015b go do\u00a0niego zacz\u0119\u0142o ci\u0105gn\u0105\u0107 ju\u017c nieodwo\u0142alnie. Gra\u0142 nie tylko to, czego nauczono go w\u00a0m\u0142odo\u015bci, ale\u00a0nagle wymyka\u0142y mu si\u0119 z\u00a0pod palc\u00f3w melodie , kt\u00f3rych\u00a0nigdy jeszcze nie s\u0142ysza\u0142. I\u00a0zdumiony stwierdzi\u0142, \u017ce\u00a0to on jest ich autorem\u2026 A\u00a0kiedy do\u00a0melodii zacz\u0119\u0142y si\u0119 same dopisywa\u0107 s\u0142owa ( na\u00a0przyk\u0142ad :\u201dNie dokazuj mi\u0142a nie dokazuj, przecie\u017c nie jest z\u00a0ciebie znowu taki cud\u201d, kt\u00f3re dzisiaj zna ka\u017cde polskie dziecko i\u00a0polski staruszek), \u2013 postanowi\u0142 co\u015b z\u00a0tym zrobi\u0107.<\/p>\n<p style=\"text-align: justify;\">By\u0142 m\u0142ody , pe\u0142en energii i\u00a0pasji. I\u00a0mia\u0142 na\u00a0studiach bardzo zdolnego koleg\u0119, kt\u00f3ry\u00a0nazywa\u0142 si\u0119 Jan Kanty Pawlu\u015bkiewicz W\u00a0ma\u0142ej salce akademika za\u0142o\u017cyli kabaret Anawa (dopiero p\u00f3\u017aniej powsta\u0142 zesp\u00f3\u0142 muzyczny o\u00a0tej samej nazwie.) Anawa- z\u00a0francuskiego en avant- znaczy do\u00a0przodu, naprz\u00f3d.<br \/>No i\u00a0poszli naprz\u00f3d, pop\u0119dzili jak burza. .Na wyst\u0119py kilkorga m\u0142odych ludzi z\u00a0przychodzili najpierw koledzy i\u00a0kole\u017canki z\u00a0akademika (w\u015br\u00f3d nich \u015bliczna studentka pedagogiki o\u00a0specjalno\u015bci geografa),a potem zacz\u0119li si\u0119 pojawia\u0107 ludzie spoza miasteczka studenckiego, arty\u015bci, intelektuali\u015bci. Zacz\u0119to o\u00a0nich m\u00f3wi\u0107.<\/p>\n<p style=\"text-align: justify;\">W\u00a0styczniu 1966 roku , w\u00a0klubie \u201ePod przewi\u0105zk\u0105\u201d odby\u0142a si\u0119 premiera kabaretu Anawa. W\u00a01967 roku kto\u015b m\u0105dry namawia ich do\u00a0udzia\u0142u w\u00a0Festiwalu Piosenki Studenckiej w\u00a0Krakowie\u2026<br \/>Ciekawa jestem, czy pojechali na\u00a0konkurs tramwajem, czy sta\u0107 ich by\u0142o ju\u017c na\u00a0taks\u00f3wk\u0119\u2026 mo\u017ce nawet szli na\u00a0piechot\u0119\u2026 ale\u00a0my\u015bl\u0119 dzisiaj, \u017ce\u00a0to by\u0142a najwa\u017cniejsza wyprawa w\u00a0ich \u017cyciu.<br \/>Dlaczego? -Bo koncert laureat\u00f3w transmitowa\u0142a na\u00a0\u017cywo Telewizja. Po\u00a0raz pierwszy us\u0142ysza\u0142a ich i\u00a0zobaczy\u0142a ca\u0142a Polska. A\u00a0kiedy us\u0142ysza\u0142a i\u00a0zobaczy\u0142a (mi\u0119dzy innymi pisz\u0105ca te s\u0142owa , wtedy osiemnastolatka) \u2013 to\u00a0ju\u017c nigdy nie chcia\u0142a przesta\u0107 s\u0142ucha\u0107\u2026<\/p>\n<p style=\"text-align: justify;\">By\u0142am jedn\u0105 z\u00a0wielu zakochanych nastolatek i\u00a0po paru latach bardzo prze\u017cy\u0142am ich artystyczny rozw\u00f3d. Ale\u00a0zanim si\u0119 rozstali, zd\u0105\u017cyli dla nas napisa\u0107 swoje najpi\u0119kniejsze piosenki, nagra\u0107 dwie p\u0142yty i\u00a0wykona\u0107 na\u00a0\u017cywo setki koncert\u00f3w, na\u00a0kt\u00f3re przychodzi\u0142y t\u0142umy wielbicieli. By\u0142y to\u00a0t\u0142umy kulturalnych ludzi. Dzisiaj nie do\u00a0pomy\u015blenia. G\u0142o\u015bno by\u0142o tylko w\u00a0czasie bicia braw.<br \/>Bo oni poziomem swojej sztuki , sposobem zachowania si\u0119 na\u00a0scenie, skupieniem, anty \u2013 gwiazdorstwem, s\u0142u\u017ceniem pi\u0119knym d\u017awi\u0119kom, pi\u0119knym s\u0142owom , szlachetnym znaczeniom-wprawiali w\u00a0zachwyt i\u00a0os\u0142upienie s\u0142uchaj\u0105c\u0105 ich m\u0142odzie\u017c (czasami trafiali si\u0119 tak\u017ce 30 \u2013letni starcy, ale\u00a0rzadko).<br \/>No i\u00a0urod\u0105. Jako zakochana fanka nie mog\u0119 tego pomin\u0105\u0107. Byli nie tylko zdolni, ale\u00a0i\u00a0pi\u0119kni. Kiedy uda\u0142o si\u0119 na\u00a0chwil\u0119 oderwa\u0107 wzrok od\u00a0zjawiskowego u\u015bmiechu Marka , natychmiast dostawa\u0142o si\u0119 w\u00a0zamian b\u0142yszcz\u0105ce oczy i\u00a0ognist\u0105 czupryn\u0119 Pawlu\u015bkiewicza , idea\u0142 m\u0119skiej urody , czyli Jacka Ostaszewskiego, ( kt\u00f3ry\u00a0jeszcze nie wiedzia\u0142, \u017ce\u00a0pojedzie do\u00a0Indii ,a gdy\u00a0wr\u00f3ci, gra\u0107 b\u0119dzie w\u00a0zespole \u201eOsjan\u201d), cudownego hippiesa Marka Jackowskiego (kr\u0119ci\u0142a si\u0119 ko\u0142o niego pi\u0119kna dziewczyna, z\u00a0kt\u00f3r\u0105 potem za\u0142o\u017cy zesp\u00f3\u0142 \u201eMaanam\u201d), dw\u00f3ch jasnych Zbyszk\u00f3w \u2013 Wodeckiego i\u00a0Palet\u0119. A\u00a0jeszcze dw\u00f3ch Tadeuszy- Ko\u017cucha i\u00a0Dziedzica , czyli altowiolist\u0119 i\u00a0gitarzyst\u0119. Ju\u017c zaczynaj\u0105 mi p\u0142yn\u0105\u0107 \u0142zy na\u00a0klawiatur\u0119, kiedy pisz\u0119 te s\u0142owa . Na\u00a0koniec zostawi\u0142am Ani\u0119 W\u00f3jtowicz- wiolonczelistk\u0119. O\u00a0jej urodzie napisz\u0119 tylko tyle, \u017ce\u00a0cudowna piosenka Wojtka M\u0142ynarskiego i\u00a0Skald\u00f3w pt: \u201dPrze\u015bliczna wiolonczelistka\u201d jej w\u0142a\u015bnie jest po\u015bwi\u0119cona\u2026<\/p>\n<p style=\"text-align: justify;\">Byli doskonali. Towarzyszyli ca\u0142emu mojemu\u00a0studenckiemu \u017cyciu i\u00a0bardzo wiele im zawdzi\u0119czam. Mimo \u017ce\u00a0w\u00a01973 roku by\u0142am ju\u017c pani\u0105 magister, p\u0142aka\u0142am jak angielska nastolatka po\u00a0rozstaniu Lennona i\u00a0Mc Cartneya, kiedy dowiedzia\u0142am si\u0119, \u017ce\u00a0Jan Kanty Pawlu\u015bkiewicz zostaje szefem Anawy, a\u00a0Marek zak\u0142ada grup\u0119 WIEM (znaczy\u0142o to: w\u00a0innej epoce muzycznej).. Wydawa\u0142o mi si\u0119, \u017ce\u00a0pope\u0142niaj\u0105 artystyczne samob\u00f3jstwo.<\/p>\n<p style=\"text-align: justify;\">Na\u00a0szcz\u0119\u015bcie nie mia\u0142am racji\u2026<br \/>Po\u00a0chwilowym zagubieniu ka\u017cdy odnalaz\u0142 swoj\u0105 drog\u0119. Jan Kanty Pawlu\u015bkiewicz jest dzi\u015b jednym z\u00a0najwybitniejszych polskich kompozytor\u00f3w (jego \u201eJeruzalem\u201d z\u00a0\u201eNieszpor\u00f3w Lud\u017amierskich\u201d, to\u00a0jedna z\u00a0pi\u0119kniejszych pie\u015bni , jakie s\u0142ysza\u0142am w\u00a0\u017cyciu). Jacek Ostaszewski pisze muzyk\u0119 teatraln\u0105 (mi\u0119dzy innymi do\u00a0legendarnych przedstawie\u0144 Krystiana Lupy) itd. itd\u2026 Ka\u017cdy z\u00a0nich ma barwne i\u00a0ciekawe \u017cycie. Ale\u00a0najja\u015bniejsze gwiazdy \u015bwiec\u0105 dla Marka Grechuty.<\/p>\n<p style=\"text-align: justify;\">To\u00a0jego pokocha\u0142a publiczno\u015b\u0107. Wierna jak pies, mimo lepszych i\u00a0gorszych lat, jakby chcia\u0142a podkre\u015bli\u0107, \u017ce\u00a0zawsze mo\u017ce na\u00a0ni\u0105 liczy\u0107, \u017ce\u00a0pami\u0119ta ile mu zawdzi\u0119cza . To\u00a0jest fenomen, bo u\u00a0nas tak d\u0142ugo nie kochaj\u0105 artyst\u00f3w. Artysta najcz\u0119\u015bciej towarzyszy swojemu pokoleniu, a\u00a0Marek jest jednym z\u00a0nielicznych wyj\u0105tk\u00f3w .Zmieniaj\u0105 si\u0119 mody ,a on trw .<br \/>\u015apiewa ju\u017c trzydzie\u015bci pi\u0119\u0107 lat. \u015apiewa , pisze, komponuje, nawet maluje obrazy. W\u00a0tym roku otrzyma\u0142 Z\u0142otego Fryderyka za\u00a0ca\u0142okszta\u0142t dzia\u0142alno\u015bci i\u00a0Fryderyka za\u00a0najlepszy album wznowieniowy. Firma Pomaton Wyda\u0142a cykl pt: \u201d\u015awiecie nasz\u201d. To\u00a0jest co\u015b w\u00a0rodzaju \u201eDzie\u0142 wszystkich\u201d- lektura obowi\u0105zkowa. Na\u00a0trzynastu p\u0142ytach zmie\u015bci\u0142o si\u0119 300 nagra\u0144. Imponuj\u0105cy dorobek!<\/p>\n<p style=\"text-align: justify;\">A\u00a0jaki jest prywatnie?<br \/>Nie interesuje si\u0119 polityk\u0105 i\u00a0zawsze nale\u017ca\u0142 do\u00a0grona tzw .\u201dwewn\u0119trznych emigrant\u00f3w\u201d, a\u00a0nie buntownik\u00f3w. Nie chce zrozumie\u0107 dzisiejszego \u015bwiata i\u00a0ucieka w\u00a0sw\u00f3j w\u0142asny.<br \/>Gdy\u00a0tworzy jest nieobecny\u2026 Kiedy\u015b\u201d tworzy\u0142\u201d prowadz\u0105c samoch\u00f3d. .Jecha\u0142 na\u00a0koncert do\u00a0Jeleniej G\u00f3ry. Powsta\u0142a pi\u0119kna piosenka, ale\u00a0o\u00a0wyznaczonej godzinie mogli go us\u0142ysze\u0107 jedynie mieszka\u0144cy\u2026 Zielonej G\u00f3ry. I\u00a0to bez zespo\u0142u muzycznego.(A\u00a0przez ca\u0142e \u017cycie towarzyszyli mu muzycy wybitni).<br \/>Marek pasjonuje si\u0119 sportem. Podczas mistrzostw albo olimpiady zawiesza na\u00a0\u015bcianie ogromny grafik, na\u00a0kt\u00f3rym rozpisuje godziny transmisji i\u00a0kana\u0142y, na\u00a0kt\u00f3rych mo\u017ce ogl\u0105da\u0107 kolejne mecze czy wydarzenia sportowe.<br \/>Lubi dom i\u00a0bardzo kocha swoj\u0105 \u017con\u0119 Danusi\u0119. (Podobno tylko ona \u015bpiewa w\u00a0domu i\u00a0robi to\u00a0pi\u0119knie!) Jest dla niego najwa\u017cniejsz\u0105 nagrod\u0105 w\u00a0\u017cyciu. I\u00a0najwierniejszym przyjacielem. W\u00a0jednym ze\u00a0swoich wierszy- nazwa\u0142 j\u0105 \u201e\u015bwi\u0119t\u0105 \u017con\u0105\u201d .<br \/>\u015awi\u0119ta \u017cona zapomnia\u0142a o\u00a0pedagogice i\u00a0geografii, urodzi\u0142am mu pi\u0119knego syna \u0141ukasza (w\u00a01972 roku), zosta\u0142a jego menegerem ,opiekunem i\u00a0czu\u0142ym krytykiem. Cz\u0142owiekiem na\u00a0najlepsze i\u00a0najgorsze.<br \/>Najgorsze przysz\u0142o w\u00a01999 roku, kiedy ich ukochany syn , doros\u0142y 27 letni m\u0119\u017cczyzna, ale\u00a0dla nich ci\u0105gle dziecko \u2013 wyszed\u0142 z\u00a0domu i\u00a0przez dwa lata nie da\u0142 znaku, \u017ce\u00a0\u017cyje. Uprzedzi\u0142 ich, \u017ce\u00a0odejdzie \u201dbo chce przemy\u015ble\u0107 swoje \u017cycie\u201d. Postanowi\u0142 przemierzy\u0107 (na\u00a0piechot\u0119?!)ca\u0142\u0105 Europ\u0119 i\u00a0nie wiedzia\u0142, \u017ce\u00a0tutaj szuka go ca\u0142a Polska\u2026<br \/>Teraz ju\u017c jest dobrze i\u00a0nie ma co do\u00a0tego wraca\u0107, ale\u00a0by\u0142y to\u00a0najd\u0142u\u017csze dwa lata w\u00a0ich \u017cyciu\u2026<\/p>\n<p style=\"text-align: justify;\">Bia\u0142y dom , spokojny sen, \u017cycie poza t\u0142umem i\u00a0zgie\u0142kiem , Bach i\u00a0Vivaldi , stare polskie czarno-bia\u0142e filmy (nie znosi wsp\u00f3\u0142czesnego agresywnego kina , pe\u0142nego krwi i\u00a0przemocy i\u00a0nie mo\u017ce poj\u0105\u0107 dlaczego ludzie czego\u015b takiego potrzebuj\u0105), sztalugi, muzyka \u0142\u0105ki i\u00a0lasu, cisza, orzeszki w\u00a0czekoladzie, papier nutowy i\u00a0bia\u0142e kartki papieru- to\u00a0wszystko daje mu si\u0142\u0119 i\u00a0ochot\u0119 do\u00a0pracy. Lubi koncerty. M\u00f3wi ,\u017ce walczy o\u00a0serca coraz m\u0142odszych s\u0142uchaczy. A\u00a0na koncertach ju\u017c dawno siedz\u0105 babcie z\u00a0wnukami- wszyscy tak samo wpatrzeni i\u00a0\u015bpiewaj\u0105cy razem z\u00a0nim prawie wszystkie piosenki\u2026<br \/>Piotr Skrzynecki, szef \u201ePiwnicy pod\u00a0Baranami\u201d, w\u00a0kt\u00f3rej Marek \u015bpiewa\u0142 przez dziesi\u0119\u0107 lat powiedzia\u0142 kiedy\u015b: \u201dMarka Grechut\u0119 uwa\u017cam za\u00a0najgenialniejszego piosenkarza polskiego\u201d. Podpisuj\u0119 si\u0119 pod\u00a0tym obiema r\u0119koma.<\/p>\n<p style=\"text-align: justify;\" align=\"right\">Magda Umer<\/p>\n<p style=\"text-align: justify;\" align=\"justify\">P.S .Pami\u0119tam , jak 30 lat temu pewien bardzo znany dziennikarz zaatakowa\u0142 to, co Marek robi na\u00a0scenie, nie rozumia\u0142, dlaczego podoba si\u0119 publiczno\u015bci i\u00a0jury ( wtedy w\u0142a\u015bnie wygra\u0142 festiwal opolski wspania\u0142ym \u201eKorowodem\u201d) .Twierdzi\u0142 ,\u017ce \u015bpiewa za\u00a0cicho. \u017ba\u0142uj\u0119, \u017ce\u00a0by\u0142am wtedy za\u00a0m\u0142oda i\u00a0za nie\u015bmia\u0142a , aby z\u00a0nim polemizowa\u0107\u2026 Nie zna\u0142am te\u017c wtedy jeszcze wspania\u0142ej anegdoty, kt\u00f3r\u0105 od\u00a0lat opowiada na\u00a0swoich koncertach Bogdan \u0141azuka. Ot\u00f3\u017c podobno kiedy\u015b odbywa\u0142 si\u0119 w\u00a0Ameryce wielki charytatywny koncert, w\u00a0kt\u00f3rym bra\u0142y udzia\u0142 najwi\u0119ksze s\u0142awy \u015bwiatowej piosenki. Mi\u0119dzy innym Frank Sinatra i\u00a0Mick Jagger z\u00a0Rolling Stones\u00f3w. Za\u00a0kulisami Jagger powiedzie\u0107 mia\u0142 do\u00a0Sinatry: \u201dJa uwa\u017cam, \u017ce\u00a0pan nawet \u0142adnie \u015bpiewa, tylko dlaczego tak cicho?\u201d -Bo umiem, odpar\u0142 mistrz\u2026<\/p>\n<p align=\"right\"><b><a href=\"http:\/\/magdaumer.pl\/home\/prasa\/#top\">Do\u00a0spisu artyku\u0142\u00f3w<\/a><\/b><\/p>\n","protected":false},"excerpt":{"rendered":"<p>O\u00a0MARKU GRECHUCIE &nbsp; Wiersz z\u00a0cyklu \u201e\u015apiewaj\u0105ce obrazy\u201d-\u201eAch gdyby\u00a0by\u0142 taki aparat\u201d(Portret Czechowskiej \u2013 Modigliani) Gasn\u0105 mi powieki i\u00a0szarzej\u0105 r\u0119ceD\u0142ugo tego jeszcze? \u201dNie kr\u0119\u0107 si\u0119\u201d- nie kr\u0119c\u0119\u2026U\u015bmiech mi ju\u017c wi\u0119dnie, nie b\u0119d\u0119 si\u0119 zmusza\u0107Do\u015b\u0107 tego , nie mog\u0119. \u201dNie ruszaj\u201d- nie ruszam\u2026 Ach gdyby\u00a0by\u0142 taki aparat co zrobi w\u00a0migWspania\u0142y obraz mego cia\u0142a spowitego w\u00a0te marne szatyTaki \u201epstryk\u201d, &hellip; <a href=\"https:\/\/magdaumer.pl\/home\/prasa\/o-marku-grechucie\/\" class=\"more-link\">Czytaj dalej <span class=\"screen-reader-text\">O MARKU GRECHUCIE<\/span> <span class=\"meta-nav\">&rarr;<\/span><\/a><\/p>\n","protected":false},"author":1,"featured_media":0,"parent":27,"menu_order":0,"comment_status":"closed","ping_status":"closed","template":"","meta":{"footnotes":""},"class_list":["post-2000","page","type-page","status-publish","hentry"],"_links":{"self":[{"href":"https:\/\/magdaumer.pl\/home\/wp-json\/wp\/v2\/pages\/2000","targetHints":{"allow":["GET"]}}],"collection":[{"href":"https:\/\/magdaumer.pl\/home\/wp-json\/wp\/v2\/pages"}],"about":[{"href":"https:\/\/magdaumer.pl\/home\/wp-json\/wp\/v2\/types\/page"}],"author":[{"embeddable":true,"href":"https:\/\/magdaumer.pl\/home\/wp-json\/wp\/v2\/users\/1"}],"replies":[{"embeddable":true,"href":"https:\/\/magdaumer.pl\/home\/wp-json\/wp\/v2\/comments?post=2000"}],"version-history":[{"count":1,"href":"https:\/\/magdaumer.pl\/home\/wp-json\/wp\/v2\/pages\/2000\/revisions"}],"predecessor-version":[{"id":2001,"href":"https:\/\/magdaumer.pl\/home\/wp-json\/wp\/v2\/pages\/2000\/revisions\/2001"}],"up":[{"embeddable":true,"href":"https:\/\/magdaumer.pl\/home\/wp-json\/wp\/v2\/pages\/27"}],"wp:attachment":[{"href":"https:\/\/magdaumer.pl\/home\/wp-json\/wp\/v2\/media?parent=2000"}],"curies":[{"name":"wp","href":"https:\/\/api.w.org\/{rel}","templated":true}]}}