{"id":1964,"date":"2016-02-28T23:42:15","date_gmt":"2016-02-28T23:42:15","guid":{"rendered":"http:\/\/magdaumer.pl\/home\/?page_id=1964"},"modified":"2016-02-28T23:42:15","modified_gmt":"2016-02-28T23:42:15","slug":"skad-pani-czerpie-radosc-zycia","status":"publish","type":"page","link":"https:\/\/magdaumer.pl\/home\/prasa\/skad-pani-czerpie-radosc-zycia\/","title":{"rendered":"SK\u0104D PANI CZERPIE RADO\u015a\u0106 \u017bYCIA?"},"content":{"rendered":"<p align=\"center\"><span style=\"color: #008000;\"><b>Sk\u0105d pani czerpie rado\u015b\u0107 \u017cycia?<\/b><\/span><br \/><i>pyta Alina Gutek<br \/><\/i><i>\u0179r\u00f3d\u0142o:\u00a0<\/i><i>Zwierciad\u0142o, lipiec 2004<br \/><\/i><\/p>\n<p style=\"text-align: justify;\" align=\"justify\">\u201eSk\u0105d pani czerpie rado\u015b\u0107 \u017cycia?\u201d- pyta moja ulubiona pani Alina Gutek, czyli \u201eZwierciad\u0142o\u201d<\/p>\n<p style=\"text-align: justify;\">pr\u00f3ba odpowiedzi:<\/p>\n<p style=\"text-align: justify;\">To\u00a0pytanie zadane w\u00a0czasach, kiedy strach pos\u0142ucha\u0107 jakichkolwiek codziennych wiadomo\u015bci w\u00a0radiu czy telewizji, uwa\u017cam za\u00a0wyrafinowan\u0105 przebieg\u0142o\u015b\u0107, ale\u00a0rozumiem \u017ce\u00a0jako\u015b musimy si\u0119 ratowa\u0107 i\u00a0\u201eZwierciad\u0142o\u201d chce nam w\u00a0tym pom\u00f3c.<\/p>\n<p style=\"text-align: justify;\">1.Z odwzajemnionej mi\u0142o\u015bci do\u00a0moich dzieci.<\/p>\n<p style=\"text-align: justify;\">2.Z obserwowania natury. I\u00a0fotografowania jej. To\u00a0najwi\u0119kszy teatr \u015bwiata. Ostatnio poch\u0142ania mnie obserwowanie uczucia pewnej pary, kt\u00f3ra\u00a0postanowi\u0142a zamieszka\u0107 w\u00a0moim ogrodzie. To\u00a0kaczor i\u00a0kaczka. Mo\u017ce b\u0119d\u0105 z\u00a0tego ma\u0142e\u2026<\/p>\n<p style=\"text-align: justify;\">3.Z czepiania si\u0119 pogodnych ludzi. Ludzi z\u00a0tak zwan\u0105 \u201ddobr\u0105 energi\u0105\u201d. Na\u00a0przyk\u0142ad mojego\u00a0m\u0119\u017ca .Czepiam si\u0119 go ju\u017c dwadzie\u015bcia lat.<\/p>\n<p style=\"text-align: justify;\">4.Z uciekania od\u00a0toksycznych ludzi. Ludzi , na\u00a0kt\u00f3rych mam uczulenie.<\/p>\n<p style=\"text-align: justify;\">5.Z uciekania w\u00a0\u015bwiat sztuki .Muzyka, Poezja , Film, Fotografia. Przede wszystkim.<\/p>\n<p style=\"text-align: justify;\">6.Z marze\u0144 o\u00a0d\u0142ugich wakacjach w\u00a0ciep\u0142ych i\u00a0jasnych krajach, kt\u00f3re dadz\u0105 mi si\u0142\u0119 na\u00a0\u017cycie w\u00a0zimniejszym i\u00a0ciemniejszym kraju .<\/p>\n<p style=\"text-align: justify;\">7.Z przezwyci\u0119\u017cania w\u0142asnych s\u0142abo\u015bci .Trudnej walki z\u00a0nimi.<\/p>\n<p style=\"text-align: justify;\">8.Z przyja\u017ani.<\/p>\n<p style=\"text-align: justify;\">9.Z mo\u017cliwo\u015bci pomagania innym. Bycia potrzebnym.<\/p>\n<p style=\"text-align: justify;\">10.Ze zmuszania si\u0119 do\u00a0ruchu (joga, pilates, spacery, jazda na\u00a0rowerze)<\/p>\n<p style=\"text-align: justify;\">Mo\u017cna by\u00a0tak jeszcze wymienia\u0107 i\u00a0wymienia\u0107\u2026<br \/>Ale\u00a0o\u00a0czym\u015b wa\u017cnym jeszcze chcia\u0142abym napisa\u0107.<\/p>\n<p style=\"text-align: justify;\">Poniewa\u017c jestem ju\u017c w\u00a0takim wieku, \u017ce\u00a0coraz cz\u0119\u015bciej zaczynaj\u0105 odchodzi\u0107 bardzo bliscy mi ludzie , nauczy\u0142am si\u0119 bardziej cieszy\u0107 z\u00a0tego powodu, \u017ce\u00a0spotka\u0142am Ich na\u00a0swojej drodze, ni\u017c martwi\u0107, \u017ce\u00a0musieli odej\u015b\u0107.<\/p>\n<p style=\"text-align: justify;\">Agnieszka Osiecka m\u00f3wi\u0142a mi cz\u0119sto przed\u00a0\u015bmierci\u0105, \u017ce\u00a0najwa\u017cniejsze w\u00a0Jej \u017cyciu by\u0142y tzw.: \u201dcudowne chwile\u201d. Coraz bardziej J\u0105 rozumiem . I\u00a0\u017cyj\u0119 tak\u017ce wspomnieniami tych chwil. Mia\u0142am szcz\u0119\u015bcie prze\u017cy\u0107 ich niezliczon\u0105 ilo\u015b\u0107. I\u00a0to , \u017ce\u00a0umiem by\u0107 za\u00a0to wdzi\u0119czna Losowi czy Bogu-daje mi wielk\u0105 rado\u015b\u0107 \u017cycia. W\u00a0najczarniejszych godzinach ciesz\u0119 si\u0119 , \u017ce\u00a0\u017cy\u0142am.<\/p>\n<p style=\"text-align: justify;\">I\u00a0mam nadziej\u0119 , \u017ce\u00a0to jeszcze chwil\u0119 potrwa.<\/p>\n<p align=\"right\">P\u0119cice Ma\u0142e 26 maja 2004r Magda Umer<\/p>\n<p align=\"right\"><a href=\"http:\/\/magdaumer.pl\/home\/prasa\/#top\"><b>Do\u00a0spisu artyku\u0142\u00f3w<\/b><\/a><\/p>\n","protected":false},"excerpt":{"rendered":"<p>Sk\u0105d pani czerpie rado\u015b\u0107 \u017cycia?pyta Alina Gutek\u0179r\u00f3d\u0142o:\u00a0Zwierciad\u0142o, lipiec 2004 \u201eSk\u0105d pani czerpie rado\u015b\u0107 \u017cycia?\u201d- pyta moja ulubiona pani Alina Gutek, czyli \u201eZwierciad\u0142o\u201d pr\u00f3ba odpowiedzi: To\u00a0pytanie zadane w\u00a0czasach, kiedy strach pos\u0142ucha\u0107 jakichkolwiek codziennych wiadomo\u015bci w\u00a0radiu czy telewizji, uwa\u017cam za\u00a0wyrafinowan\u0105 przebieg\u0142o\u015b\u0107, ale\u00a0rozumiem \u017ce\u00a0jako\u015b musimy si\u0119 ratowa\u0107 i\u00a0\u201eZwierciad\u0142o\u201d chce nam w\u00a0tym pom\u00f3c. 1.Z odwzajemnionej mi\u0142o\u015bci do\u00a0moich dzieci. 2.Z &hellip; <a href=\"https:\/\/magdaumer.pl\/home\/prasa\/skad-pani-czerpie-radosc-zycia\/\" class=\"more-link\">Czytaj dalej <span class=\"screen-reader-text\">SK\u0104D PANI CZERPIE RADO\u015a\u0106 \u017bYCIA?<\/span> <span class=\"meta-nav\">&rarr;<\/span><\/a><\/p>\n","protected":false},"author":1,"featured_media":0,"parent":27,"menu_order":0,"comment_status":"closed","ping_status":"closed","template":"","meta":{"footnotes":""},"class_list":["post-1964","page","type-page","status-publish","hentry"],"_links":{"self":[{"href":"https:\/\/magdaumer.pl\/home\/wp-json\/wp\/v2\/pages\/1964","targetHints":{"allow":["GET"]}}],"collection":[{"href":"https:\/\/magdaumer.pl\/home\/wp-json\/wp\/v2\/pages"}],"about":[{"href":"https:\/\/magdaumer.pl\/home\/wp-json\/wp\/v2\/types\/page"}],"author":[{"embeddable":true,"href":"https:\/\/magdaumer.pl\/home\/wp-json\/wp\/v2\/users\/1"}],"replies":[{"embeddable":true,"href":"https:\/\/magdaumer.pl\/home\/wp-json\/wp\/v2\/comments?post=1964"}],"version-history":[{"count":1,"href":"https:\/\/magdaumer.pl\/home\/wp-json\/wp\/v2\/pages\/1964\/revisions"}],"predecessor-version":[{"id":1965,"href":"https:\/\/magdaumer.pl\/home\/wp-json\/wp\/v2\/pages\/1964\/revisions\/1965"}],"up":[{"embeddable":true,"href":"https:\/\/magdaumer.pl\/home\/wp-json\/wp\/v2\/pages\/27"}],"wp:attachment":[{"href":"https:\/\/magdaumer.pl\/home\/wp-json\/wp\/v2\/media?parent=1964"}],"curies":[{"name":"wp","href":"https:\/\/api.w.org\/{rel}","templated":true}]}}