{"id":1948,"date":"2016-02-28T23:35:16","date_gmt":"2016-02-28T23:35:16","guid":{"rendered":"http:\/\/magdaumer.pl\/home\/?page_id=1948"},"modified":"2016-02-28T23:35:16","modified_gmt":"2016-02-28T23:35:16","slug":"momentami-ocieram-sie-o-szczescie","status":"publish","type":"page","link":"https:\/\/magdaumer.pl\/home\/prasa\/momentami-ocieram-sie-o-szczescie\/","title":{"rendered":"Momentami ocieram si\u0119 o szcz\u0119\u015bcie"},"content":{"rendered":"<p align=\"center\"><span style=\"color: #008000;\"><b>Momentami ocieram si\u0119 o\u00a0szcz\u0119\u015bcie\u00a0<\/b><\/span><br \/>Z\u00a0MAGD\u0104 UMER, pie\u015bniark\u0105, scenarzystk\u0105, autork\u0105 tekst\u00f3w piosenek, felietonistk\u0105, re\u017cyserem<br \/>Rozmawia\u0142: BOHDAN GDOMSKI<br \/><i>\u0179r\u00f3d\u0142o: ANGORA nr\u00a010, marzec 2011<\/i><\/p>\n<p><a name=\"momentamiocieram\"><\/a><\/p>\n<p>&nbsp;<\/p>\n<p><a name=\"momentamiocieram\"><\/a><\/p>\n<p style=\"text-align: justify;\" align=\"justify\"><i><b>Artystka, kt\u00f3ra\u00a0w\u00a0osobliwy w\u0119ze\u0142 splata swoje rozliczne pasje tw\u00f3rcze. W\u00a01971 roku za\u015bpiewa\u0142a na\u00a0festiwalu w\u00a0Opolu \u201eKoncert na\u00a0dwa \u015bwierszcze\u201d, kt\u00f3ry\u00a0zadecydowa\u0142 o\u00a0jej dalszej artystycznej drodze, ale\u00a0umia\u0142a \u0142\u0105czy\u0107 karier\u0119 ze\u00a0studiami i\u00a0uko\u0144czy\u0107 filologi\u0119 polsk\u0105 na\u00a0Uniwersytecie Warszawskim. Za\u00a0ca\u0142okszta\u0142t dzia\u0142a\u0144 w\u00a0dziedzinie kultury otrzyma\u0142a najwy\u017csze nagrody pa\u0144stwowe. Zapytana, kt\u00f3re nagrody s\u0105 dla niej najwa\u017cniejsze, odpowiada, \u017ce\u2026 dwaj synowie. Jej najnowsza p\u0142yta \u201eNoce i\u00a0sny\u201d zbli\u017ca si\u0119 do\u00a0z\u0142otej. Nagrywaj\u0105c j\u0105, marzy\u0142a, \u017ceby\u00a0by\u0142a potrzebna ludziom, i\u00a0wszystko wskazuje na\u00a0to, \u017ce\u00a0tak jest. Bo jest cudna.<\/b><\/i><\/p>\n<p style=\"text-align: justify;\"><b><br \/>\u2013 Wok\u00f3\u0142 same benefisy. Pani ju\u017c po?<\/b><br \/>\u2013 Tak. Odby\u0142 si\u0119 w\u00a0Teatrze Polonia w\u00a0ubieg\u0142ym roku, towarzyszy\u0142y mu niebywa\u0142e zdarzenia. Minister kultury i\u00a0dziedzictwa narodowego Bogdan Zdrojewski wr\u0119czy\u0142 mi z\u0142ot\u0105 Glori\u0119 Artis, ja wyst\u0105pi\u0142am z\u00a0recitalem, a\u00a0Agora wyda\u0142a a\u017c cztery moje\u00a0p\u0142yty. Benefis wypad\u0142 dostojnie i\u00a0powa\u017cnie, ale\u00a0nie pokazywa\u0142y tego media, jedynie teatr Krystyny Jandy. l chyba ona to\u00a0wszystko wymy\u015bli\u0142a.<\/p>\n<p style=\"text-align: justify;\"><b>\u2013 W\u00a02000 roku otrzyma\u0142a pani Krzy\u017c Kawalerski Orderu Odrodzenia Polski, czyli wszystko ju\u017c pani ma.<\/b><br \/>\u2013 Do\u00a0g\u0142owy mi nie przysz\u0142o, \u017ceby\u00a0cokolwiek \u015bwi\u0119towa\u0107 czy obchodzi\u0107, bo mnie w\u00a0sferze materialnej nic ju\u017c nie jest potrzebne do\u00a0\u017cycia. Nagrody, wyr\u00f3\u017cnienia to\u00a0tylko sympatyczny dodatek do\u00a0satysfakcji z\u00a0pracy. U\u015bwiadamia, dlaczego to\u00a0robimy i\u00a0po co.<\/p>\n<p style=\"text-align: justify;\">\u2013<b>\u00a0M\u00f3wi si\u0119 w\u00a0\u015brodowisku, \u017ce\u00a0straszna z\u00a0pani dziwaczka. Na\u00a0czym polega to\u00a0dziwactwo?<\/b><br \/>\u2013 Mo\u017ce dlatego, \u017ce\u00a0jestem samotnic\u0105 i\u00a0po\u0142ow\u0119 \u017cycia sp\u0119dzi\u0142am w\u00a0swoim towarzystwie, \u017ce\u00a0czasami, gdy\u00a0ludzie chc\u0105 mie\u0107 ze\u00a0mn\u0105 kontakt, ja tego unikam? W\u00a0pewnym sensie jestem odludkiem.<br \/><b><br \/>\u2013 A\u00a0mo\u017ce polega to\u00a0tak\u017ce na\u00a0tym, \u017ce\u00a0od lat nie ogl\u0105da pani telewizji, nie ma poj\u0119cia, co si\u0119 dzieje w\u00a0kraju i\u00a0na \u015bwiecie i\u00a0nie zna wielu topowych twarzy i\u00a0nazwisk?<\/b><br \/>\u2013 Postanowi\u0142am rzuci\u0107 ten na\u0142\u00f3g, bo kiedy\u015b nie tylko ogl\u0105da\u0142am telewizj\u0119, ale\u00a0r\u00f3wnie\u017c w\u00a0niej pracowa\u0142am. Kiedy stwierdzi\u0142am, \u017ce\u00a0telewizja zabiera mi nieprawdopodobn\u0105 ilo\u015b\u0107 czasu, nerw\u00f3w, niepotrzebnej irytacji, podczas gdy\u00a0mog\u0119 zrobi\u0107 co\u015b innego, warto\u015bciowszego, przesta\u0142am j\u0105 ogl\u0105da\u0107.<\/p>\n<p style=\"text-align: justify;\"><b>\u2013 Powiedzia\u0142a pani, \u017ce\u00a0to rodzaj samoobrony. Przed\u00a0czym?<\/b><br \/>\u2013 Przed\u00a0g\u0142upot\u0105, banalno\u015bci\u0105, przed\u00a0\u015brednio\u015bci\u0105, a\u00a0przede wszystkim przed\u00a0powierzchowno\u015bci\u0105. Zauwa\u017cy\u0142am, \u017ce\u00a0\u015bwiat ksi\u0105\u017cek, zwierz\u0105t, przyrody, muzyki jest ciekawszy, lepszy, bardziej mi pomagaj\u0105cy. Nie widz\u0119 wi\u0119c powodu, \u017cebym sama \u0142adowa\u0142a si\u0119 w\u00a0szpony na\u0142ogu, bo ogl\u0105danie telewizji jest na\u0142ogiem, z\u00a0kt\u00f3rego trudno si\u0119 wydosta\u0107. Teraz bardziej szanuj\u0119 czas i\u00a0pragn\u0119 wykorzystywa\u0107 go m\u0105drzej. Szkoda mi \u017cycia na\u00a0byle co.<\/p>\n<p style=\"text-align: justify;\"><b>\u2013 Mog\u0142a pani dopie\u015bci\u0107 w\u00a0ka\u017cdym szczeg\u00f3le swoj\u0105 now\u0105, znakomit\u0105 p\u0142yt\u0119 \u201eNoce i\u00a0sny\u201d z\u00a017 przepi\u0119knymi piosenkami, kt\u00f3ra\u00a0ukaza\u0142a si\u0119 na\u00a0rynku. Napisa\u0142a pani w\u00a0do\u0142\u0105czonej do\u00a0niej ksi\u0105\u017ceczce, \u017ce\u00a0ta p\u0142yta jest pani potrzebna do\u00a0szcz\u0119\u015bcia i\u00a0nieszcz\u0119\u015bcia. Dlaczego do\u00a0szcz\u0119\u015bcia \u2013 rozumiem, ale\u00a0\u017ce do\u00a0nieszcz\u0119\u015bcia \u2013 nie pojmuje.<\/b><br \/>\u2013 \u017bycie sk\u0142ada si\u0119 ze\u00a0szcz\u0119\u015bcia i\u00a0nieszcz\u0119\u015bcia, a\u00a0mnie ta p\u0142yta potrzebna jest do\u00a0\u017cycia. Piosenki s\u0105 lekarstwem. Pomagaj\u0105, mam nadziej\u0119, nie tylko mnie, ale\u00a0tak\u017ce wielu ludziom. P\u0142yta dobrze si\u0119 sprzedaje i\u00a0mam wra\u017cenie, \u017ce\u00a0jest potrzebna.<br \/><b><br \/>\u2013 Zatrzyma\u0142a pani na\u00a0niej par\u0119 chwil, kt\u00f3re by\u0142y szczeg\u00f3lnie wa\u017cne. Co to\u00a0za chwile?<\/b><br \/>\u2013 Ca\u0142e \u017cycie sk\u0142ada si\u0119 z\u00a0chwil. O\u00a0jednych chcemy zapomnie\u0107, inne s\u0105 kompletnie nieistotne z\u00a0punktu widzenia momentu, w\u00a0kt\u00f3rym si\u0119 wydarzy\u0142y. Po\u00a0latach okazuje si\u0119, \u017ce\u00a0te z\u00a0pozoru nieistotne by\u0142y nadzwyczaj wa\u017cne i\u00a0przypominaj\u0105 si\u0119 nam w\u00a0nieweso\u0142ych okresach \u017cycia. Gdyby\u015bmy nie prze\u017cywali smutnych historii i\u00a0nie bywali nieszcz\u0119\u015bliwi, nie umieliby\u015bmy doceni\u0107 szcz\u0119\u015bcia.<\/p>\n<p style=\"text-align: justify;\"><b>\u2013 Zauwa\u017cy\u0142em, \u017ce\u00a0jak zwykle najwa\u017cniejsze jest dla pani s\u0142owo, kt\u00f3re w\u00a0pani specyficznej interpretacji jest tak\u017ce muzyk\u0105.<\/b><br \/>\u2013 Kierownikiem muzycznym p\u0142yty \u201eNoce i\u00a0sny\u201d jest Wojciech Borkowski, autor wielu aran\u017cacji. Jemu zawdzi\u0119czam jej powstanie. \u015apiewam piosenki naszych najwybitniejszych tw\u00f3rc\u00f3w, zar\u00f3wno autor\u00f3w tekst\u00f3w, jak i\u00a0kompozytor\u00f3w. S\u0142owo wypowiedziane jest tak\u017ce d\u017awi\u0119kiem, muzyk\u0105. Jest darem od\u00a0losu, a\u00a0ja mog\u0119 by\u0107 \u0142\u0105cznikiem mi\u0119dzy nim a\u00a0odbiorc\u0105. Wybra\u0142am swoje ukochane piosenki na\u00a0obecnym etapie \u017cycia i\u00a0okaza\u0142o si\u0119, \u017ce\u00a0s\u0105 one zupe\u0142n\u0105 nowo\u015bci\u0105 dla m\u0142odego pokolenia.<\/p>\n<p style=\"text-align: justify;\"><b>\u2013 Pani piosenki s\u0105 zawsze nostalgiczne. Te na\u00a0nowej p\u0142ycie tak\u017ce. Czy dlatego, \u017ce\u00a0taka jest pani w\u00a0\u015brodku?<\/b><br \/>\u2013 Jestem osob\u0105 smutno-weso\u0142\u0105. Momentami nawet ocieram si\u0119 o\u00a0szcz\u0119\u015bcie! Jestem wdzi\u0119czna losowi za\u00a0swoje \u017cycie. Chyba nie chcia\u0142abym si\u0119 z\u00a0nikim zamieni\u0107.<\/p>\n<p style=\"text-align: justify;\"><b>\u2013 Jestem ciekaw, jak wypad\u0142aby pani w\u00a0diametralnie r\u00f3\u017cnym, wr\u0119cz frywolnym repertuarze?<\/b><br \/>\u2013 Mo\u017ce nie a\u017c frywolnym, ale\u00a0bliski jest mi \u015brodek wyrazu, kt\u00f3ry\u00a0nazywa si\u0119 pikanteria, bardzo bliski Jeremiemu Przyborze. Za\u015bpiewa\u0142am kiedy\u015b jego piosenk\u0119 \u201ePanienka z\u00a0temperamentem\u201d, kt\u00f3r\u0105 uwielbiam. Teraz otrzyma\u0142am ju\u017c propozycj\u0119 nagrania nast\u0119pnej p\u0142yty i\u00a0zastanawiam si\u0119, czy nie poszuka\u0107 pogodnych piosenek. Odgoni\u0107 smutek. Oczywi\u015bcie musia\u0142yby by\u0107 na\u00a0wysokim poziomie artystycznym. To\u00a0by\u0142oby dla mnie wyzwanie.<\/p>\n<p style=\"text-align: justify;\"><b>\u2013 Powiedzia\u0142a pani, \u017ce\u00a0jak b\u0119dzie staruszk\u0105, postara si\u0119 jak najcz\u0119\u015bciej u\u015bmiecha\u0107 i\u00a0pod\u015bpiewywa\u0107 \u201eWeso\u0142e jest \u017cycie staruszki\u201d. M\u00f3wi\u0142a to\u00a0pani powa\u017cnie?<\/b><br \/>\u2013 Mo\u017ce troch\u0119 \u017cartowa\u0142am, ale\u00a0bardzo intensywnie pracuj\u0119 nad\u00a0tym, \u017ceby\u00a0nie wychodzi\u0107 do\u00a0ludzi w\u00a0z\u0142ym nastroju. Wychodz\u0119 do\u00a0ludzi wtedy, kiedy mog\u0119 si\u0119 do\u00a0nich u\u015bmiechn\u0105\u0107.<\/p>\n<p style=\"text-align: justify;\"><b>\u2013 Podkre\u015bla pani, \u017ce\u00a0jest w\u00a0listopadzie \u017cycia, ale\u00a0nie m\u00f3wi, w\u00a0jakim nastroju wesz\u0142a w\u00a0ten okres?<\/b><br \/>\u2013 Wesz\u0142am we\u0144 rado\u015bnie, nieoczekiwanie dla samej siebie. Pogodnie i\u00a0rado\u015bnie. Dlatego cz\u0119sto m\u00f3wi\u0119, \u017ce\u00a0staro\u015b\u0107 jest dla mnie \u0142askawsza ni\u017c m\u0142odo\u015b\u0107. W\u00a0m\u0142odo\u015bci bywa\u0142o du\u017co smutniej.<\/p>\n<p style=\"text-align: justify;\"><b>\u2013 Nie ukrywa pani swojego wieku, ale\u00a0ostatnio podda\u0142a si\u0119 pewnej metamorfozie.<\/b><br \/>\u2013 Chyba tylko na\u00a0zewn\u0105trz. Dzi\u0119ki pani doktor Lidii Trawi\u0144skiej dzielnie schud\u0142am prawie 20 kilogram\u00f3w. \u017beby w\u00a0wieku, w\u00a0jakim jestem, jeszcze troch\u0119 po\u017cy\u0107, musz\u0119 zacz\u0105\u0107 wreszcie my\u015ble\u0107 o\u00a0zdrowiu. Dlatego dbam o\u00a0siebie.<\/p>\n<p style=\"text-align: justify;\"><b>\u2013 Czy udawa\u0142o si\u0119 pani bra\u0107 \u017cycie w\u00a0swoje r\u0119ce i\u00a0wychodzi\u0107 naprzeciw czemu\u015b, czego bardzo pani chcia\u0142a?<\/b><br \/>\u2013 Bardzo cz\u0119sto tak robi\u0142am i\u00a0dlatego wiele razy dostawa\u0142am po\u00a0nosie. Ale\u00a0nigdy nie by\u0142o to\u00a0dla mnie nauczk\u0105. \u017bycie musi mie\u0107 temperatur\u0119.<\/p>\n<p style=\"text-align: justify;\"><b>\u2013 Tym bardziej \u017ce\u00a0\u017cycie mia\u0142a pani ciekawe. Czy umia\u0142a to\u00a0pani doceni\u0107?<\/b><br \/>\u2013 Tak! Codziennie za\u00a0nie dzi\u0119kuj\u0119.<\/p>\n<p style=\"text-align: justify;\"><b>\u2013 Wola\u0142aby pani by\u0107 szczuplejsza, spokojniejsza, m\u0105drzejsza, zdrowsza, ale\u2026 niekoniecznie m\u0142odsza?<\/b><br \/>\u2013 Szczuplejsza \u2013 ju\u017c nie. Zdrowsza \u2013 tak. Ale\u00a0m\u0142odo\u015bci nikomu nie zazdroszcz\u0119, bo w\u00a0\u015brodku jestem m\u0142odsza od\u00a0niejednej studentki.<\/p>\n<p style=\"text-align: justify;\"><b>\u2013 Jacy s\u0105 pani dwaj synowie?<\/b><br \/>\u2013 Wspaniali. Mateusz ma 33 lata, \u017con\u0119, jest po\u00a0dw\u00f3ch fakultetach, zna trzy j\u0119zyki. Franek ma 25 lat, sko\u0144czy\u0142 socjologi\u0119 i\u00a0jest teraz na\u00a0studium doktoranckim, zna dwa j\u0119zyki. Obaj zdaj\u0105 si\u0119 pochodzi\u0107 z\u00a0innej epoki. Je\u015bli zamierza mnie pan zapyta\u0107, co uwa\u017cam za\u00a0sw\u00f3j najwi\u0119kszy sukces, to\u00a0odpowiem, \u017ce\u00a0dzieci. Ale\u00a0on jest tylko troch\u0119 m\u00f3j\u2026<\/p>\n<p style=\"text-align: justify;\"><b>\u2013 Wiem, \u017ce\u00a0ma pani du\u017cy dystans do\u00a0siebie\u2026<\/b><br \/>\u2013 Mam nadziej\u0119. Na\u00a0tyle wystarczaj\u0105cy, \u017ce\u00a0nigdy nie przewr\u00f3ci\u0142o mi si\u0119 w\u00a0g\u0142owie i\u00a0nie mia\u0142am uczucia, \u017ce\u00a0jestem p\u0119pkiem \u015bwiata. Ilekro\u0107 co\u015b mi si\u0119 uda\u0142o w\u00a0\u017cyciu zawodowym, to\u00a0nie wychodzi\u0142o w\u00a0\u017cyciu prywatnym i\u00a0odwrotnie. Zawsze wiedzia\u0142am, \u017ce\u00a0jest co\u015b za\u00a0co\u015b, \u017ce\u00a0po nocy przychodzi dzie\u0144. Bywa\u0142o r\u00f3\u017cnie, ale\u00a0zawsze kierowa\u0142am si\u0119 zasad\u0105, \u017ceby\u00a0jak najwi\u0119cej czasu sp\u0119dza\u0107 z\u00a0lud\u017ami m\u0105drzejszymi i\u00a0zdolniejszymi od\u00a0siebie. Uwa\u017ca\u0142am, \u017ce\u00a0lepiej jest by\u0107 najgorsz\u0105 w\u015br\u00f3d najlepszych, ni\u017c najlepsz\u0105 w\u015br\u00f3d \u015brednich. Dzi\u0119ki temu sp\u0119dzi\u0142am \u017cycie w\u015br\u00f3d sztuki i\u00a0muzyki najwy\u017cszej jako\u015bci.<\/p>\n<p style=\"text-align: justify;\"><b>\u2013 Podobno w\u00a0poprzednim wcieleniu by\u0142a pani jarz\u0119bin\u0105?<\/b><br \/>\u2013 Gdyby\u015bmy odchodz\u0105c, mogli si\u0119 w\u00a0co\u015b zamieni\u0107, to\u00a0ja chcia\u0142abym by\u0107 jarz\u0119bin\u0105, bo to\u00a0moje ukochane drzewo.<\/p>\n<p style=\"text-align: justify;\"><b>\u2013 \u015awiat Magdy Umer to\u00a0malutki brzozowy las i\u00a0\u0142\u0105ki pe\u0142ne zjawiskowej naw\u0142oci, po\u00a0kt\u00f3rej spaceruj\u0105 ba\u017canty\u2026<\/b><br \/>\u2013 Tak powiedzia\u0142am w\u00a0wywiadzie w\u00a0latach dziewi\u0119\u0107dziesi\u0105tych, a\u00a0teraz, rozmawiaj\u0105c z\u00a0panem, patrz\u0119 przez to\u00a0samo okno i\u00a0widz\u0119, \u017ce\u00a0male\u0144kie drzewa s\u0105 ju\u017c bardzo wysokimi brzozami. Wszystko uros\u0142o, dojrza\u0142o. Jest pi\u0119knie.<\/p>\n<p style=\"text-align: justify;\"><b>\u2013 Ale\u00a0w\u00a0saunie i\u00a0bardzo ciep\u0142ym morzu czuje si\u0119 pani jeszcze lepiej?<\/b><br \/>\u2013 Uwielbiam ciep\u0142o. Tydzie\u0144 temu wr\u00f3ci\u0142am znad bardzo ciep\u0142ego, z\u00a0pozoru tylko Martwego Morza. Zwiedza\u0142am Bliski Wsch\u00f3d. W\u00a0Jordanii ogl\u0105da\u0142am zjawiskow\u0105 Petr\u0119. Towarzyszy\u0142 mi syn Franek, kt\u00f3ry\u00a0mia\u0142 marzenie, \u017ceby\u00a0tam nurkowa\u0107 z\u00a0delfinami i\u00a0uda\u0142o si\u0119! Patrzy\u0142am na\u00a0to i\u00a0cieszy\u0142o mnie jego szcz\u0119\u015bcie.<\/p>\n<p style=\"text-align: justify;\">\u2013<b>\u00a0Byli\u015bcie tylko we\u00a0dwoje?<\/b><br \/>\u2013 Tak, to\u00a0by\u0142 powr\u00f3t do\u00a0niezwyk\u0142ej za\u017cy\u0142o\u015bci i\u00a0przyja\u017ani. Bardzo wa\u017cna dla mnie wyprawa. Podobny czas sp\u0119dzi\u0142am kilka lat temu ze\u00a0starszym synem \u2013 Mateuszem, kt\u00f3ry\u00a0zaprosi\u0142 mnie do\u00a0Nowej Zelandii, gdzie studiowa\u0142. Moi synowie, ju\u017c samodzielni m\u0119\u017cczy\u017ani, s\u0105 tak\u017ce moimi przyjaci\u00f3\u0142mi. Jestem szcz\u0119\u015bliwa, mog\u0105c z\u00a0nimi rozmawia\u0107 o\u00a0wszystkim.<\/p>\n<p style=\"text-align: justify;\"><b>\u2013 Synowie s\u0105 podobni do\u00a0pani?<\/b><br \/>\u2013 Mam nadziej\u0119, \u017ce\u00a0s\u0105 rado\u015bniejsi, \u017ce\u00a0nie nosz\u0105 w\u00a0sobie smutku niezale\u017cnego od\u00a0nich, jaki mi towarzyszy.<\/p>\n<p style=\"text-align: justify;\"><b>\u2013 Nie poszli w\u00a0pani \u015blady\u2026<\/b><br \/>\u2013 Na\u00a0szcz\u0119\u015bcie.<\/p>\n<p style=\"text-align: justify;\"><b>\u2013 Ciekawy jestem, czy s\u0142uchaj\u0105 pani piosenek?<\/b><br \/>\u2013 Je\u017celi s\u0142uchaj\u0105, to\u00a0w\u00a0tajemnicy przede mn\u0105. Kiedy\u015b Franek s\u0142ucha\u0142 Mu\u0144ka Staszczyka i\u00a0powiedzia\u0142 mi, \u017ce\u00a0jestem prawie tak dobra jak on, tylko \u015bpiewam troch\u0119 inaczej. By\u0142 to\u00a0dla mnie najwi\u0119kszy komplement.<\/p>\n<p style=\"text-align: justify;\"><b>\u2013 Co m\u00f3wi\u0105 o\u00a0nowej p\u0142ycie?<\/b><br \/>\u2013 My\u015bl\u0119, \u017ce\u00a0im si\u0119 podoba, bo odnajduj\u0105 w\u00a0niej wa\u017cne tematy.<\/p>\n<p style=\"text-align: justify;\"><b>\u2013 Nie \u017ca\u0142uje pani, \u017ce\u00a0nie mieszkacie ju\u017c razem?<\/b><br \/>\u2013 Nie, nigdy nie by\u0142am zaborcz\u0105 matk\u0105, kt\u00f3ra\u00a0chce mie\u0107 dzieci tylko dla siebie. Jestem szcz\u0119\u015bliwa, \u017ce\u00a0do\u017cy\u0142am czasu, gdy\u00a0oni poczuli si\u0119 na\u00a0tyle doro\u015bli, \u017ce\u00a0zapragn\u0119li mie\u0107 swoje mieszkania, swoje \u017cycie.<\/p>\n<p style=\"text-align: justify;\"><b>\u2013 Wspomnijmy r\u00f3wnie wa\u017cne dla pani osoby. Na\u00a0pocz\u0105tek Agnieszk\u0119 Osieck\u0105.<\/b><br \/>\u2013 Wszyscy nas ze\u00a0sob\u0105 kojarz\u0105, a\u00a0przecie\u017c Agnieszka mia\u0142a wielu przyjaci\u00f3\u0142. Mo\u017ce dlatego, \u017ce\u00a0zrobi\u0142am dla niej koncert \u201eZielono mi\u201d i\u00a0\u201eRozmowy o\u00a0zmierzchu i\u00a0\u015bwicie\u201d, \u017ce\u00a0obie by\u0142y\u015bmy urodzone 9 pa\u017adziernika, tylko ja 13 lat p\u00f3\u017aniej. Mo\u017ce dlatego, \u017ce\u00a0jeste\u015bmy troch\u0119 podobne?<\/p>\n<p style=\"text-align: justify;\"><b>\u2013 A\u00a0Krystyna Janda?<\/b><br \/>\u2013 Jest mi bardzo blisk\u0105 osob\u0105. Du\u017co razem pracowa\u0142y\u015bmy. Poniewa\u017c Krystyna ca\u0142a sk\u0142ada si\u0119 z\u00a0pracy, bli\u017cej mo\u017ce si\u0119 przyjrze\u0107 drugiej osobie tylko w\u00a0pracy. Je\u015bli mia\u0142abym co\u015b o\u00a0niej powiedzie\u0107, to\u00a0najpierw, \u017ce\u00a0jest pracowita, a\u00a0dopiero potem, \u017ce\u00a0genialna, m\u0105dra itd. Dawno mog\u0142aby spocz\u0105\u0107 na\u00a0laurach i\u00a0odcina\u0107 kupony, ale\u00a0praca wci\u0105\u017c jest dla niej najwa\u017cniejsza.<\/p>\n<p style=\"text-align: justify;\"><b>\u2013 A\u00a0Zuzanna \u0141apicka?<\/b><br \/>\u2013 Zuzanna jest moim promyczkiem, s\u0142o\u0144cem. Z\u00a0natury bardzo pogodna. Ma w\u00a0sobie co\u015b takiego, \u017ce\u00a0siedz\u0105c ko\u0142o niej, czuje si\u0119 dobr\u0105 energi\u0119. Jest jeszcze Magda Czapi\u0144ska, poetka, autorka tekst\u00f3w piosenek (\u201eWsi\u0105\u015b\u0107 do\u00a0poci\u0105gu byle jakiego\u201d, \u201eW moim magicznym domu\u201d, \u201eNa dowolnie wybranym boku\u201d), moja psychoterapeutka, kt\u00f3r\u0105 Andrzej Poniedzielski nazwa\u0142 psychoterapoetk\u0105.<\/p>\n<p style=\"text-align: justify;\"><b>\u2013 O\u00a0w\u0142a\u015bnie, jest jeszcze Andrzej Poniedzielski\u2026<\/b><br \/>\u2013 To\u00a0m\u00f3j duchowy brat. Mroczna osobowo\u015b\u0107 z\u00a0jasnym u\u015bmiechem. Jeste\u015bmy do\u00a0siebie jako\u015b podobni, mamy podobny dystans do\u00a0\u015bwiata i\u00a0typ poczucia humoru. Przede wszystkim na\u00a0w\u0142asny temat. Zrobili\u015bmy spektakl teatralny pod\u00a0tytu\u0142em: \u201eChlip-Hop\u201d, kt\u00f3ry\u00a0gramy w\u00a0teatrze Ateneum. Ju\u017c pi\u0105ty rok! S\u0105 widzowie, kt\u00f3rzy\u00a0przychodz\u0105 na\u00a0to po\u00a015-20 razy, bo poprawia im samopoczucie. M\u00f3wi\u0105, \u017ce\u00a0to kultowy spektakl. Od\u00a0kilku lat piszemy tak\u017ce b\u0142oga dla Wirtualnej Polski.<\/p>\n<p style=\"text-align: justify;\"><b>\u2013 Nie mo\u017cemy zapomnie\u0107 o\u00a0Jeremim Przyborze.<\/b><br \/>\u2013 Ale\u017c\u00a0sk\u0105d, nie pozwoli\u0142abym na\u00a0to! Je\u015bli mia\u0142abym stopniowa\u0107 swoje przyja\u017anie czy stopnie za\u017cy\u0142o\u015bci, to\u00a0przyja\u017a\u0144 z\u00a0Jeremim Przybor\u0105 by\u0142a dla mnie najwa\u017cniejsza. By\u0142 dla mnie kim\u015b nie do\u00a0opowiedzenia bliskim i\u00a0wa\u017cnym, a\u00a0jednocze\u015bnie mistrzem. Wychowa\u0142 mnie od\u00a0ma\u0142ego, bo pierwszy Kabaret Starszych Pan\u00f3w ukaza\u0142 si\u0119, gdy\u00a0mia\u0142am dziewi\u0119\u0107 lat. Chodzi\u0142am do\u00a0s\u0105siadki, \u017ceby\u00a0go ogl\u0105da\u0107, bo nie mieli\u015bmy w\u00a0domu telewizora.<\/p>\n<p style=\"text-align: justify;\"><b>\u2013 Co ma pani wpisane w\u00a0rubryce zaw\u00f3d?<\/b><br \/>\u2013 Pie\u015bniarka, re\u017cyser, scenarzystka, autorka tekst\u00f3w piosenek.<\/p>\n<p style=\"text-align: justify;\"><b>\u2013 Najpe\u0142niej jednak wypowiada si\u0119 pani jako pie\u015bniarka?<\/b><br \/>\u2013 Gdy\u00a0zacz\u0119\u0142am robi\u0107 przedstawienia teatralne, poczu\u0142am, \u017ce\u00a0jestem w\u00a0swoim \u017cywiole, \u017ce\u00a0praca z\u00a0aktorami, nad\u00a0scenariuszem sprawia mi nieopisanie wi\u0119cej rado\u015bci ni\u017c stanie samotnie na\u00a0scenie i\u00a0wstydzenie si\u0119 do\u00a0nie^ przytomno\u015bci, trema i\u00a0\u015bpiewanie piosenek. Na\u00a0staro\u015b\u0107 to\u00a0si\u0119 troch\u0119 zmieni\u0142o. Wyj\u015bcie na\u00a0scen\u0119 nie jest ju\u017c dla mnie tak parali\u017cuj\u0105ce. Mam uczucie, \u017ce\u00a0m\u0142odszym pokoleniom mam co\u015b wa\u017cnego do\u00a0przekazania. Czuj\u0119 fal\u0119 ciep\u0142a bij\u0105c\u0105 od\u00a0publiczno\u015bci, co jest bardzo wa\u017cne.<\/p>\n<p style=\"text-align: justify;\"><b>\u2013 B\u0119d\u0105 nowe piosenki, nowe p\u0142yty, nowe recitale?<\/b><br \/>\u2013 Nie wykluczam tego. Ale\u00a0to, na\u00a0co teraz czekam najbardziej, to\u00a0zielone li\u015bcie na\u00a0drzewach. Wiosna \u015bni mi si\u0119 po\u00a0nocach.<\/p>\n<p style=\"text-align: justify;\"><b>\u2013 Zastanawiam si\u0119, od\u00a0czego w\u00a0pani przypadku zale\u017cy to\u00a0ci\u0105gle istnienie w\u00a0zawodzie?<\/b><br \/>\u2013 Czuj\u0119 si\u0119 osob\u0105 potrzebn\u0105. W\u015br\u00f3d wielbicieli mam kilkuletnie dzieci, kt\u00f3re zasypiaj\u0105 przy moich\u00a0ko\u0142ysankach nagranych kiedy\u015b z\u00a0Grzegorzem Turnauem.<\/p>\n<p style=\"text-align: justify;\"><b>\u2013 Czyli, jeszcze d\u0142ugo b\u0119dziemy si\u0119 pani\u0105 cieszy\u0107.<\/b><br \/>\u2013 Chcia\u0142abym, ale\u00a0to ju\u017c nie ja o\u00a0tym decyduj\u0119.<\/p>\n<p>&nbsp;<\/p>\n<p><a name=\"momentamiocieram\"><\/a><\/p>\n<p style=\"text-align: right;\" align=\"right\"><a name=\"momentamiocieram\"><\/a><a href=\"http:\/\/magdaumer.pl\/home\/prasa\/#top\"><b>Do\u00a0spisu artyku\u0142\u00f3w<\/b><\/a><\/p>\n","protected":false},"excerpt":{"rendered":"<p>Momentami ocieram si\u0119 o\u00a0szcz\u0119\u015bcie\u00a0Z\u00a0MAGD\u0104 UMER, pie\u015bniark\u0105, scenarzystk\u0105, autork\u0105 tekst\u00f3w piosenek, felietonistk\u0105, re\u017cyseremRozmawia\u0142: BOHDAN GDOMSKI\u0179r\u00f3d\u0142o: ANGORA nr\u00a010, marzec 2011 &nbsp; Artystka, kt\u00f3ra\u00a0w\u00a0osobliwy w\u0119ze\u0142 splata swoje rozliczne pasje tw\u00f3rcze. W\u00a01971 roku za\u015bpiewa\u0142a na\u00a0festiwalu w\u00a0Opolu \u201eKoncert na\u00a0dwa \u015bwierszcze\u201d, kt\u00f3ry\u00a0zadecydowa\u0142 o\u00a0jej dalszej artystycznej drodze, ale\u00a0umia\u0142a \u0142\u0105czy\u0107 karier\u0119 ze\u00a0studiami i\u00a0uko\u0144czy\u0107 filologi\u0119 polsk\u0105 na\u00a0Uniwersytecie Warszawskim. Za\u00a0ca\u0142okszta\u0142t dzia\u0142a\u0144 w\u00a0dziedzinie kultury otrzyma\u0142a najwy\u017csze &hellip; <a href=\"https:\/\/magdaumer.pl\/home\/prasa\/momentami-ocieram-sie-o-szczescie\/\" class=\"more-link\">Czytaj dalej <span class=\"screen-reader-text\">Momentami ocieram si\u0119 o szcz\u0119\u015bcie<\/span> <span class=\"meta-nav\">&rarr;<\/span><\/a><\/p>\n","protected":false},"author":1,"featured_media":0,"parent":27,"menu_order":0,"comment_status":"closed","ping_status":"closed","template":"","meta":{"footnotes":""},"class_list":["post-1948","page","type-page","status-publish","hentry"],"_links":{"self":[{"href":"https:\/\/magdaumer.pl\/home\/wp-json\/wp\/v2\/pages\/1948","targetHints":{"allow":["GET"]}}],"collection":[{"href":"https:\/\/magdaumer.pl\/home\/wp-json\/wp\/v2\/pages"}],"about":[{"href":"https:\/\/magdaumer.pl\/home\/wp-json\/wp\/v2\/types\/page"}],"author":[{"embeddable":true,"href":"https:\/\/magdaumer.pl\/home\/wp-json\/wp\/v2\/users\/1"}],"replies":[{"embeddable":true,"href":"https:\/\/magdaumer.pl\/home\/wp-json\/wp\/v2\/comments?post=1948"}],"version-history":[{"count":1,"href":"https:\/\/magdaumer.pl\/home\/wp-json\/wp\/v2\/pages\/1948\/revisions"}],"predecessor-version":[{"id":1949,"href":"https:\/\/magdaumer.pl\/home\/wp-json\/wp\/v2\/pages\/1948\/revisions\/1949"}],"up":[{"embeddable":true,"href":"https:\/\/magdaumer.pl\/home\/wp-json\/wp\/v2\/pages\/27"}],"wp:attachment":[{"href":"https:\/\/magdaumer.pl\/home\/wp-json\/wp\/v2\/media?parent=1948"}],"curies":[{"name":"wp","href":"https:\/\/api.w.org\/{rel}","templated":true}]}}