{"id":1427,"date":"2016-01-02T13:51:17","date_gmt":"2016-01-02T13:51:17","guid":{"rendered":"http:\/\/magdaumer.pl\/home\/?page_id=1427"},"modified":"2016-03-01T22:02:10","modified_gmt":"2016-03-01T22:02:10","slug":"pora-dobrej-nocy","status":"publish","type":"page","link":"https:\/\/magdaumer.pl\/home\/spiewnik\/pora-dobrej-nocy\/","title":{"rendered":"Pora Dobrej Nocy"},"content":{"rendered":"<p><span style=\"font-family: verdana, geneva, sans-serif;\"><b><span style=\"color: #000080; font-size: 14pt;\">Pora dobrej nocy<\/span><br \/><span style=\"color: #6699ff; font-size: small;\">(s\u0142. M. Umer, muz. G. Turnau)<\/span><span style=\"color: #3399ff; font-size: small;\"><br \/><\/span><br \/><\/b><\/span><\/p>\n<p><span style=\"font-family: verdana, geneva, sans-serif;\">Przysz\u0142a pora ko\u0142ysanek<\/span><br \/><span style=\"font-family: verdana, geneva, sans-serif;\">Przysz\u0142a pora utulanek<\/span><br \/><span style=\"font-family: verdana, geneva, sans-serif;\">Przysz\u0142a pora namawiania do spania, do spania&#8230;<\/span><br \/><span style=\"font-family: verdana, geneva, sans-serif;\">To jest pora dobrej nocy<\/span><br \/><span style=\"font-family: verdana, geneva, sans-serif;\">To jest pora ciep\u0142ych kocy<\/span><br \/><span style=\"font-family: verdana, geneva, sans-serif;\">To jest pora zasypiania, zasypiania&#8230;<\/span><\/p>\n<p><span style=\"font-family: verdana, geneva, sans-serif;\">Kiedy klej\u0105 ci si\u0119 oczy<\/span><br \/><span style=\"font-family: verdana, geneva, sans-serif;\">To ju\u017c m\u00f3wi\u0107 nie ma o czym<\/span><br \/><span style=\"font-family: verdana, geneva, sans-serif;\">To ju\u017c trzeba tylko spa\u0107<\/span><br \/><span style=\"font-family: verdana, geneva, sans-serif;\">P\u0142yn\u0105\u0107 w kolorowym niebie<\/span><br \/><span style=\"font-family: verdana, geneva, sans-serif;\">I odpocz\u0105\u0107 ciut od siebie<\/span><br \/><span style=\"font-family: verdana, geneva, sans-serif;\">\u017beby rano znowu ch\u0119tnie wsta\u0107<\/span><br \/><span style=\"font-family: verdana, geneva, sans-serif;\">We \u015bnie wszystko jest ciekawsze<\/span><br \/><span style=\"font-family: verdana, geneva, sans-serif;\">We \u015bnie wierzysz, \u017ce na zawsze<\/span><br \/><span style=\"font-family: verdana, geneva, sans-serif;\">Tak szcz\u0119\u015bliwie i tak dobrze mo\u017ce by\u0107, mo\u017ce by\u0107<\/span><\/p>\n<p><span style=\"font-family: verdana, geneva, sans-serif;\">We \u015bnie mog\u0105 wszyscy wr\u00f3ci\u0107<\/span><br \/><span style=\"font-family: verdana, geneva, sans-serif;\">We \u015bnie mo\u017cesz si\u0119 nie smuci\u0107<\/span><br \/><span style=\"font-family: verdana, geneva, sans-serif;\">We \u015bnie mo\u017cesz jeszcze pi\u0119kniej \u017cy\u0107<\/span><\/p>\n<p><span style=\"font-family: verdana, geneva, sans-serif;\">Kiedy klej\u0105 ci si\u0119 oczy<\/span><br \/><span style=\"font-family: verdana, geneva, sans-serif;\">To ju\u017c m\u00f3wi\u0107 nie ma o czym<\/span><br \/><span style=\"font-family: verdana, geneva, sans-serif;\">To ju\u017c trzeba tylko spa\u0107<\/span><br \/><span style=\"font-family: verdana, geneva, sans-serif;\">P\u0142yn\u0105\u0107 w kolorowym niebie<\/span><br \/><span style=\"font-family: verdana, geneva, sans-serif;\">I odpocz\u0105\u0107 ciut od siebie<\/span><br \/><span style=\"font-family: verdana, geneva, sans-serif;\">\u017beby rano znowu ch\u0119tnie wsta\u0107<\/span><\/p>\n<p><span style=\"font-family: verdana, geneva, sans-serif;\">Przysz\u0142a pora ko\u0142ysanek<\/span><br \/><span style=\"font-family: verdana, geneva, sans-serif;\">Przysz\u0142a pora utulanek<\/span><br \/><span style=\"font-family: verdana, geneva, sans-serif;\">Przysz\u0142a pora namawiania do spania, do spania&#8230;<\/span><br \/><span style=\"font-family: verdana, geneva, sans-serif;\">To jest pora dobrej nocy<\/span><br \/><span style=\"font-family: verdana, geneva, sans-serif;\">To jest pora ciep\u0142ych kocy<\/span><br \/><span style=\"font-family: verdana, geneva, sans-serif;\">To jest pora zasypiania, zasypiania&#8230;<\/span><\/p>\n<p>&nbsp;<\/p>\n<audio class=\"wp-audio-shortcode\" id=\"audio-1427-1\" preload=\"none\" style=\"width: 100%;\" controls=\"controls\"><source type=\"audio\/mpeg\" src=\"http:\/\/magdaumer.pl\/home\/wp-content\/uploads\/2014\/12\/poradobrejnocy.mp3?_=1\" \/><a href=\"http:\/\/magdaumer.pl\/home\/wp-content\/uploads\/2014\/12\/poradobrejnocy.mp3\">http:\/\/magdaumer.pl\/home\/wp-content\/uploads\/2014\/12\/poradobrejnocy.mp3<\/a><\/audio>\n","protected":false},"excerpt":{"rendered":"<p>Pora dobrej nocy(s\u0142. M. Umer, muz. G. Turnau) Przysz\u0142a pora ko\u0142ysanekPrzysz\u0142a pora utulanekPrzysz\u0142a pora namawiania do spania, do spania&#8230;To jest pora dobrej nocyTo jest pora ciep\u0142ych kocyTo jest pora zasypiania, zasypiania&#8230; Kiedy klej\u0105 ci si\u0119 oczyTo ju\u017c m\u00f3wi\u0107 nie ma o czymTo ju\u017c trzeba tylko spa\u0107P\u0142yn\u0105\u0107 w kolorowym niebieI odpocz\u0105\u0107 ciut od siebie\u017beby rano znowu &hellip; <a href=\"https:\/\/magdaumer.pl\/home\/spiewnik\/pora-dobrej-nocy\/\" class=\"more-link\">Czytaj dalej <span class=\"screen-reader-text\">Pora Dobrej Nocy<\/span> <span class=\"meta-nav\">&rarr;<\/span><\/a><\/p>\n","protected":false},"author":1,"featured_media":0,"parent":29,"menu_order":100,"comment_status":"closed","ping_status":"closed","template":"","meta":{"footnotes":""},"class_list":["post-1427","page","type-page","status-publish","hentry"],"_links":{"self":[{"href":"https:\/\/magdaumer.pl\/home\/wp-json\/wp\/v2\/pages\/1427","targetHints":{"allow":["GET"]}}],"collection":[{"href":"https:\/\/magdaumer.pl\/home\/wp-json\/wp\/v2\/pages"}],"about":[{"href":"https:\/\/magdaumer.pl\/home\/wp-json\/wp\/v2\/types\/page"}],"author":[{"embeddable":true,"href":"https:\/\/magdaumer.pl\/home\/wp-json\/wp\/v2\/users\/1"}],"replies":[{"embeddable":true,"href":"https:\/\/magdaumer.pl\/home\/wp-json\/wp\/v2\/comments?post=1427"}],"version-history":[{"count":4,"href":"https:\/\/magdaumer.pl\/home\/wp-json\/wp\/v2\/pages\/1427\/revisions"}],"predecessor-version":[{"id":2178,"href":"https:\/\/magdaumer.pl\/home\/wp-json\/wp\/v2\/pages\/1427\/revisions\/2178"}],"up":[{"embeddable":true,"href":"https:\/\/magdaumer.pl\/home\/wp-json\/wp\/v2\/pages\/29"}],"wp:attachment":[{"href":"https:\/\/magdaumer.pl\/home\/wp-json\/wp\/v2\/media?parent=1427"}],"curies":[{"name":"wp","href":"https:\/\/api.w.org\/{rel}","templated":true}]}}