{"id":1391,"date":"2016-01-02T13:37:58","date_gmt":"2016-01-02T13:37:58","guid":{"rendered":"http:\/\/magdaumer.pl\/home\/?page_id=1391"},"modified":"2016-02-29T22:47:31","modified_gmt":"2016-02-29T22:47:31","slug":"o-szewcu-zadumanym","status":"publish","type":"page","link":"https:\/\/magdaumer.pl\/home\/spiewnik\/o-szewcu-zadumanym\/","title":{"rendered":"O szewcu zadumanym"},"content":{"rendered":"<p><b><span style=\"font-family: Arial;\"><span style=\"color: #000080; font-family: verdana, geneva, sans-serif; font-size: 14pt;\">O szewcu zadumanym<\/span><br \/><span style=\"font-family: verdana, geneva, sans-serif;\"><span style=\"color: #6699ff; font-size: small;\">(s\u0142. T. Gajcy, muz. W. Trzci\u0144ski)<\/span><span style=\"color: #3399ff; font-size: small;\"><br \/><\/span><\/span><br \/><span style=\"color: #666666;\"><br \/><\/span><\/span><\/b><span style=\"color: #333333;\"><span style=\"font-family: Arial;\"><span style=\"font-family: verdana, geneva, sans-serif;\">M\u0142otek przewija r\u0119ce popl\u0105tane wst\u0105\u017ckami \u017cy\u0142<\/span><\/span><span style=\"font-family: Arial;\"><br \/><span style=\"font-family: verdana, geneva, sans-serif;\">Mi\u0119kko spada l\u015bni\u0105cy jak prz\u0119dza m\u0142otek srebrny<\/span><br \/><span style=\"font-family: verdana, geneva, sans-serif;\">Jest czy si\u0119 \u015bni?<\/span><br \/><span style=\"font-family: verdana, geneva, sans-serif;\">G\u0142owa ci\u0119\u017cko zwieszona do kolan <\/span><br \/><span style=\"font-family: verdana, geneva, sans-serif;\">Na pomo\u015bcie nocy i brzasku<\/span><br \/><span style=\"font-family: verdana, geneva, sans-serif;\">A za noc\u0105 jeziora wo\u0142a\u0144 <\/span><br \/><span style=\"font-family: verdana, geneva, sans-serif;\">A za brzaskiem strumienie czasu\u2026<\/span><\/p>\n<p><span style=\"font-family: verdana, geneva, sans-serif;\">Pom\u00f3\u017c oczy mi smutne i m\u0142ode <\/span><br \/><span style=\"font-family: verdana, geneva, sans-serif;\">Z wn\u0119trza smutku, jak z rzeki wy\u0142owi\u0107 <\/span><br \/><span style=\"font-family: verdana, geneva, sans-serif;\">O poeto biedniejszy o m\u0142otek <\/span><br \/><span style=\"font-family: verdana, geneva, sans-serif;\">O poeto bogatszy o s\u0142owo\u2026<\/span><br \/><span style=\"font-family: verdana, geneva, sans-serif;\">Zanurzony w nocy jak p\u0142ywak <\/span><br \/><span style=\"font-family: verdana, geneva, sans-serif;\">Sny rozgarniam palcami na dratwie<\/span><br \/><span style=\"font-family: verdana, geneva, sans-serif;\">A za snami pustka szcz\u0119\u015bliwa\u2026<\/span><br \/><\/span><span style=\"font-family: Arial;\"><span style=\"font-family: verdana, geneva, sans-serif;\">A za pustk\u0105 ju\u017c \u015bpiewa\u0107 potrafi\u0119<\/span><\/span><\/span><b><span style=\"font-family: Arial;\"><span style=\"color: #666666;\"><br \/><\/span><\/span><\/b><\/p>\n<p>&nbsp;<\/p>\n<audio class=\"wp-audio-shortcode\" id=\"audio-1391-1\" preload=\"none\" style=\"width: 100%;\" controls=\"controls\"><source type=\"audio\/mpeg\" src=\"http:\/\/magdaumer.pl\/home\/wp-content\/uploads\/2014\/12\/oszewcuzadumanym.mp3?_=1\" \/><a href=\"http:\/\/magdaumer.pl\/home\/wp-content\/uploads\/2014\/12\/oszewcuzadumanym.mp3\">http:\/\/magdaumer.pl\/home\/wp-content\/uploads\/2014\/12\/oszewcuzadumanym.mp3<\/a><\/audio>\n","protected":false},"excerpt":{"rendered":"<p>O szewcu zadumanym(s\u0142. T. Gajcy, muz. W. Trzci\u0144ski)M\u0142otek przewija r\u0119ce popl\u0105tane wst\u0105\u017ckami \u017cy\u0142Mi\u0119kko spada l\u015bni\u0105cy jak prz\u0119dza m\u0142otek srebrnyJest czy si\u0119 \u015bni?G\u0142owa ci\u0119\u017cko zwieszona do kolan Na pomo\u015bcie nocy i brzaskuA za noc\u0105 jeziora wo\u0142a\u0144 A za brzaskiem strumienie czasu\u2026 Pom\u00f3\u017c oczy mi smutne i m\u0142ode Z wn\u0119trza smutku, jak z rzeki wy\u0142owi\u0107 O poeto &hellip; <a href=\"https:\/\/magdaumer.pl\/home\/spiewnik\/o-szewcu-zadumanym\/\" class=\"more-link\">Czytaj dalej <span class=\"screen-reader-text\">O szewcu zadumanym<\/span> <span class=\"meta-nav\">&rarr;<\/span><\/a><\/p>\n","protected":false},"author":1,"featured_media":0,"parent":29,"menu_order":82,"comment_status":"closed","ping_status":"closed","template":"","meta":{"footnotes":""},"class_list":["post-1391","page","type-page","status-publish","hentry"],"_links":{"self":[{"href":"https:\/\/magdaumer.pl\/home\/wp-json\/wp\/v2\/pages\/1391","targetHints":{"allow":["GET"]}}],"collection":[{"href":"https:\/\/magdaumer.pl\/home\/wp-json\/wp\/v2\/pages"}],"about":[{"href":"https:\/\/magdaumer.pl\/home\/wp-json\/wp\/v2\/types\/page"}],"author":[{"embeddable":true,"href":"https:\/\/magdaumer.pl\/home\/wp-json\/wp\/v2\/users\/1"}],"replies":[{"embeddable":true,"href":"https:\/\/magdaumer.pl\/home\/wp-json\/wp\/v2\/comments?post=1391"}],"version-history":[{"count":3,"href":"https:\/\/magdaumer.pl\/home\/wp-json\/wp\/v2\/pages\/1391\/revisions"}],"predecessor-version":[{"id":2097,"href":"https:\/\/magdaumer.pl\/home\/wp-json\/wp\/v2\/pages\/1391\/revisions\/2097"}],"up":[{"embeddable":true,"href":"https:\/\/magdaumer.pl\/home\/wp-json\/wp\/v2\/pages\/29"}],"wp:attachment":[{"href":"https:\/\/magdaumer.pl\/home\/wp-json\/wp\/v2\/media?parent=1391"}],"curies":[{"name":"wp","href":"https:\/\/api.w.org\/{rel}","templated":true}]}}