{"id":2012,"date":"2016-02-29T00:07:13","date_gmt":"2016-02-29T00:07:13","guid":{"rendered":"http:\/\/magdaumer.pl\/home\/?page_id=2012"},"modified":"2016-02-29T00:07:13","modified_gmt":"2016-02-29T00:07:13","slug":"w-towarzystwie-zielonych-lisci","status":"publish","type":"page","link":"http:\/\/magdaumer.pl\/home\/prasa\/w-towarzystwie-zielonych-lisci\/","title":{"rendered":"W towarzystwie zielonych li\u015bci"},"content":{"rendered":"<p align=\"center\"><span style=\"color: #008000;\"><b>W\u00a0towarzystwie zielonych li\u015bci<\/b><\/span><br \/><i>\u0179r\u00f3d\u0142o: STYLE I\u00a0CHARAKTERY nr\u00a02 (2011)<\/i><\/p>\n<p style=\"text-align: justify;\" align=\"justify\"><span class=\"Apple-style-span\">\u201eSk\u0105d po\u00a0zimie moje\u00a0\u017cale?<br \/>Nie szalej\u0119 w\u00a0karnawale\u2026<br \/>Czemu \u017cegnam w\u00a0moll, nie w\u00a0dur<br \/>Nie najlepsz\u0105 z\u00a0roku p\u00f3r?<br \/>Mo\u017ce to\u00a0mnie w\u0142a\u015bnie smuci,<br \/>\u017be ta sama ju\u017c nie wr\u00f3ci\u2026<br \/>\u017be z\u00a0szelestem zdartych dat<br \/>Odp\u0142yn\u0105\u0142 \u017cycia szmat!<br \/>\u017bycie trudne, \u017cycie \u017cmudne, \u017cycie nudne \u2013 \u017caden bal<br \/>\u017bycie zi\u0119bi, \u017cycie gn\u0119bi\u2026 ale\u00a0\u017cycia\u2026 \u017cycia \u017cal!<br \/>\u017bycie mrozi, \u017cycie grozi<br \/>Nie dowozi, w\u00a0zaspach tkwi,<br \/>Lecz cho\u0107 tycia rado\u015b\u0107 z\u00a0\u017cycia<br \/>\u017bal jest \u017cycia<br \/>\u017bycia<br \/>Mi!\u201d<\/span><\/p>\n<p style=\"text-align: justify;\">Tak pisa\u0142 przed\u00a0p\u00f3\u0142 wiekiem Jeremi Przybora, a\u00a0ja cz\u0119sto sobie te s\u0142owa powtarzam.<\/p>\n<p style=\"text-align: justify;\">Jako osoba, kt\u00f3rej\u00a0trudno jest prze\u017cy\u0107 P\u00f3\u0142 Roku Mroku, trwaj\u0105ce od\u00a0po\u0142owy pa\u017adziernika do\u00a0po\u0142owy kwietnia, w\u00a0najciemniejsze dni zazdroszcz\u0119 \u015bwistakom, i\u00a0w\u00a0przededniu przedwio\u015bnia staram si\u0119 o\u00a0nich zapomnie\u0107. O\u00a0tych dniach, a\u00a0nie o\u00a0\u015bwistakach.<br \/>O\u00a0\u015bwistakach zapomnie\u0107 nie umiem. Tak naprawd\u0119 budz\u0119 si\u0119 razem z\u00a0nimi.<\/p>\n<p style=\"text-align: justify;\">Czas galopuje, zupe\u0142nie inaczej liczymy lata, co\u015b, co wydarzy\u0142o si\u0119 przed\u00a0pi\u0119cioma laty to\u00a0dla nas chwila, a\u00a0te same pi\u0119\u0107 lat dla licealisty to\u00a0epoka.<\/p>\n<p style=\"text-align: justify;\">I\u00a0tak ju\u017c b\u0119dzie do\u00a0ko\u0144ca. Niedawno zapyta\u0142am Krysi\u0119 Jand\u0119, w\u00a0jakim wieku jest pewna aktorka, bo nie umia\u0142am tego okre\u015bli\u0107, i\u00a0ona, bez chwili zastanowienia, odpowiedzia\u0142a: \u201ejakie\u015b dziesi\u0119\u0107, dwadzie\u015bcia lat ode mnie m\u0142odsza\u201d.<br \/>Dziesi\u0119\u0107 lat w\u00a0t\u0119, czy we\u00a0w\u00a0t\u0119 (Bo\u017ce, jak si\u0119 to\u00a0pisze\u2026 mo\u017ce \u201ewewt\u0119?\u201d) \u2013 \u017cadna r\u00f3\u017cnica. Do\u00a0tego dosz\u0142o. Czyli czas nie ma ju\u017c wi\u0119kszego znaczenia. A\u00a0co ma?<\/p>\n<p style=\"text-align: justify;\">Dla mnie \u2013 WIOSNA. Przede wszystkim Ona. Co roku wyznaj\u0119 Jej mi\u0142o\u015b\u0107.<br \/>I\u00a0dzi\u0119kuj\u0119, \u017ce\u00a0jeszcze raz daje na\u00a0siebie popatrze\u0107. I\u00a0razem z\u00a0Ni\u0105 ja\u015bnieje wszystko. Zieleni si\u0119 nadzieja. Mo\u017ce pojutrze spotkamy mi\u0142o\u015b\u0107 swojego \u017cycia i\u00a0kto\u015b pokocha nas naprawd\u0119? Uwierzmy w\u00a0cuda. Mamy co prawda swoje lata i\u00a0mniej wi\u0119cej tak wygl\u0105daj\u0105 dzi\u015b amory schorowanych M\u0142odych Inaczej.<\/p>\n<p style=\"text-align: justify;\">Amory chorych:<\/p>\n<p style=\"text-align: justify;\">Ona utyskuje, \u017ce\u00a0gorzej si\u0119 czuje On za\u015b jej biadoli, \u017ce\u00a0wszystko go boli \u2026ale przecie\u017c wiosna za\u00a0chwil\u0119 ka\u017ce zapomnie\u0107 o\u00a0tych b\u00f3lach. Przynajmniej do\u00a0jesieni.<\/p>\n<p style=\"text-align: justify;\">A\u00a0to \u2013 z\u00a0jednej strony \u2013 chwila, a\u00a0z\u00a0drugiej \u2013 szmat czasu!<br \/>Byle go nie zmarnowa\u0107.<br \/>Trzeba si\u0119 zastanowi\u0107, co dla ka\u017cdego z\u00a0nas jest dzisiaj najwa\u017cniejsze. Dla mnie na\u00a0przyk\u0142ad:<br \/>1. M\u00f3c obserwowa\u0107 u\u015bmiechy i\u00a0co\u015b w\u00a0rodzaju szcz\u0119\u015bcia u\u00a0innych.<br \/>2. M\u00f3c pomaga\u0107.<br \/>3. M\u00f3c by\u0107 potrzebnym.<br \/>4. M\u00f3c tworzy\u0107.<br \/>5. M\u00f3c zapomnie\u0107 o\u00a0w\u0142asnym nieszcz\u0119\u015bciu.<br \/>6. M\u00f3c zapomnie\u0107 o\u00a0w\u0142asnej niemocy.<br \/>Cho\u0107by tyle. I\u00a0to wszystko<br \/>w\u00a0towarzystwie zielonych li\u015bci! M\u00f3c uwierzy\u0107 w\u00a0to, \u017ce\u00a0mo\u017ce by\u0107<br \/>tak pi\u0119knie, jak \u0142adnych par\u0119 lat temu. Niewa\u017cne \u2013 dziesi\u0119\u0107 czy dwadzie\u015bcia. Wa\u017cne, \u017ceby\u00a0o\u00a0nich pami\u0119ta\u0107. I\u00a0tej dobrej pami\u0119ci wszystkim \u017cycz\u0119<\/p>\n<p style=\"text-align: justify;\">PS 1. A\u00a0swoj\u0105 drog\u0105 ciekawe, dlaczego zawsze m\u00f3wi si\u0119: \u201e\u0142adnych par\u0119 lat temu\u201d, a\u00a0nigdy: \u201eNie\u0142adnych par\u0119 lat temu\u201d?<br \/>Mo\u017ce te nie\u0142adne lata po\u00a0latach \u0142adniej\u0105? Daj Bo\u017ce.<\/p>\n<p style=\"text-align: justify;\">PS 2. Redakcja \u201eStyl\u00f3w i\u00a0Charakter\u00f3w\u201d, a\u00a0wr\u0119cz redaktor Jola Bia\u0142ek powiedzia\u0142a, \u017ce\u00a0dobrze, tylko za\u00a0kr\u00f3tko. Trzeba jeszcze co\u015b dopisa\u0107. No to\u00a0dopisuj\u0119, \u017ce\u00a0w\u0142a\u015bnie ko\u0144cz\u0119 pisa\u0107 cykl opowiada\u0144 pt.\u00a0Errata na\u00a0stare lata i\u00a0jedno z\u00a0nich (\u201eWspomnienie pani Zofii\u201d) zaczyna\u0107 si\u0119 b\u0119dzie tak:<\/p>\n<p style=\"text-align: justify;\">\u201eNaoko\u0142o mnie sporo smutnych ludzi. Uciekam od\u00a0nich, \u017ceby\u00a0nie umrze\u0107.<br \/>Ma\u0142gorzata zmusi\u0142a mnie jednak do\u00a0spotkania. M\u00f3wi\u0119, \u017ce\u00a0sama jestem w\u00a0nie najlepszej formie, \u017ce\u00a0mo\u017ce za\u00a0miesi\u0105c, ale\u00a0ona, \u017ce\u00a0przecie\u017c kiedy\u015b mi pomog\u0142a, \u017ce\u00a0tylko na\u00a0chwil\u0119, \u017ce\u2026 chlipa\u0142a w\u00a0telefon, wi\u0119c niech\u0119tnie um\u00f3wi\u0142am si\u0119 z\u00a0ni\u0105 w\u00a0\u00abSadhu\u00bb. Przysz\u0142a rozedrgana, zszarza\u0142a, pognieciona.<\/p>\n<p style=\"text-align: justify;\">By\u0142a w\u00a0takim stanie, \u017ce\u00a0od razu zadzwoni\u0142am do\u00a0znajomego lekarza, \u017ceby\u00a0przyj\u0105\u0142 j\u0105 bez kolejki. Ale\u00a0on w\u0142a\u015bnie wyjecha\u0142 do\u00a0ciep\u0142ych kraj\u00f3w leczy\u0107 depresj\u0119. Swoj\u0105! Szuka\u0142 dla siebie ratunku. Po\u00a0wys\u0142uchaniu dramat\u00f3w setek pacjent\u00f3w i\u00a0w\u00a0nim co\u015b p\u0119k\u0142o.<\/p>\n<p style=\"text-align: justify;\">Zima to\u00a0trudny czas.<\/p>\n<p style=\"text-align: justify;\">Czas bez \u015bwiat\u0142a, bez sensu, bywa \u017ce\u00a0i\u00a0bez mi\u0142o\u015bci. Straszne godziny, dni, tygodnie.<br \/>Zam\u00f3wi\u0142y\u015bmy cokolwiek i\u00a0zapyta\u0142am odwa\u017cnie:<\/p>\n<p style=\"text-align: justify;\">\u2013 Powiedz, co si\u0119 takiego strasznego wydarzy\u0142o, \u017ce\u00a0a\u017c musia\u0142am wyj\u015b\u0107 z\u00a0domu?<\/p>\n<p style=\"text-align: justify;\">\u2013 Pawe\u0142 umar\u0142.<\/p>\n<p style=\"text-align: justify;\">\u2013 S\u0142ucham?! Kiedy, na\u00a0mi\u0142o\u015b\u0107 bosk\u0105? Widzia\u0142am go przedwczoraj w\u00a0\u00abAntrakcie\u00bb. Zmarnowany, jak to\u00a0on, ale\u00a0bardzo o\u017cywiony, rozprawia\u0142 o\u00a0swoim ostatnim filmie, otoczony wianuszkiem wielbi\u0105cych go studentek andragogiki.<\/p>\n<p style=\"text-align: justify;\">\u2013 Ale\u00a0on umar\u0142 dla mnie.<br \/>Oj, nie dla ciebie jednej \u2013 pomy\u015bla\u0142am, ale\u00a0nie powiedzia\u0142am tego. Powiedzia\u0142am tylko:<\/p>\n<p style=\"text-align: justify;\">\u2013 Ale\u00a0ty \u017cyjesz i\u00a0b\u0119dziesz \u017cy\u0142a.<\/p>\n<p style=\"text-align: justify;\">\u2013 Dlaczego tak my\u015blisz?<\/p>\n<p style=\"text-align: justify;\">\u2013 Bo WIOSNA.<\/p>\n<p style=\"text-align: justify;\">\u2013 Zosiu\u2026 Wiosna bez Paw\u0142a?!<\/p>\n<p style=\"text-align: justify;\">\u2013 No.<\/p>\n<p style=\"text-align: justify;\">\u2013 \u017bartujesz?!!!<\/p>\n<p style=\"text-align: justify;\">\u2013 Nie. Ja ju\u017c mam za\u00a0sob\u0105 wiosn\u0119 bez Paw\u0142a. I\u00a0\u017cyj\u0119. P\u00f3ki co.<br \/>Czego \u017cycz\u0119 nawet Paw\u0142owi.<br \/>Bo WIOSNA!\u201d<\/p>\n<p align=\"right\"><span class=\"Apple-style-span\">P\u0119cice Ma\u0142e, 1 marca 2011 roku<\/span><\/p>\n<p align=\"right\"><b><a href=\"http:\/\/magdaumer.pl\/home\/prasa\/#top\">Do\u00a0spisu artyku\u0142\u00f3w<\/a><\/b><\/p>\n","protected":false},"excerpt":{"rendered":"<p>W\u00a0towarzystwie zielonych li\u015bci\u0179r\u00f3d\u0142o: STYLE I\u00a0CHARAKTERY nr\u00a02 (2011) \u201eSk\u0105d po\u00a0zimie moje\u00a0\u017cale?Nie szalej\u0119 w\u00a0karnawale\u2026Czemu \u017cegnam w\u00a0moll, nie w\u00a0durNie najlepsz\u0105 z\u00a0roku p\u00f3r?Mo\u017ce to\u00a0mnie w\u0142a\u015bnie smuci,\u017be ta sama ju\u017c nie wr\u00f3ci\u2026\u017be z\u00a0szelestem zdartych datOdp\u0142yn\u0105\u0142 \u017cycia szmat!\u017bycie trudne, \u017cycie \u017cmudne, \u017cycie nudne \u2013 \u017caden bal\u017bycie zi\u0119bi, \u017cycie gn\u0119bi\u2026 ale\u00a0\u017cycia\u2026 \u017cycia \u017cal!\u017bycie mrozi, \u017cycie groziNie dowozi, w\u00a0zaspach tkwi,Lecz cho\u0107 tycia rado\u015b\u0107 &hellip; <a href=\"http:\/\/magdaumer.pl\/home\/prasa\/w-towarzystwie-zielonych-lisci\/\" class=\"more-link\">Czytaj dalej <span class=\"screen-reader-text\">W towarzystwie zielonych li\u015bci<\/span> <span class=\"meta-nav\">&rarr;<\/span><\/a><\/p>\n","protected":false},"author":1,"featured_media":0,"parent":27,"menu_order":0,"comment_status":"closed","ping_status":"closed","template":"","meta":{"footnotes":""},"class_list":["post-2012","page","type-page","status-publish","hentry"],"_links":{"self":[{"href":"http:\/\/magdaumer.pl\/home\/wp-json\/wp\/v2\/pages\/2012","targetHints":{"allow":["GET"]}}],"collection":[{"href":"http:\/\/magdaumer.pl\/home\/wp-json\/wp\/v2\/pages"}],"about":[{"href":"http:\/\/magdaumer.pl\/home\/wp-json\/wp\/v2\/types\/page"}],"author":[{"embeddable":true,"href":"http:\/\/magdaumer.pl\/home\/wp-json\/wp\/v2\/users\/1"}],"replies":[{"embeddable":true,"href":"http:\/\/magdaumer.pl\/home\/wp-json\/wp\/v2\/comments?post=2012"}],"version-history":[{"count":1,"href":"http:\/\/magdaumer.pl\/home\/wp-json\/wp\/v2\/pages\/2012\/revisions"}],"predecessor-version":[{"id":2013,"href":"http:\/\/magdaumer.pl\/home\/wp-json\/wp\/v2\/pages\/2012\/revisions\/2013"}],"up":[{"embeddable":true,"href":"http:\/\/magdaumer.pl\/home\/wp-json\/wp\/v2\/pages\/27"}],"wp:attachment":[{"href":"http:\/\/magdaumer.pl\/home\/wp-json\/wp\/v2\/media?parent=2012"}],"curies":[{"name":"wp","href":"https:\/\/api.w.org\/{rel}","templated":true}]}}