{"id":1751,"date":"2016-02-25T21:11:41","date_gmt":"2016-02-25T21:11:41","guid":{"rendered":"http:\/\/magdaumer.pl\/home\/?page_id=1751"},"modified":"2016-03-01T22:46:47","modified_gmt":"2016-03-01T22:46:47","slug":"wesele","status":"publish","type":"page","link":"http:\/\/magdaumer.pl\/home\/spiewnik\/wesele\/","title":{"rendered":"Wesele"},"content":{"rendered":"<p><span style=\"font-family: verdana, geneva, sans-serif;\"><b><span style=\"color: #000080; font-size: 14pt;\">Wesele<\/span><br \/> <span style=\"color: #6699ff; font-size: small;\">(s\u0142. S. Wyspia\u0144ski, muz. M. Grechuta)<\/span><span style=\"color: #3399ff; font-size: small;\"><br \/> <\/span><br \/> <span style=\"color: #333333;\"><br \/> <\/span><\/b><span style=\"color: #333333;\">Panno m\u0142oda, m\u0142oda panno<br \/> my\u015bl\u0119 sobie&#8230;<br \/> \u017ce co zechcesz, to si\u0119 stanie<\/span><\/span><\/p>\n<p><span style=\"color: #333333; font-family: verdana, geneva, sans-serif;\">Jako, ja nie umiem nic<\/span><br \/><span style=\"color: #333333; font-family: verdana, geneva, sans-serif;\"> niby na moje zawo\u0142anie?<\/span><\/p>\n<p><span style=\"color: #333333; font-family: verdana, geneva, sans-serif;\">Na pro\u015bb\u0119 i na rozkaz tw\u00f3j<\/span><br \/><span style=\"color: #333333; font-family: verdana, geneva, sans-serif;\"> \u017ce\u015b ty dzisiaj panna m\u0142oda<\/span><br \/><span style=\"color: #333333; font-family: verdana, geneva, sans-serif;\"> jak ja\u015bmin jak jagoda&#8230;<\/span><\/p>\n<p><span style=\"color: #333333; font-family: verdana, geneva, sans-serif;\">I o c\u00f3\u017c si\u0119 rozchodzi to<\/span><br \/><span style=\"color: #333333; font-family: verdana, geneva, sans-serif;\"> \u017ce pan tylo si\u0119 spodziewa<\/span><\/p>\n<p><span style=\"color: #333333; font-family: verdana, geneva, sans-serif;\">Ty dzisiaj jeste\u015b szcz\u0119\u015bliwa<\/span><br \/><span style=\"color: #333333; font-family: verdana, geneva, sans-serif;\"> zapro\u015b go\u015bci<\/span><br \/><span style=\"color: #333333; font-family: verdana, geneva, sans-serif;\"> tych, kt\u00f3rym gdzie z\u0142e wci\u00f3rno\u015bci<\/span><br \/><span style=\"color: #333333; font-family: verdana, geneva, sans-serif;\"> dopiekaj\u0105, kt\u00f3rym \u017ale<\/span><\/p>\n<p><span style=\"color: #333333; font-family: verdana, geneva, sans-serif;\">I po c\u00f3\u017c te z piek\u0142a duchy?<\/span><\/p>\n<p><span style=\"color: #333333; font-family: verdana, geneva, sans-serif;\">Niechaj przyjd\u0105 na pods\u0142uchy<\/span><br \/><span style=\"color: #333333; font-family: verdana, geneva, sans-serif;\"> na wesele, gdzie muzyka&#8230;<\/span><\/p>\n<p><span style=\"color: #333333; font-family: verdana, geneva, sans-serif;\">Gdzie muzyka?<\/span><\/p>\n<p><span style=\"color: #333333; font-family: verdana, geneva, sans-serif;\">Jak si\u0119 \u017ceni\u0107, to si\u0119 \u017ceni\u0107!<\/span><br \/><span style=\"color: #333333; font-family: verdana, geneva, sans-serif;\"> to tak jak by w uniesieniu&#8230;<\/span><br \/><span style=\"color: #333333; font-family: verdana, geneva, sans-serif;\"> w r\u00f3wne nogi wskoczy\u0107 w studnie<\/span><\/p>\n<p><span style=\"color: #333333; font-family: verdana, geneva, sans-serif;\">Nie utoniesz, nie utoniesz<\/span><\/p>\n<p><span style=\"color: #333333; font-family: verdana, geneva, sans-serif;\">Topi si\u0119, kto bierze \u017con\u0119<\/span><br \/><span style=\"color: #333333; font-family: verdana, geneva, sans-serif;\"> niech si\u0119 stopi, niech si\u0119 spali<\/span><br \/><span style=\"color: #333333; font-family: verdana, geneva, sans-serif;\"> byle \u0142adnie grajcy grali<\/span><br \/><span style=\"color: #333333; font-family: verdana, geneva, sans-serif;\"> byle grali na wesele<\/span><br \/><span style=\"color: #333333; font-family: verdana, geneva, sans-serif;\"> jak si\u0119 ta muzyka miele<\/span><br \/><span style=\"color: #333333; font-family: verdana, geneva, sans-serif;\"> jak na \u017carnach, hula, dzwo\u0144 czy<\/span><br \/><span style=\"color: #333333; font-family: verdana, geneva, sans-serif;\"> niech za huka, stuka, puka<\/span><br \/><span style=\"color: #333333; font-family: verdana, geneva, sans-serif;\"> pl\u0105sa, bije, przybasuje<\/span><br \/><span style=\"color: #333333; font-family: verdana, geneva, sans-serif;\"> piska skrzypiec strun\u0105 cienk\u0105<\/span><br \/><span style=\"color: #333333; font-family: verdana, geneva, sans-serif;\"> tak podskocznie, tak mile\u0144ko<\/span><br \/><span style=\"color: #333333; font-family: verdana, geneva, sans-serif;\"> niech si\u0119 miele jak m\u0142yn wodny<\/span><br \/><span style=\"color: #333333; font-family: verdana, geneva, sans-serif;\"> w noc miesi\u0119czn\u0105, w czas pogodny<\/span><br \/><span style=\"color: #333333; font-family: verdana, geneva, sans-serif;\"> szumiej\u0105ca, niech si\u0119 snuje<\/span><br \/><span style=\"color: #333333; font-family: verdana, geneva, sans-serif;\"> a niech w d\u017awi\u0119kach si\u0119 nie ko\u0144czy<\/span><br \/><span style=\"color: #333333; font-family: verdana, geneva, sans-serif;\"> cho\u0107by usn\u0105\u0107 w ta\u0144cowaniu<\/span><br \/><span style=\"color: #333333; font-family: verdana, geneva, sans-serif;\"> przy mieleniu, przy hukaniu<\/span><br \/><span style=\"color: #333333; font-family: verdana, geneva, sans-serif;\"> w zapomnieniu, w ko\u0142ysaniu<\/span><br \/><span style=\"color: #333333; font-family: verdana, geneva, sans-serif;\"> w zapomnieniu, w zapomnieniu, w ko\u0142ysaniu<\/span><\/p>\n<p><span style=\"color: #333333; font-family: verdana, geneva, sans-serif;\">\u015awiaty czar\u00f3w &#8211; czar za \u015bwiatem!<\/span><br \/><span style=\"color: #333333; font-family: verdana, geneva, sans-serif;\"> Jestem wtedy wszystkim bratem<\/span><br \/><span style=\"color: #333333; font-family: verdana, geneva, sans-serif;\"> i wszystko jest moim swatem<\/span><br \/><span style=\"color: #333333; font-family: verdana, geneva, sans-serif;\"> w tym weselu, w tej rado\u015bci<\/span><br \/><span style=\"color: #333333; font-family: verdana, geneva, sans-serif;\"> B\u00f3g mi go\u015bci pozazdro\u015bci<\/span><\/p>\n<p>&nbsp;<\/p>\n<audio class=\"wp-audio-shortcode\" id=\"audio-1751-1\" preload=\"none\" style=\"width: 100%;\" controls=\"controls\"><source type=\"audio\/mpeg\" src=\"http:\/\/magdaumer.pl\/home\/wp-content\/uploads\/2014\/12\/wesele.mp3?_=1\" \/><a href=\"http:\/\/magdaumer.pl\/home\/wp-content\/uploads\/2014\/12\/wesele.mp3\">http:\/\/magdaumer.pl\/home\/wp-content\/uploads\/2014\/12\/wesele.mp3<\/a><\/audio>\n","protected":false},"excerpt":{"rendered":"<p>Wesele (s\u0142. S. Wyspia\u0144ski, muz. M. Grechuta) Panno m\u0142oda, m\u0142oda panno my\u015bl\u0119 sobie&#8230; \u017ce co zechcesz, to si\u0119 stanie Jako, ja nie umiem nic niby na moje zawo\u0142anie? Na pro\u015bb\u0119 i na rozkaz tw\u00f3j \u017ce\u015b ty dzisiaj panna m\u0142oda jak ja\u015bmin jak jagoda&#8230; I o c\u00f3\u017c si\u0119 rozchodzi to \u017ce pan tylo si\u0119 spodziewa Ty &hellip; <a href=\"http:\/\/magdaumer.pl\/home\/spiewnik\/wesele\/\" class=\"more-link\">Czytaj dalej <span class=\"screen-reader-text\">Wesele<\/span> <span class=\"meta-nav\">&rarr;<\/span><\/a><\/p>\n","protected":false},"author":1,"featured_media":0,"parent":29,"menu_order":149,"comment_status":"closed","ping_status":"closed","template":"","meta":{"footnotes":""},"class_list":["post-1751","page","type-page","status-publish","hentry"],"_links":{"self":[{"href":"http:\/\/magdaumer.pl\/home\/wp-json\/wp\/v2\/pages\/1751","targetHints":{"allow":["GET"]}}],"collection":[{"href":"http:\/\/magdaumer.pl\/home\/wp-json\/wp\/v2\/pages"}],"about":[{"href":"http:\/\/magdaumer.pl\/home\/wp-json\/wp\/v2\/types\/page"}],"author":[{"embeddable":true,"href":"http:\/\/magdaumer.pl\/home\/wp-json\/wp\/v2\/users\/1"}],"replies":[{"embeddable":true,"href":"http:\/\/magdaumer.pl\/home\/wp-json\/wp\/v2\/comments?post=1751"}],"version-history":[{"count":6,"href":"http:\/\/magdaumer.pl\/home\/wp-json\/wp\/v2\/pages\/1751\/revisions"}],"predecessor-version":[{"id":1755,"href":"http:\/\/magdaumer.pl\/home\/wp-json\/wp\/v2\/pages\/1751\/revisions\/1755"}],"up":[{"embeddable":true,"href":"http:\/\/magdaumer.pl\/home\/wp-json\/wp\/v2\/pages\/29"}],"wp:attachment":[{"href":"http:\/\/magdaumer.pl\/home\/wp-json\/wp\/v2\/media?parent=1751"}],"curies":[{"name":"wp","href":"https:\/\/api.w.org\/{rel}","templated":true}]}}