{"id":1411,"date":"2016-01-02T13:48:23","date_gmt":"2016-01-02T13:48:23","guid":{"rendered":"http:\/\/magdaumer.pl\/home\/?page_id=1411"},"modified":"2016-03-01T20:30:36","modified_gmt":"2016-03-01T20:30:36","slug":"panienka-z-temperamentem","status":"publish","type":"page","link":"http:\/\/magdaumer.pl\/home\/spiewnik\/panienka-z-temperamentem\/","title":{"rendered":"Panienka z temperamentem"},"content":{"rendered":"<p><span style=\"font-family: verdana, geneva, sans-serif;\"><b><span style=\"color: #000080; font-size: 14pt;\">Panienka z temperamentem<\/span><br \/><span style=\"color: #6699ff; font-size: small;\">(s\u0142. J. Przybora, muz. J. Wasowski)<\/span><span style=\"color: #3399ff; font-size: small;\"><br \/><\/span><br \/><span style=\"color: #666666;\"><br \/><\/span><\/b><span style=\"color: #333333;\">O ptaszki, o kwiatki, o roso<br \/>O chmurki targane wietrzykiem<br \/>O nocy, co usz\u0142a\u015b st\u0105d boso<br \/>Z ksi\u0119\u017cyca we w\u0142osach grzebykiem<br \/>O ca\u0142a naturo odwieczna me t\u0119tno<br \/>Budz\u0105ca swym t\u0119tnem<\/span><\/span><\/p>\n<p><span style=\"font-family: verdana, geneva, sans-serif;\">Pozdrawia ci\u0119 c\u00f3ra, twa wdzi\u0119czna<\/span><br \/><span style=\"font-family: verdana, geneva, sans-serif;\">Panienka z temperamentem<\/span><\/p>\n<p><span style=\"font-family: verdana, geneva, sans-serif;\">Nie pozw\u00f3l krwi tak p\u0142on\u0105\u0107 by<\/span><br \/><span style=\"font-family: verdana, geneva, sans-serif;\">Spali\u0142a mnie ze szcz\u0119tem<\/span><br \/><span style=\"font-family: verdana, geneva, sans-serif;\">Niech darzy mnie, nie karze mnie<\/span><br \/><span style=\"font-family: verdana, geneva, sans-serif;\">M\u00f3j los temperamentem<\/span><\/p>\n<p><span style=\"font-family: verdana, geneva, sans-serif;\">O cia\u0142o, niesforne i m\u0142ode<\/span><br \/><span style=\"font-family: verdana, geneva, sans-serif;\">Bogate w aluzje przejrzyste<\/span><br \/><span style=\"font-family: verdana, geneva, sans-serif;\">O ramion wymowo i bioder<\/span><br \/><span style=\"font-family: verdana, geneva, sans-serif;\">I wy, etcetera, my wszystkie<\/span><br \/><span style=\"font-family: verdana, geneva, sans-serif;\">O cia\u0142o, ty m\u00f3j upominku od Bozi<\/span><br \/><span style=\"font-family: verdana, geneva, sans-serif;\">Na gwiazdk\u0119 przyj\u0119ty<\/span><br \/><span style=\"font-family: verdana, geneva, sans-serif;\">O cia\u0142o z cudami, choinko<\/span><br \/><span style=\"font-family: verdana, geneva, sans-serif;\">Panienki z temperamentem&#8230;<\/span><\/p>\n<p><span style=\"font-family: verdana, geneva, sans-serif;\">Nie pozw\u00f3l krwi tak p\u0142on\u0105\u0107 by<\/span><br \/><span style=\"font-family: verdana, geneva, sans-serif;\">Spali\u0142a mnie ze szcz\u0119tem<\/span><br \/><span style=\"font-family: verdana, geneva, sans-serif;\">Niech darzy mnie, nie karze mnie<\/span><br \/><span style=\"font-family: verdana, geneva, sans-serif;\">M\u00f3j los temperamentem<\/span><\/p>\n<p><span style=\"font-family: verdana, geneva, sans-serif;\">Panowie, loterio fantowa<\/span><br \/><span style=\"font-family: verdana, geneva, sans-serif;\">Z wiecznymi szansami na przysz\u0142o\u015b\u0107<\/span><br \/><span style=\"font-family: verdana, geneva, sans-serif;\">O wy, co mi przesz\u0142o ju\u017c do was<\/span><br \/><span style=\"font-family: verdana, geneva, sans-serif;\">I wy, co mi jeszcze nie przysz\u0142o<\/span><br \/><span style=\"font-family: verdana, geneva, sans-serif;\">Ach, \u017cycie mie\u0107 wami zasnute<\/span><br \/><span style=\"font-family: verdana, geneva, sans-serif;\">Jak pe\u0142en barank\u00f3w firmament<\/span><br \/><span style=\"font-family: verdana, geneva, sans-serif;\">A potem odbywa\u0107 pokut\u0119 staruszki<\/span><br \/><span style=\"font-family: verdana, geneva, sans-serif;\">Za jej temperament<\/span><\/p>\n<p><span style=\"font-family: verdana, geneva, sans-serif;\">Wspomina\u0107 czas weso\u0142ych gwiazd<\/span><br \/><span style=\"font-family: verdana, geneva, sans-serif;\">Ksi\u0119\u017cyce u\u015bmiechni\u0119te<\/span><br \/><span style=\"font-family: verdana, geneva, sans-serif;\">Bledziutki \u015bwit, leciutki wstyd<\/span><br \/><span style=\"font-family: verdana, geneva, sans-serif;\">Za noc z temperamentem&#8230;<\/span><\/p>\n<p>&nbsp;<\/p>\n<audio class=\"wp-audio-shortcode\" id=\"audio-1411-1\" preload=\"none\" style=\"width: 100%;\" controls=\"controls\"><source type=\"audio\/mpeg\" src=\"http:\/\/magdaumer.pl\/home\/wp-content\/uploads\/2014\/12\/panienkaztemperamentem.mp3?_=1\" \/><a href=\"http:\/\/magdaumer.pl\/home\/wp-content\/uploads\/2014\/12\/panienkaztemperamentem.mp3\">http:\/\/magdaumer.pl\/home\/wp-content\/uploads\/2014\/12\/panienkaztemperamentem.mp3<\/a><\/audio>\n","protected":false},"excerpt":{"rendered":"<p>Panienka z temperamentem(s\u0142. J. Przybora, muz. J. Wasowski)O ptaszki, o kwiatki, o rosoO chmurki targane wietrzykiemO nocy, co usz\u0142a\u015b st\u0105d bosoZ ksi\u0119\u017cyca we w\u0142osach grzebykiemO ca\u0142a naturo odwieczna me t\u0119tnoBudz\u0105ca swym t\u0119tnem Pozdrawia ci\u0119 c\u00f3ra, twa wdzi\u0119cznaPanienka z temperamentem Nie pozw\u00f3l krwi tak p\u0142on\u0105\u0107 bySpali\u0142a mnie ze szcz\u0119temNiech darzy mnie, nie karze mnieM\u00f3j los temperamentem &hellip; <a href=\"http:\/\/magdaumer.pl\/home\/spiewnik\/panienka-z-temperamentem\/\" class=\"more-link\">Czytaj dalej <span class=\"screen-reader-text\">Panienka z temperamentem<\/span> <span class=\"meta-nav\">&rarr;<\/span><\/a><\/p>\n","protected":false},"author":1,"featured_media":0,"parent":29,"menu_order":92,"comment_status":"closed","ping_status":"closed","template":"","meta":{"footnotes":""},"class_list":["post-1411","page","type-page","status-publish","hentry"],"_links":{"self":[{"href":"http:\/\/magdaumer.pl\/home\/wp-json\/wp\/v2\/pages\/1411","targetHints":{"allow":["GET"]}}],"collection":[{"href":"http:\/\/magdaumer.pl\/home\/wp-json\/wp\/v2\/pages"}],"about":[{"href":"http:\/\/magdaumer.pl\/home\/wp-json\/wp\/v2\/types\/page"}],"author":[{"embeddable":true,"href":"http:\/\/magdaumer.pl\/home\/wp-json\/wp\/v2\/users\/1"}],"replies":[{"embeddable":true,"href":"http:\/\/magdaumer.pl\/home\/wp-json\/wp\/v2\/comments?post=1411"}],"version-history":[{"count":4,"href":"http:\/\/magdaumer.pl\/home\/wp-json\/wp\/v2\/pages\/1411\/revisions"}],"predecessor-version":[{"id":2153,"href":"http:\/\/magdaumer.pl\/home\/wp-json\/wp\/v2\/pages\/1411\/revisions\/2153"}],"up":[{"embeddable":true,"href":"http:\/\/magdaumer.pl\/home\/wp-json\/wp\/v2\/pages\/29"}],"wp:attachment":[{"href":"http:\/\/magdaumer.pl\/home\/wp-json\/wp\/v2\/media?parent=1411"}],"curies":[{"name":"wp","href":"https:\/\/api.w.org\/{rel}","templated":true}]}}