{"id":1379,"date":"2016-01-02T13:26:22","date_gmt":"2016-01-02T13:26:22","guid":{"rendered":"http:\/\/magdaumer.pl\/home\/?page_id=1379"},"modified":"2016-03-02T19:45:28","modified_gmt":"2016-03-02T19:45:28","slug":"no-i-jak-tu-nie-jechac","status":"publish","type":"page","link":"http:\/\/magdaumer.pl\/home\/spiewnik\/no-i-jak-tu-nie-jechac\/","title":{"rendered":"No i jak tu nie jecha\u0107"},"content":{"rendered":"<p><span style=\"font-family: verdana, geneva, sans-serif;\"><b><span style=\"color: #000080; font-size: large;\">No i jak tu nie jecha\u0107<\/span><br \/> <span style=\"color: #6699ff; font-size: small;\">(s\u0142. J. Przybora, muz. J. Wasowski)<\/span><\/b><\/span><\/p>\n<p><span style=\"font-family: verdana, geneva, sans-serif;\"><br \/>No i jak<\/span><br \/><span style=\"color: #333333; font-family: verdana, geneva, sans-serif; line-height: 1.5;\">tu nie jecha\u0107?<br \/><\/span><span style=\"color: #333333; font-family: verdana, geneva, sans-serif; line-height: 1.5;\">kiedy tak<br \/><\/span><span style=\"color: #333333; font-family: verdana, geneva, sans-serif; line-height: 1.5;\">nowy szlak<br \/><\/span><span style=\"color: #333333; font-family: verdana, geneva, sans-serif; line-height: 1.5;\">nas urzeka?<br \/><\/span><span style=\"color: #333333; font-family: verdana, geneva, sans-serif; line-height: 1.5;\">Kiedy dal<br \/><\/span><span style=\"color: #333333; font-family: verdana, geneva, sans-serif; line-height: 1.5;\">oczy wabi<br \/><\/span><span style=\"color: #333333; font-family: verdana, geneva, sans-serif; line-height: 1.5;\">chocia\u017c \u017cal<br \/><\/span><span style=\"color: #333333; font-family: verdana, geneva, sans-serif; line-height: 1.5;\">tego, co za nami<br \/><\/span><span style=\"color: #333333; font-family: verdana, geneva, sans-serif; line-height: 1.5;\">Nie ma nic<br \/><\/span><span style=\"color: #333333; font-family: verdana, geneva, sans-serif; line-height: 1.5;\">bez ryzyka<br \/><\/span><span style=\"color: #333333; font-family: verdana, geneva, sans-serif; line-height: 1.5;\">Tylko widz, tylko widz<br \/><\/span><span style=\"color: #333333; font-family: verdana, geneva, sans-serif; line-height: 1.5;\">go unika<br \/><\/span><span style=\"color: #333333; font-family: verdana, geneva, sans-serif; line-height: 1.5;\">A kto chce by\u0107<br \/><\/span><span style=\"color: #333333; font-family: verdana, geneva, sans-serif; line-height: 1.5;\">wewn\u0105trz zdarze\u0144<br \/><\/span><span style=\"color: #333333; font-family: verdana, geneva, sans-serif; line-height: 1.5;\">musi \u017cy\u0107<br \/><\/span><span style=\"color: #333333; font-family: verdana, geneva, sans-serif; line-height: 1.5;\">wci\u0105\u017c z baga\u017cem<br \/><\/span><span style=\"color: #333333; font-family: verdana, geneva, sans-serif; line-height: 1.5;\">Musi mie\u0107 walizeczk\u0119 i koc<br \/><\/span><span style=\"color: #333333; font-family: verdana, geneva, sans-serif; line-height: 1.5;\">i latarenk\u0119 na noc<br \/><\/span><span style=\"color: #333333; font-family: verdana, geneva, sans-serif; line-height: 1.5;\">Bywa, \u017ce pi\u0119kny jest pobyt<br \/><\/span><span style=\"color: #333333; font-family: verdana, geneva, sans-serif; line-height: 1.5;\">o kolorycie r\u00f3\u017cowym<br \/><\/span><span style=\"color: #333333; font-family: verdana, geneva, sans-serif; line-height: 1.5;\">Bywa, \u017ce sobie my\u015blicie: &#8222;Oby<br \/><\/span><span style=\"color: #333333; font-family: verdana, geneva, sans-serif; line-height: 1.5;\">ten pobyt<br \/><\/span><span style=\"color: #333333; font-family: verdana, geneva, sans-serif; line-height: 1.5;\">nigdy nie ko\u0144czy\u0142 si\u0119&#8221;<br \/><\/span><span style=\"color: #333333; font-family: verdana, geneva, sans-serif; line-height: 1.5;\">I nagle ta chwila w pobycie<br \/><\/span><span style=\"color: #333333; font-family: verdana, geneva, sans-serif; line-height: 1.5;\">do was przychodzi o \u015bwicie<br \/><\/span><span style=\"color: #333333; font-family: verdana, geneva, sans-serif; line-height: 1.5;\">I znowu przed dom wychodzicie<br \/><\/span><span style=\"font-family: verdana, geneva, sans-serif; color: #333333;\">i wzrok gubicie<\/span><br \/><span style=\"font-family: verdana, geneva, sans-serif; color: #333333;\"> we mgle<\/span><\/p>\n<p><span style=\"font-family: verdana, geneva, sans-serif; color: #333333;\">No i jak<\/span><br \/><span style=\"font-family: verdana, geneva, sans-serif; color: #333333;\"> tu nie jecha\u0107&#8230;<\/span><\/p>\n<p>&nbsp;<\/p>\n<audio class=\"wp-audio-shortcode\" id=\"audio-1379-1\" preload=\"none\" style=\"width: 100%;\" controls=\"controls\"><source type=\"audio\/mpeg\" src=\"http:\/\/magdaumer.pl\/home\/wp-content\/uploads\/2014\/12\/noijaktuniejechac.mp3?_=1\" \/><a href=\"http:\/\/magdaumer.pl\/home\/wp-content\/uploads\/2014\/12\/noijaktuniejechac.mp3\">http:\/\/magdaumer.pl\/home\/wp-content\/uploads\/2014\/12\/noijaktuniejechac.mp3<\/a><\/audio>\n","protected":false},"excerpt":{"rendered":"<p>No i jak tu nie jecha\u0107 (s\u0142. J. Przybora, muz. J. Wasowski) No i jaktu nie jecha\u0107?kiedy taknowy szlaknas urzeka?Kiedy daloczy wabichocia\u017c \u017caltego, co za namiNie ma nicbez ryzykaTylko widz, tylko widzgo unikaA kto chce by\u0107wewn\u0105trz zdarze\u0144musi \u017cy\u0107wci\u0105\u017c z baga\u017cemMusi mie\u0107 walizeczk\u0119 i koci latarenk\u0119 na nocBywa, \u017ce pi\u0119kny jest pobyto kolorycie r\u00f3\u017cowymBywa, \u017ce sobie &hellip; <a href=\"http:\/\/magdaumer.pl\/home\/spiewnik\/no-i-jak-tu-nie-jechac\/\" class=\"more-link\">Czytaj dalej <span class=\"screen-reader-text\">No i jak tu nie jecha\u0107<\/span> <span class=\"meta-nav\">&rarr;<\/span><\/a><\/p>\n","protected":false},"author":1,"featured_media":0,"parent":29,"menu_order":77,"comment_status":"closed","ping_status":"closed","template":"","meta":{"footnotes":""},"class_list":["post-1379","page","type-page","status-publish","hentry"],"_links":{"self":[{"href":"http:\/\/magdaumer.pl\/home\/wp-json\/wp\/v2\/pages\/1379","targetHints":{"allow":["GET"]}}],"collection":[{"href":"http:\/\/magdaumer.pl\/home\/wp-json\/wp\/v2\/pages"}],"about":[{"href":"http:\/\/magdaumer.pl\/home\/wp-json\/wp\/v2\/types\/page"}],"author":[{"embeddable":true,"href":"http:\/\/magdaumer.pl\/home\/wp-json\/wp\/v2\/users\/1"}],"replies":[{"embeddable":true,"href":"http:\/\/magdaumer.pl\/home\/wp-json\/wp\/v2\/comments?post=1379"}],"version-history":[{"count":4,"href":"http:\/\/magdaumer.pl\/home\/wp-json\/wp\/v2\/pages\/1379\/revisions"}],"predecessor-version":[{"id":2350,"href":"http:\/\/magdaumer.pl\/home\/wp-json\/wp\/v2\/pages\/1379\/revisions\/2350"}],"up":[{"embeddable":true,"href":"http:\/\/magdaumer.pl\/home\/wp-json\/wp\/v2\/pages\/29"}],"wp:attachment":[{"href":"http:\/\/magdaumer.pl\/home\/wp-json\/wp\/v2\/media?parent=1379"}],"curies":[{"name":"wp","href":"https:\/\/api.w.org\/{rel}","templated":true}]}}